{"id":5344,"date":"2020-01-06T14:15:05","date_gmt":"2020-01-06T14:15:05","guid":{"rendered":"https:\/\/mobles-guell.com\/inicio\/"},"modified":"2026-08-21T12:26:21","modified_gmt":"2026-08-21T12:26:21","slug":"inicio","status":"publish","type":"page","link":"https:\/\/mobles-guell.com\/es\/","title":{"rendered":"Inicio"},"content":{"rendered":"<p><div class=\"fusion-fullwidth fullwidth-box fusion-builder-row-1 fusion-flex-container fusion-parallax-none nonhundred-percent-fullwidth hundred-percent-height hundred-percent-height-center-content non-hundred-percent-height-scrolling lazyload\" style=\"--awb-border-radius-top-left:0px;--awb-border-radius-top-right:0px;--awb-border-radius-bottom-right:0px;--awb-border-radius-bottom-left:0px;--awb-padding-top:0px;--awb-padding-bottom:0px;--awb-padding-top-medium:80px;--awb-padding-bottom-medium:80px;--awb-padding-top-small:30px;--awb-padding-bottom-small:30px;--awb-background-color:var(--awb-color7);--awb-background-image:linear-gradient(180deg, rgba(0,0,0,0.61) 0%,rgba(0,0,0,0.41) 100%);;--awb-background-size:cover;--awb-flex-wrap:wrap;\" data-bg=\"https:\/\/mobles-guell.com\/wp-content\/uploads\/2025\/12\/MG-Fotos-nov-058_resultat-scaled.webp\" data-bg-gradient=\"linear-gradient(180deg, rgba(0,0,0,0.61) 0%,rgba(0,0,0,0.41) 100%)\" ><div class=\"awb-background-slider\" data-type=\"container\" data-loop=\"yes\" data-animation=\"fade\" data-slideshow-speed=\"5000\" data-animation-speed=\"800\" data-direction=\"up\" style=\"--awb-image-position:50% 50%;\"><div class=\"swiper-wrapper\"><div class=\"swiper-slide\"><\/div><\/div><\/div><div class=\"fusion-builder-row fusion-row fusion-flex-align-items-center fusion-flex-align-content-center fusion-flex-content-wrap\" style=\"max-width:1320.8px;margin-left: calc(-4% \/ 2 );margin-right: calc(-4% \/ 2 );\"><div class=\"fusion-layout-column fusion_builder_column fusion-builder-column-0 fusion_builder_column_1_6 1_6 fusion-flex-column\" style=\"--awb-bg-size:cover;--awb-width-large:16.666666666667%;--awb-margin-top-large:10px;--awb-spacing-right-large:11.52%;--awb-margin-bottom-large:10px;--awb-spacing-left-large:11.52%;--awb-width-medium:100%;--awb-spacing-right-medium:1.92%;--awb-spacing-left-medium:1.92%;--awb-width-small:100%;--awb-spacing-right-small:1.92%;--awb-spacing-left-small:1.92%;\"><div class=\"fusion-column-wrapper fusion-column-has-shadow fusion-flex-justify-content-flex-start fusion-content-layout-column\"><\/div><\/div><div class=\"fusion-layout-column fusion_builder_column fusion-builder-column-1 fusion_builder_column_2_3 2_3 fusion-flex-column fusion-animated\" style=\"--awb-bg-size:cover;--awb-width-large:66.666666666667%;--awb-margin-top-large:25px;--awb-spacing-right-large:2.88%;--awb-margin-bottom-large:25px;--awb-spacing-left-large:2.88%;--awb-width-medium:100%;--awb-spacing-right-medium:1.92%;--awb-spacing-left-medium:1.92%;--awb-width-small:100%;--awb-spacing-right-small:0%;--awb-spacing-left-small:0%;\" data-animationType=\"fadeInDown\" data-animationDuration=\"0.8\" data-animationOffset=\"top-into-view\"><div class=\"fusion-column-wrapper fusion-column-has-shadow fusion-flex-justify-content-flex-start fusion-content-layout-column\"><div class=\"fusion-title title fusion-title-1 fusion-sep-none fusion-title-center fusion-title-text fusion-title-size-six\" style=\"--awb-text-color:var(--awb-color1);--awb-margin-bottom:10px;--awb-margin-bottom-small:10px;--awb-font-size:18px;\"><h6 class=\"fusion-title-heading title-heading-center fusion-responsive-typography-calculated\" style=\"margin:0;font-size:1em;letter-spacing:2px;text-transform:var(--awb-typography2-text-transform);--fontSize:18;--minFontSize:18;line-height:1.56;\">Descubre nuestra exposici\u00f3n de muebles en Maslloren\u00e7, Tarragona.<\/h6><\/div><div class=\"fusion-title title fusion-title-2 fusion-sep-none fusion-title-center fusion-title-text fusion-title-size-one\" style=\"--awb-text-color:var(--awb-color1);--awb-margin-bottom:72px;--awb-margin-bottom-small:24px;\"><h1 class=\"fusion-title-heading title-heading-center fusion-responsive-typography-calculated\" style=\"margin:0;--fontSize:80;line-height:var(--awb-typography1-line-height);\">Mobles G\u00fcell, com a casa!<\/h1><\/div><div style=\"text-align:center;\"><a class=\"fusion-button button-flat fusion-button-default-size button-custom fusion-button-default button-1 fusion-button-default-span fusion-button-default-type\" style=\"--button_accent_color:var(--awb-color7);--button_border_color:var(--awb-color7);--button_accent_hover_color:var(--awb-color7);--button_border_hover_color:var(--awb-color7);--button_gradient_top_color:var(--awb-color1);--button_gradient_bottom_color:var(--awb-color1);--button_gradient_top_color_hover:hsla(var(--awb-color1-h),var(--awb-color1-s),var(--awb-color1-l),calc( var(--awb-color1-a) - 5% ));--button_gradient_bottom_color_hover:hsla(var(--awb-color1-h),var(--awb-color1-s),var(--awb-color1-l),calc( var(--awb-color1-a) - 5% ));--button_text_transform:var(--awb-typography2-text-transform);--button_font_size:20px;--button_line_height:28px;--button_padding-top:32px;--button_padding-right:64px;--button_padding-bottom:32px;--button_padding-left:64px;--button_typography-letter-spacing:var(--awb-typography3-letter-spacing);--button_typography-font-family:var(--awb-typography3-font-family);--button_typography-font-weight:var(--awb-typography3-font-weight);--button_typography-font-style:var(--awb-typography3-font-style);\" target=\"_self\" href=\"https:\/\/mobles-guell.com\/es\/contacto\/\"><span class=\"fusion-button-text awb-button__text awb-button__text--default\">contactar<\/span><\/a><\/div><\/div><\/div><\/div><\/div><div class=\"fusion-fullwidth fullwidth-box fusion-builder-row-2 fusion-flex-container nonhundred-percent-fullwidth non-hundred-percent-height-scrolling\" style=\"--awb-border-radius-top-left:0px;--awb-border-radius-top-right:0px;--awb-border-radius-bottom-right:0px;--awb-border-radius-bottom-left:0px;--awb-padding-top:8%;--awb-padding-bottom:9%;--awb-padding-top-medium:60px;--awb-flex-wrap:wrap;\" ><div class=\"fusion-builder-row fusion-row fusion-flex-align-items-center fusion-flex-content-wrap\" style=\"max-width:1320.8px;margin-left: calc(-4% \/ 2 );margin-right: calc(-4% \/ 2 );\"><div class=\"fusion-layout-column fusion_builder_column fusion-builder-column-2 fusion_builder_column_1_2 1_2 fusion-flex-column fusion-animated\" style=\"--awb-bg-size:cover;--awb-width-large:50%;--awb-margin-top-large:25px;--awb-spacing-right-large:8.64%;--awb-margin-bottom-large:25px;--awb-spacing-left-large:3.84%;--awb-width-medium:100%;--awb-order-medium:1;--awb-spacing-right-medium:1.92%;--awb-margin-bottom-medium:0px;--awb-spacing-left-medium:1.92%;--awb-width-small:100%;--awb-spacing-right-small:1.92%;--awb-spacing-left-small:1.92%;\" data-animationType=\"fadeIn\" data-animationDuration=\"0.8\" data-animationOffset=\"top-into-view\"><div class=\"fusion-column-wrapper fusion-column-has-shadow fusion-flex-justify-content-flex-start fusion-content-layout-column\"><div class=\"fusion-image-element \" style=\"--awb-caption-title-font-family:var(--h2_typography-font-family);--awb-caption-title-font-weight:var(--h2_typography-font-weight);--awb-caption-title-font-style:var(--h2_typography-font-style);--awb-caption-title-size:var(--h2_typography-font-size);--awb-caption-title-transform:var(--h2_typography-text-transform);--awb-caption-title-line-height:var(--h2_typography-line-height);--awb-caption-title-letter-spacing:var(--h2_typography-letter-spacing);\"><span class=\" fusion-imageframe imageframe-none imageframe-1 hover-type-zoomin\"><img decoding=\"async\" width=\"1709\" height=\"2560\" title=\"MG &#8211; Fotos nov-262_resultado\" src=\"https:\/\/mobles-guell.com\/wp-content\/uploads\/2025\/12\/MG-Fotos-nov-262_resultat-scaled.webp\" data-orig-src=\"https:\/\/mobles-guell.com\/wp-content\/uploads\/2025\/12\/MG-Fotos-nov-262_resultat-scaled.webp\" alt class=\"lazyload img-responsive wp-image-5336\" srcset=\"data:image\/svg+xml,%3Csvg%20xmlns%3D%27http%3A%2F%2Fwww.w3.org%2F2000%2Fsvg%27%20width%3D%271709%27%20height%3D%272560%27%20viewBox%3D%270%200%201709%202560%27%3E%3Crect%20width%3D%271709%27%20height%3D%272560%27%20fill-opacity%3D%220%22%2F%3E%3C%2Fsvg%3E\" data-srcset=\"https:\/\/mobles-guell.com\/wp-content\/uploads\/2025\/12\/MG-Fotos-nov-262_resultat-200x300.webp 200w, https:\/\/mobles-guell.com\/wp-content\/uploads\/2025\/12\/MG-Fotos-nov-262_resultat-400x599.webp 400w, https:\/\/mobles-guell.com\/wp-content\/uploads\/2025\/12\/MG-Fotos-nov-262_resultat-500x749.webp 500w, https:\/\/mobles-guell.com\/wp-content\/uploads\/2025\/12\/MG-Fotos-nov-262_resultat-600x899.webp 600w, https:\/\/mobles-guell.com\/wp-content\/uploads\/2025\/12\/MG-Fotos-nov-262_resultat-684x1024.webp 684w, https:\/\/mobles-guell.com\/wp-content\/uploads\/2025\/12\/MG-Fotos-nov-262_resultat-700x1048.webp 700w, https:\/\/mobles-guell.com\/wp-content\/uploads\/2025\/12\/MG-Fotos-nov-262_resultat-768x1150.webp 768w, https:\/\/mobles-guell.com\/wp-content\/uploads\/2025\/12\/MG-Fotos-nov-262_resultat-800x1198.webp 800w, https:\/\/mobles-guell.com\/wp-content\/uploads\/2025\/12\/MG-Fotos-nov-262_resultat-1026x1536.webp 1026w, https:\/\/mobles-guell.com\/wp-content\/uploads\/2025\/12\/MG-Fotos-nov-262_resultat-1200x1797.webp 1200w, https:\/\/mobles-guell.com\/wp-content\/uploads\/2025\/12\/MG-Fotos-nov-262_resultat-1367x2048.webp 1367w, https:\/\/mobles-guell.com\/wp-content\/uploads\/2025\/12\/MG-Fotos-nov-262_resultat-scaled.webp 1709w\" data-sizes=\"auto\" data-orig-sizes=\"(max-width: 1024px) 100vw, (max-width: 640px) 100vw, 600px\" \/><\/span><\/div><\/div><\/div><div class=\"fusion-layout-column fusion_builder_column fusion-builder-column-3 fusion_builder_column_1_2 1_2 fusion-flex-column fusion-animated\" style=\"--awb-padding-right:5%;--awb-padding-left:5%;--awb-padding-right-small:0px;--awb-padding-left-small:0px;--awb-bg-size:cover;--awb-width-large:50%;--awb-margin-top-large:25px;--awb-spacing-right-large:3.84%;--awb-margin-bottom-large:25px;--awb-spacing-left-large:8.64%;--awb-width-medium:100%;--awb-spacing-right-medium:1.92%;--awb-margin-bottom-medium:50px;--awb-spacing-left-medium:1.92%;--awb-width-small:100%;--awb-spacing-right-small:1.92%;--awb-spacing-left-small:1.92%;\" data-animationType=\"fadeIn\" data-animationDuration=\"0.8\" data-animationOffset=\"top-into-view\"><div class=\"fusion-column-wrapper fusion-column-has-shadow fusion-flex-justify-content-center fusion-content-layout-column\"><div class=\"fusion-builder-row fusion-builder-row-inner fusion-row fusion-flex-align-items-center fusion-flex-content-wrap\" style=\"width:104% !important;max-width:104% !important;margin-left: calc(-4% \/ 2 );margin-right: calc(-4% \/ 2 );\"><div class=\"fusion-layout-column fusion_builder_column_inner fusion-builder-nested-column-0 fusion_builder_column_inner_3_5 3_5 fusion-flex-column\" style=\"--awb-bg-size:cover;--awb-width-large:60%;--awb-margin-top-large:0px;--awb-spacing-right-large:0%;--awb-margin-bottom-large:0px;--awb-spacing-left-large:3.2%;--awb-width-medium:50%;--awb-spacing-right-medium:0%;--awb-spacing-left-medium:3.84%;--awb-width-small:50%;--awb-spacing-right-small:0%;--awb-spacing-left-small:3.84%;\"><div class=\"fusion-column-wrapper fusion-column-has-shadow fusion-flex-justify-content-flex-start fusion-content-layout-column\"><div class=\"fusion-title title fusion-title-3 fusion-sep-none fusion-title-text fusion-title-size-six\" style=\"--awb-margin-top:0px;\"><h6 class=\"fusion-title-heading title-heading-left fusion-responsive-typography-calculated\" style=\"margin:0;text-transform:var(--awb-typography2-text-transform);--fontSize:12;--minFontSize:12;line-height:var(--awb-typography2-line-height);\">Mobles G\u00fcell<\/h6><\/div><\/div><\/div><div class=\"fusion-layout-column fusion_builder_column_inner fusion-builder-nested-column-1 fusion_builder_column_inner_2_5 2_5 fusion-flex-column\" style=\"--awb-bg-size:cover;--awb-width-large:40%;--awb-margin-top-large:0px;--awb-spacing-right-large:4.8%;--awb-margin-bottom-large:0px;--awb-spacing-left-large:0%;--awb-width-medium:50%;--awb-spacing-right-medium:3.84%;--awb-spacing-left-medium:0%;--awb-width-small:50%;--awb-spacing-right-small:3.84%;--awb-spacing-left-small:0%;\"><div class=\"fusion-column-wrapper fusion-column-has-shadow fusion-flex-justify-content-flex-start fusion-content-layout-column\"><div class=\"fusion-title title fusion-title-4 fusion-sep-none fusion-title-text fusion-title-size-six\" style=\"--awb-margin-top:0px;\"><h6 class=\"fusion-title-heading title-heading-left fusion-responsive-typography-calculated\" style=\"margin:0;text-transform:var(--awb-typography2-text-transform);--fontSize:12;--minFontSize:12;line-height:var(--awb-typography2-line-height);\">Muebles Nus<\/h6><\/div><\/div><\/div><\/div><div class=\"fusion-separator fusion-no-small-visibility fusion-no-medium-visibility fusion-full-width-sep\" style=\"align-self: center;margin-left: auto;margin-right: auto;margin-top:8%;width:100%;\"><\/div><div class=\"fusion-title title fusion-title-5 fusion-sep-none fusion-title-text fusion-title-size-two\" style=\"--awb-margin-bottom:11%;--awb-margin-bottom-medium:20px;\"><h2 class=\"fusion-title-heading title-heading-left fusion-responsive-typography-calculated\" style=\"margin:0;--fontSize:44;line-height:1.26;\">M\u00e1s de 2.500 metros cuadrados de espacio de exposici\u00f3n con muebles para todos los estilos.<\/h2><\/div><div class=\"fusion-text fusion-text-1\"><p>Desde nuestros or\u00edgenes en 1820 como fabricantes de muebles hasta la actualidad, en Mobles G\u00fcell, una tienda de muebles de Maslloren\u00e7 (Tarragona), hemos aprendido de nuestras experiencias, lo que nos ha permitido dominar los diferentes estilos de mobiliario. Aportamos al mundo del dise\u00f1o de interiores nuestra experiencia y el prestigio de ser la tienda de muebles m\u00e1s antigua de Catalu\u00f1a.<\/p>\n<\/div><div class=\"fusion-builder-row fusion-builder-row-inner fusion-row fusion-flex-align-items-center fusion-flex-content-wrap\" style=\"width:104% !important;max-width:104% !important;margin-left: calc(-4% \/ 2 );margin-right: calc(-4% \/ 2 );\"><div class=\"fusion-layout-column fusion_builder_column_inner fusion-builder-nested-column-2 fusion_builder_column_inner_1_1 1_1 fusion-flex-column fusion-column-inner-bg-wrapper\" style=\"--awb-padding-top:28px;--awb-padding-right:40px;--awb-padding-bottom:28px;--awb-padding-left:40px;--awb-inner-bg-color:var(--awb-color1);--awb-inner-bg-color-hover:var(--awb-color1);--awb-inner-bg-size:cover;--awb-border-color:var(--awb-color3);--awb-border-top:1px;--awb-border-right:1px;--awb-border-bottom:1px;--awb-border-left:1px;--awb-border-style:solid;--awb-filter:opacity(97%);--awb-filter-transition:filter 0.3s ease;--awb-filter-hover:opacity(100%);--awb-width-large:100%;--awb-margin-top-large:0px;--awb-spacing-right-large:1.92%;--awb-margin-bottom-large:0px;--awb-spacing-left-large:1.92%;--awb-width-medium:100%;--awb-margin-top-medium:20px;--awb-spacing-right-medium:1.92%;--awb-spacing-left-medium:1.92%;--awb-width-small:100%;--awb-spacing-right-small:1.92%;--awb-spacing-left-small:1.92%;\"><span class=\"fusion-column-inner-bg hover-type-zoomin\"><a class=\"fusion-column-anchor\" href=\"https:\/\/mobles-guell.com\/es\/exposicion-de-muebles\/\"><span class=\"fusion-column-inner-bg-image\"><\/span><\/a><\/span><div class=\"fusion-column-wrapper fusion-column-has-shadow fusion-flex-justify-content-flex-start fusion-content-layout-column\"><div class=\"fusion-text fusion-text-2 fusion-text-no-margin paragraph-small\" style=\"--awb-content-alignment:center;--awb-font-size:16px;--awb-line-height:26px;--awb-letter-spacing:0px;--awb-text-transform:var(--awb-typography2-text-transform);--awb-text-color:var(--awb-color7);--awb-margin-bottom:0px;--awb-text-font-family:var(--awb-typography3-font-family);--awb-text-font-weight:var(--awb-typography3-font-weight);--awb-text-font-style:var(--awb-typography3-font-style);\"><p><a href=\"https:\/\/mobles-guell.com\/es\/exposicion-de-muebles\/\">Ver exposici\u00f3n<\/a><\/p>\n<\/div><\/div><\/div><\/div><\/div><\/div><\/div><\/div><div class=\"fusion-fullwidth fullwidth-box fusion-builder-row-3 fusion-flex-container nonhundred-percent-fullwidth non-hundred-percent-height-scrolling\" style=\"--awb-border-radius-top-left:0px;--awb-border-radius-top-right:0px;--awb-border-radius-bottom-right:0px;--awb-border-radius-bottom-left:0px;--awb-padding-top:0%;--awb-padding-bottom:6%;--awb-flex-wrap:wrap;--awb-flex-wrap-small:wrap;\" ><div class=\"fusion-builder-row fusion-row fusion-flex-align-items-flex-start fusion-flex-content-wrap\" style=\"max-width:1320.8px;margin-left: calc(-4% \/ 2 );margin-right: calc(-4% \/ 2 );\"><div class=\"fusion-layout-column fusion_builder_column fusion-builder-column-4 fusion_builder_column_1_1 1_1 fusion-flex-column\" style=\"--awb-bg-size:cover;--awb-width-large:100%;--awb-margin-top-large:25px;--awb-spacing-right-large:1.92%;--awb-margin-bottom-large:0px;--awb-spacing-left-large:1.92%;--awb-width-medium:100%;--awb-spacing-right-medium:1.92%;--awb-spacing-left-medium:1.92%;--awb-width-small:100%;--awb-spacing-right-small:1.92%;--awb-spacing-left-small:1.92%;\"><div class=\"fusion-column-wrapper fusion-column-has-shadow fusion-flex-justify-content-flex-start fusion-content-layout-column\"><div class=\"fusion-title title fusion-title-6 fusion-sep-none fusion-title-text fusion-title-size-six\" style=\"--awb-margin-bottom:10px;--awb-margin-bottom-small:10px;\"><h6 class=\"fusion-title-heading title-heading-left fusion-responsive-typography-calculated\" style=\"margin:0;text-transform:var(--awb-typography2-text-transform);--fontSize:12;--minFontSize:12;line-height:var(--awb-typography2-line-height);\">Nuestra exposici\u00f3n<\/h6><\/div><\/div><\/div><div class=\"fusion-layout-column fusion_builder_column fusion-builder-column-5 fusion_builder_column_3_5 3_5 fusion-flex-column\" style=\"--awb-bg-size:cover;--awb-width-large:60%;--awb-margin-top-large:0px;--awb-spacing-right-large:3.2%;--awb-margin-bottom-large:0px;--awb-spacing-left-large:3.2%;--awb-width-medium:60%;--awb-spacing-right-medium:3.2%;--awb-margin-bottom-medium:20px;--awb-spacing-left-medium:3.2%;--awb-width-small:100%;--awb-spacing-right-small:1.92%;--awb-spacing-left-small:1.92%;\"><div class=\"fusion-column-wrapper fusion-column-has-shadow fusion-flex-justify-content-flex-start fusion-content-layout-column\"><div class=\"fusion-title title fusion-title-7 fusion-sep-none fusion-title-text fusion-title-size-two\"><h2 class=\"fusion-title-heading title-heading-left fusion-responsive-typography-calculated\" style=\"margin:0;--fontSize:44;line-height:1.26;\">Muebles para tu hogar<\/h2><\/div><\/div><\/div><div class=\"fusion-layout-column fusion_builder_column fusion-builder-column-6 fusion_builder_column_2_5 2_5 fusion-flex-column fusion-no-small-visibility\" style=\"--awb-bg-size:cover;--awb-width-large:40%;--awb-margin-top-large:0px;--awb-spacing-right-large:4.8%;--awb-margin-bottom-large:25px;--awb-spacing-left-large:4.8%;--awb-width-medium:40%;--awb-spacing-right-medium:4.8%;--awb-margin-bottom-medium:10px;--awb-spacing-left-medium:4.8%;--awb-width-small:100%;--awb-spacing-right-small:1.92%;--awb-spacing-left-small:1.92%;\"><div class=\"fusion-column-wrapper fusion-column-has-shadow fusion-flex-justify-content-flex-start fusion-content-layout-column\"><\/div><\/div><div class=\"fusion-layout-column fusion_builder_column fusion-builder-column-7 fusion_builder_column_1_4 1_4 fusion-flex-column fusion-column-inner-bg-wrapper\" style=\"--awb-overflow:hidden;--awb-inner-bg-color:var(--awb-color6);--awb-inner-bg-color-hover:var(--awb-color6);--awb-inner-bg-image:linear-gradient(180deg, hsla(var(--awb-color7-h),var(--awb-color7-s),var(--awb-color7-l),calc( var(--awb-color7-a) - 72% )) 0%,hsla(var(--awb-color7-h),var(--awb-color7-s),var(--awb-color7-l),calc( var(--awb-color7-a) - 88% )) 100%);;--awb-inner-bg-position:center center;--awb-inner-bg-size:cover;--awb-border-radius:10px 10px 10px 10px;--awb-inner-bg-border-radius:10px 10px 10px 10px;--awb-inner-bg-overflow:hidden;--awb-filter:saturate(100%) brightness(100%) contrast(100%);--awb-filter-transition:filter 0.3s ease;--awb-filter-hover:saturate(130%) brightness(170%) contrast(120%);--awb-width-large:25%;--awb-margin-top-large:0px;--awb-spacing-right-large:15px;--awb-margin-bottom-large:25px;--awb-spacing-left-large:7.68%;--awb-width-medium:50%;--awb-spacing-right-medium:15px;--awb-spacing-left-medium:3.84%;--awb-width-small:100%;--awb-spacing-right-small:1.92%;--awb-spacing-left-small:1.92%;\"><span class=\"fusion-column-inner-bg hover-type-none\"><a class=\"fusion-column-anchor\" href=\"https:\/\/mobles-guell.com\/mobles-classics\/\"><span class=\"fusion-column-inner-bg-image lazyload\" data-bg=\"https:\/\/mobles-guell.com\/wp-content\/uploads\/2025\/11\/MG-Desembre-298_resultat.webp\" data-bg-gradient=\"linear-gradient(180deg, hsla(var(--awb-color7-h),var(--awb-color7-s),var(--awb-color7-l),calc( var(--awb-color7-a) - 72% )) 0%,hsla(var(--awb-color7-h),var(--awb-color7-s),var(--awb-color7-l),calc( var(--awb-color7-a) - 88% )) 100%)\"><\/span><\/a><\/span><div class=\"fusion-column-wrapper fusion-column-has-shadow fusion-flex-justify-content-flex-start fusion-content-layout-column fusion-column-has-bg-image\" data-bg-url=\"https:\/\/mobles-guell.com\/wp-content\/uploads\/2025\/11\/MG-Desembre-298_resultat.webp\"><div class=\"fusion-builder-row fusion-builder-row-inner fusion-row fusion-flex-align-items-flex-start fusion-flex-content-wrap\" style=\"width:104% !important;max-width:104% !important;margin-left: calc(-4% \/ 2 );margin-right: calc(-4% \/ 2 );\"><div class=\"fusion-layout-column fusion_builder_column_inner fusion-builder-nested-column-3 fusion_builder_column_inner_1_1 1_1 fusion-flex-column fusion-column-inner-bg-wrapper\" style=\"--awb-inner-bg-color:var(--awb-color2);--awb-inner-bg-color-hover:var(--awb-color2);--awb-inner-bg-size:cover;--awb-filter:brightness(100%) invert(0%) opacity(100%);--awb-filter-transition:filter 0.3s ease;--awb-filter-hover:brightness(90%) invert(100%) opacity(65%);--awb-width-large:100%;--awb-margin-top-large:0px;--awb-spacing-right-large:1.92%;--awb-margin-bottom-large:0px;--awb-spacing-left-large:1.92%;--awb-width-medium:100%;--awb-spacing-right-medium:1.92%;--awb-spacing-left-medium:1.92%;--awb-width-small:100%;--awb-spacing-right-small:1.92%;--awb-spacing-left-small:1.92%;\"><span class=\"fusion-column-inner-bg hover-type-none\"><a class=\"fusion-column-anchor\" href=\"https:\/\/mobles-guell.com\/es\/furniture\/\"><span class=\"fusion-column-inner-bg-image\"><\/span><\/a><\/span><div class=\"fusion-column-wrapper fusion-column-has-shadow fusion-flex-justify-content-flex-start fusion-content-layout-column\"><div class=\"fusion-separator fusion-full-width-sep\" style=\"align-self: center;margin-left: auto;margin-right: auto;margin-top:30px;width:100%;\"><\/div><i class=\"fb-icon-element-1 fb-icon-element fontawesome-icon icon-furniturebureau-bold circle-no icon-hover-animation-slide\" style=\"--awb-iconcolor:var(--awb-color7);--awb-iconcolor-hover:var(--awb-color7);--awb-font-size:30px;--awb-margin-top:0;--awb-margin-right:0;--awb-margin-bottom:0;--awb-margin-left:0;--awb-align-self:center;\"><\/i><div class=\"fusion-title title fusion-title-8 fusion-sep-none fusion-title-center fusion-title-text fusion-title-size-five\" style=\"--awb-margin-top:10px;--awb-margin-bottom:0px;--awb-margin-bottom-small:0px;\"><h5 class=\"fusion-title-heading title-heading-center fusion-responsive-typography-calculated\" style=\"margin:0;--fontSize:18;--minFontSize:18;line-height:1.68;\">Muebles de comedor<\/h5><\/div><div class=\"fusion-separator fusion-full-width-sep\" style=\"align-self: center;margin-left: auto;margin-right: auto;margin-top:26px;width:100%;\"><\/div><\/div><\/div><\/div><\/div><\/div><div class=\"fusion-layout-column fusion_builder_column fusion-builder-column-8 fusion_builder_column_1_4 1_4 fusion-flex-column\" style=\"--awb-overflow:hidden;--awb-bg-color:var(--awb-color6);--awb-bg-color-hover:var(--awb-color6);--awb-bg-image:linear-gradient(180deg, hsla(var(--awb-color7-h),var(--awb-color7-s),var(--awb-color7-l),calc( var(--awb-color7-a) - 72% )) 0%,hsla(var(--awb-color7-h),var(--awb-color7-s),var(--awb-color7-l),calc( var(--awb-color7-a) - 88% )) 100%);;--awb-bg-position:center center;--awb-bg-size:cover;--awb-border-radius:10px 10px 10px 10px;--awb-filter:saturate(100%) brightness(100%) contrast(100%);--awb-filter-transition:filter 0.3s ease;--awb-filter-hover:saturate(130%) brightness(170%) contrast(120%);--awb-width-large:25%;--awb-margin-top-large:0px;--awb-spacing-right-large:15px;--awb-margin-bottom-large:25px;--awb-spacing-left-large:7.68%;--awb-width-medium:50%;--awb-spacing-right-medium:15px;--awb-spacing-left-medium:3.84%;--awb-width-small:100%;--awb-spacing-right-small:1.92%;--awb-spacing-left-small:1.92%;\"><div class=\"fusion-column-wrapper lazyload fusion-column-has-shadow fusion-flex-justify-content-flex-start fusion-content-layout-column fusion-column-has-bg-image\" data-bg-url=\"https:\/\/mobles-guell.com\/wp-content\/uploads\/2025\/12\/MG-Fotos-nov-255_resultat-scaled.webp\" data-bg=\"https:\/\/mobles-guell.com\/wp-content\/uploads\/2025\/12\/MG-Fotos-nov-255_resultat-scaled.webp\" data-bg-gradient=\"linear-gradient(180deg, hsla(var(--awb-color7-h),var(--awb-color7-s),var(--awb-color7-l),calc( var(--awb-color7-a) - 72% )) 0%,hsla(var(--awb-color7-h),var(--awb-color7-s),var(--awb-color7-l),calc( var(--awb-color7-a) - 88% )) 100%)\"><div class=\"fusion-builder-row fusion-builder-row-inner fusion-row fusion-flex-align-items-flex-start fusion-flex-content-wrap\" style=\"width:104% !important;max-width:104% !important;margin-left: calc(-4% \/ 2 );margin-right: calc(-4% \/ 2 );\"><div class=\"fusion-layout-column fusion_builder_column_inner fusion-builder-nested-column-4 fusion_builder_column_inner_1_1 1_1 fusion-flex-column fusion-column-inner-bg-wrapper\" style=\"--awb-inner-bg-color:var(--awb-color2);--awb-inner-bg-color-hover:var(--awb-color2);--awb-inner-bg-size:cover;--awb-filter:brightness(100%) invert(0%) opacity(100%);--awb-filter-transition:filter 0.3s ease;--awb-filter-hover:brightness(90%) invert(100%) opacity(65%);--awb-width-large:100%;--awb-margin-top-large:0px;--awb-spacing-right-large:1.92%;--awb-margin-bottom-large:0px;--awb-spacing-left-large:1.92%;--awb-width-medium:100%;--awb-spacing-right-medium:1.92%;--awb-spacing-left-medium:1.92%;--awb-width-small:100%;--awb-spacing-right-small:1.92%;--awb-spacing-left-small:1.92%;\"><span class=\"fusion-column-inner-bg hover-type-none\"><a class=\"fusion-column-anchor\" href=\"https:\/\/mobles-guell.com\/dormitoris\/\"><span class=\"fusion-column-inner-bg-image\"><\/span><\/a><\/span><div class=\"fusion-column-wrapper fusion-column-has-shadow fusion-flex-justify-content-flex-start fusion-content-layout-column\"><div class=\"fusion-separator fusion-full-width-sep\" style=\"align-self: center;margin-left: auto;margin-right: auto;margin-top:30px;width:100%;\"><\/div><i class=\"fb-icon-element-2 fb-icon-element fontawesome-icon icon-furniturebed-solid circle-no icon-hover-animation-slide\" style=\"--awb-iconcolor:var(--awb-color7);--awb-iconcolor-hover:var(--awb-color7);--awb-font-size:30px;--awb-margin-top:0;--awb-margin-right:0;--awb-margin-bottom:0;--awb-margin-left:0;--awb-align-self:center;\"><\/i><div class=\"fusion-title title fusion-title-9 fusion-sep-none fusion-title-center fusion-title-text fusion-title-size-five\" style=\"--awb-text-color:#000000;--awb-margin-top:10px;--awb-margin-bottom:0px;--awb-margin-bottom-small:0px;\"><h5 class=\"fusion-title-heading title-heading-center fusion-responsive-typography-calculated\" style=\"margin:0;--fontSize:18;--minFontSize:18;line-height:1.68;\"><a href=\"https:\/\/mobles-guell.com\/mobles-de-dormitori\/\" class=\"awb-custom-text-color awb-custom-text-hover-color\" target=\"_self\">Muebles de dormitorio<\/a><\/h5><\/div><div class=\"fusion-separator fusion-full-width-sep\" style=\"align-self: center;margin-left: auto;margin-right: auto;margin-top:26px;width:100%;\"><\/div><\/div><\/div><\/div><\/div><\/div><div class=\"fusion-layout-column fusion_builder_column fusion-builder-column-9 fusion_builder_column_1_4 1_4 fusion-flex-column fusion-column-inner-bg-wrapper\" style=\"--awb-overflow:hidden;--awb-inner-bg-color:var(--awb-color6);--awb-inner-bg-color-hover:var(--awb-color6);--awb-inner-bg-image:linear-gradient(180deg, hsla(var(--awb-color7-h),var(--awb-color7-s),var(--awb-color7-l),calc( var(--awb-color7-a) - 72% )) 0%,hsla(var(--awb-color7-h),var(--awb-color7-s),var(--awb-color7-l),calc( var(--awb-color7-a) - 88% )) 100%);;--awb-inner-bg-position:center center;--awb-inner-bg-size:cover;--awb-border-radius:10px 10px 10px 10px;--awb-inner-bg-border-radius:10px 10px 10px 10px;--awb-inner-bg-overflow:hidden;--awb-filter:saturate(100%) brightness(100%) contrast(100%);--awb-filter-transition:filter 0.3s ease;--awb-filter-hover:saturate(130%) brightness(170%) contrast(120%);--awb-width-large:25%;--awb-margin-top-large:0px;--awb-spacing-right-large:15px;--awb-margin-bottom-large:25px;--awb-spacing-left-large:15px;--awb-width-medium:50%;--awb-spacing-right-medium:15px;--awb-spacing-left-medium:15px;--awb-width-small:100%;--awb-spacing-right-small:1.92%;--awb-spacing-left-small:1.92%;\"><span class=\"fusion-column-inner-bg hover-type-none\"><a class=\"fusion-column-anchor\" href=\"https:\/\/mobles-guell.com\/es\/habitaciones-para-jovenes\/\"><span class=\"fusion-column-inner-bg-image lazyload\" data-bg=\"https:\/\/mobles-guell.com\/wp-content\/uploads\/2025\/11\/MG-50-314_11zon.webp\" data-bg-gradient=\"linear-gradient(180deg, hsla(var(--awb-color7-h),var(--awb-color7-s),var(--awb-color7-l),calc( var(--awb-color7-a) - 72% )) 0%,hsla(var(--awb-color7-h),var(--awb-color7-s),var(--awb-color7-l),calc( var(--awb-color7-a) - 88% )) 100%)\"><\/span><\/a><\/span><div class=\"fusion-column-wrapper fusion-column-has-shadow fusion-flex-justify-content-flex-start fusion-content-layout-column fusion-column-has-bg-image\" data-bg-url=\"https:\/\/mobles-guell.com\/wp-content\/uploads\/2025\/11\/MG-50-314_11zon.webp\"><div class=\"fusion-builder-row fusion-builder-row-inner fusion-row fusion-flex-align-items-flex-start fusion-flex-content-wrap\" style=\"width:104% !important;max-width:104% !important;margin-left: calc(-4% \/ 2 );margin-right: calc(-4% \/ 2 );\"><div class=\"fusion-layout-column fusion_builder_column_inner fusion-builder-nested-column-5 fusion_builder_column_inner_1_1 1_1 fusion-flex-column fusion-column-inner-bg-wrapper\" style=\"--awb-inner-bg-color:var(--awb-color2);--awb-inner-bg-color-hover:var(--awb-color2);--awb-inner-bg-size:cover;--awb-filter:brightness(100%) invert(0%) opacity(100%);--awb-filter-transition:filter 0.3s ease;--awb-filter-hover:brightness(90%) invert(100%) opacity(70%);--awb-width-large:100%;--awb-margin-top-large:0px;--awb-spacing-right-large:1.92%;--awb-margin-bottom-large:0px;--awb-spacing-left-large:1.92%;--awb-width-medium:100%;--awb-spacing-right-medium:1.92%;--awb-spacing-left-medium:1.92%;--awb-width-small:100%;--awb-spacing-right-small:1.92%;--awb-spacing-left-small:1.92%;\"><span class=\"fusion-column-inner-bg hover-type-none\"><a class=\"fusion-column-anchor\" href=\"https:\/\/mobles-guell.com\/product-category\/lighting\/\"><span class=\"fusion-column-inner-bg-image\"><\/span><\/a><\/span><div class=\"fusion-column-wrapper fusion-column-has-shadow fusion-flex-justify-content-flex-start fusion-content-layout-column\"><div class=\"fusion-separator fusion-full-width-sep\" style=\"align-self: center;margin-left: auto;margin-right: auto;margin-top:30px;width:100%;\"><\/div><i class=\"fb-icon-element-3 fb-icon-element fontawesome-icon icon-furniturebed-bold circle-no icon-hover-animation-slide\" style=\"--awb-iconcolor:var(--awb-color7);--awb-iconcolor-hover:var(--awb-color7);--awb-font-size:30px;--awb-margin-top:0;--awb-margin-right:0;--awb-margin-bottom:0;--awb-margin-left:0;--awb-align-self:center;\"><\/i><div class=\"fusion-title title fusion-title-10 fusion-sep-none fusion-title-center fusion-title-text fusion-title-size-five\" style=\"--awb-margin-top:10px;--awb-margin-bottom:0px;--awb-margin-bottom-small:0px;\"><h5 class=\"fusion-title-heading title-heading-center fusion-responsive-typography-calculated\" style=\"margin:0;--fontSize:18;--minFontSize:18;line-height:1.68;\"><a href=\"https:\/\/mobles-guell.com\/es\/habitaciones-para-jovenes\/\" class=\"awb-custom-text-color awb-custom-text-hover-color\" target=\"_self\">Habitaciones para j\u00f3venes<\/a><\/h5><\/div><div class=\"fusion-separator fusion-full-width-sep\" style=\"align-self: center;margin-left: auto;margin-right: auto;margin-top:26px;width:100%;\"><\/div><\/div><\/div><\/div><\/div><\/div><div class=\"fusion-layout-column fusion_builder_column fusion-builder-column-10 fusion_builder_column_1_4 1_4 fusion-flex-column fusion-column-inner-bg-wrapper\" style=\"--awb-overflow:hidden;--awb-inner-bg-color:var(--awb-color6);--awb-inner-bg-color-hover:var(--awb-color6);--awb-inner-bg-image:linear-gradient(180deg, hsla(var(--awb-color7-h),var(--awb-color7-s),var(--awb-color7-l),calc( var(--awb-color7-a) - 72% )) 0%,hsla(var(--awb-color7-h),var(--awb-color7-s),var(--awb-color7-l),calc( var(--awb-color7-a) - 88% )) 100%);;--awb-inner-bg-position:center center;--awb-inner-bg-size:cover;--awb-border-radius:10px 10px 10px 10px;--awb-inner-bg-border-radius:10px 10px 10px 10px;--awb-inner-bg-overflow:hidden;--awb-filter:saturate(100%) brightness(100%) contrast(100%);--awb-filter-transition:filter 0.3s ease;--awb-filter-hover:saturate(130%) brightness(170%) contrast(120%);--awb-width-large:25%;--awb-margin-top-large:0px;--awb-spacing-right-large:15px;--awb-margin-bottom-large:25px;--awb-spacing-left-large:15px;--awb-width-medium:50%;--awb-spacing-right-medium:15px;--awb-spacing-left-medium:15px;--awb-width-small:100%;--awb-spacing-right-small:1.92%;--awb-spacing-left-small:1.92%;\"><span class=\"fusion-column-inner-bg hover-type-none\"><a class=\"fusion-column-anchor\" href=\"https:\/\/mobles-guell.com\/sofas-i-butaques\/\"><span class=\"fusion-column-inner-bg-image lazyload\" data-bg=\"https:\/\/mobles-guell.com\/wp-content\/uploads\/2025\/11\/MG-Desembre-170_resultat.webp\" data-bg-gradient=\"linear-gradient(180deg, hsla(var(--awb-color7-h),var(--awb-color7-s),var(--awb-color7-l),calc( var(--awb-color7-a) - 72% )) 0%,hsla(var(--awb-color7-h),var(--awb-color7-s),var(--awb-color7-l),calc( var(--awb-color7-a) - 88% )) 100%)\"><\/span><\/a><\/span><div class=\"fusion-column-wrapper fusion-column-has-shadow fusion-flex-justify-content-flex-start fusion-content-layout-column fusion-column-has-bg-image\" data-bg-url=\"https:\/\/mobles-guell.com\/wp-content\/uploads\/2025\/11\/MG-Desembre-170_resultat.webp\"><div class=\"fusion-builder-row fusion-builder-row-inner fusion-row fusion-flex-align-items-flex-start fusion-flex-content-wrap\" style=\"width:104% !important;max-width:104% !important;margin-left: calc(-4% \/ 2 );margin-right: calc(-4% \/ 2 );\"><div class=\"fusion-layout-column fusion_builder_column_inner fusion-builder-nested-column-6 fusion_builder_column_inner_1_1 1_1 fusion-flex-column fusion-column-inner-bg-wrapper\" style=\"--awb-inner-bg-color:var(--awb-color2);--awb-inner-bg-color-hover:var(--awb-color2);--awb-inner-bg-size:cover;--awb-filter:brightness(100%) invert(0%) opacity(100%);--awb-filter-transition:filter 0.3s ease;--awb-filter-hover:brightness(90%) invert(100%) opacity(70%);--awb-width-large:100%;--awb-margin-top-large:0px;--awb-spacing-right-large:1.92%;--awb-margin-bottom-large:0px;--awb-spacing-left-large:1.92%;--awb-width-medium:100%;--awb-spacing-right-medium:1.92%;--awb-spacing-left-medium:1.92%;--awb-width-small:100%;--awb-spacing-right-small:1.92%;--awb-spacing-left-small:1.92%;\"><span class=\"fusion-column-inner-bg hover-type-none\"><a class=\"fusion-column-anchor\" href=\"https:\/\/mobles-guell.com\/product-category\/accessories\/\"><span class=\"fusion-column-inner-bg-image\"><\/span><\/a><\/span><div class=\"fusion-column-wrapper fusion-column-has-shadow fusion-flex-justify-content-flex-start fusion-content-layout-column\"><div class=\"fusion-separator fusion-full-width-sep\" style=\"align-self: center;margin-left: auto;margin-right: auto;margin-top:30px;width:100%;\"><\/div><i class=\"fb-icon-element-4 fb-icon-element fontawesome-icon icon-furnituresofa-bold circle-no icon-hover-animation-slide\" style=\"--awb-iconcolor:var(--awb-color7);--awb-iconcolor-hover:var(--awb-color7);--awb-font-size:30px;--awb-margin-top:0;--awb-margin-right:0;--awb-margin-bottom:0;--awb-margin-left:0;--awb-align-self:center;\"><\/i><div class=\"fusion-title title fusion-title-11 fusion-sep-none fusion-title-center fusion-title-text fusion-title-size-five\" style=\"--awb-margin-top:10px;--awb-margin-bottom:0px;--awb-margin-bottom-small:0px;\"><h5 class=\"fusion-title-heading title-heading-center fusion-responsive-typography-calculated\" style=\"margin:0;--fontSize:18;--minFontSize:18;line-height:1.68;\"><a href=\"https:\/\/mobles-guell.com\/sofas-i-butaques\/\" class=\"awb-custom-text-color awb-custom-text-hover-color\" target=\"_self\">Sof\u00e1s y sillones<\/a><\/h5><\/div><div class=\"fusion-separator fusion-full-width-sep\" style=\"align-self: center;margin-left: auto;margin-right: auto;margin-top:26px;width:100%;\"><\/div><\/div><\/div><\/div><\/div><\/div><div class=\"fusion-layout-column fusion_builder_column fusion-builder-column-11 fusion_builder_column_1_4 1_4 fusion-flex-column\" style=\"--awb-overflow:hidden;--awb-bg-color:var(--awb-color6);--awb-bg-color-hover:var(--awb-color6);--awb-bg-image:linear-gradient(180deg, hsla(var(--awb-color7-h),var(--awb-color7-s),var(--awb-color7-l),calc( var(--awb-color7-a) - 72% )) 0%,hsla(var(--awb-color7-h),var(--awb-color7-s),var(--awb-color7-l),calc( var(--awb-color7-a) - 88% )) 100%);;--awb-bg-position:center center;--awb-bg-size:cover;--awb-border-radius:10px 10px 10px 10px;--awb-filter:saturate(100%) brightness(100%) contrast(100%);--awb-filter-transition:filter 0.3s ease;--awb-filter-hover:saturate(130%) brightness(170%) contrast(120%);--awb-width-large:25%;--awb-margin-top-large:0px;--awb-spacing-right-large:7.68%;--awb-margin-bottom-large:25px;--awb-spacing-left-large:15px;--awb-width-medium:50%;--awb-spacing-right-medium:3.84%;--awb-spacing-left-medium:15px;--awb-width-small:100%;--awb-spacing-right-small:1.92%;--awb-spacing-left-small:1.92%;\"><div class=\"fusion-column-wrapper lazyload fusion-column-has-shadow fusion-flex-justify-content-flex-start fusion-content-layout-column fusion-column-has-bg-image\" data-bg-url=\"https:\/\/mobles-guell.com\/wp-content\/uploads\/2025\/11\/MG-Desembre-242_resultat.webp\" data-bg=\"https:\/\/mobles-guell.com\/wp-content\/uploads\/2025\/11\/MG-Desembre-242_resultat.webp\" data-bg-gradient=\"linear-gradient(180deg, hsla(var(--awb-color7-h),var(--awb-color7-s),var(--awb-color7-l),calc( var(--awb-color7-a) - 72% )) 0%,hsla(var(--awb-color7-h),var(--awb-color7-s),var(--awb-color7-l),calc( var(--awb-color7-a) - 88% )) 100%)\"><div class=\"fusion-builder-row fusion-builder-row-inner fusion-row fusion-flex-align-items-flex-start fusion-flex-content-wrap\" style=\"width:104% !important;max-width:104% !important;margin-left: calc(-4% \/ 2 );margin-right: calc(-4% \/ 2 );\"><div class=\"fusion-layout-column fusion_builder_column_inner fusion-builder-nested-column-7 fusion_builder_column_inner_1_1 1_1 fusion-flex-column fusion-column-inner-bg-wrapper\" style=\"--awb-inner-bg-color:var(--awb-color2);--awb-inner-bg-color-hover:var(--awb-color2);--awb-inner-bg-size:cover;--awb-filter:brightness(100%) invert(0%) opacity(100%);--awb-filter-transition:filter 0.3s ease;--awb-filter-hover:brightness(90%) invert(100%) opacity(70%);--awb-width-large:100%;--awb-margin-top-large:0px;--awb-spacing-right-large:1.92%;--awb-margin-bottom-large:0px;--awb-spacing-left-large:1.92%;--awb-width-medium:100%;--awb-spacing-right-medium:1.92%;--awb-spacing-left-medium:1.92%;--awb-width-small:100%;--awb-spacing-right-small:1.92%;--awb-spacing-left-small:1.92%;\"><span class=\"fusion-column-inner-bg hover-type-none\"><a class=\"fusion-column-anchor\" href=\"https:\/\/mobles-guell.com\/product-category\/storage\/\"><span class=\"fusion-column-inner-bg-image\"><\/span><\/a><\/span><div class=\"fusion-column-wrapper fusion-column-has-shadow fusion-flex-justify-content-flex-start fusion-content-layout-column\"><div class=\"fusion-separator fusion-full-width-sep\" style=\"align-self: center;margin-left: auto;margin-right: auto;margin-top:30px;width:100%;\"><\/div><i class=\"fb-icon-element-5 fb-icon-element fontawesome-icon fa-stop fas circle-no icon-hover-animation-slide\" style=\"--awb-iconcolor:var(--awb-color7);--awb-iconcolor-hover:var(--awb-color7);--awb-font-size:30px;--awb-margin-top:0;--awb-margin-right:0;--awb-margin-bottom:0;--awb-margin-left:0;--awb-align-self:center;\"><\/i><div class=\"fusion-title title fusion-title-12 fusion-sep-none fusion-title-center fusion-title-text fusion-title-size-five\" style=\"--awb-margin-top:10px;--awb-margin-bottom:0px;--awb-margin-bottom-small:0px;\"><h5 class=\"fusion-title-heading title-heading-center fusion-responsive-typography-calculated\" style=\"margin:0;--fontSize:18;--minFontSize:18;line-height:1.68;\"><a href=\"https:\/\/mobles-guell.com\/matalassos\/\" class=\"awb-custom-text-color awb-custom-text-hover-color\" target=\"_self\">Colchones<\/a><\/h5><\/div><div class=\"fusion-separator fusion-full-width-sep\" style=\"align-self: center;margin-left: auto;margin-right: auto;margin-top:26px;width:100%;\"><\/div><\/div><\/div><\/div><\/div><\/div><div class=\"fusion-layout-column fusion_builder_column fusion-builder-column-12 fusion_builder_column_1_4 1_4 fusion-flex-column fusion-column-inner-bg-wrapper\" style=\"--awb-overflow:hidden;--awb-inner-bg-color:var(--awb-color6);--awb-inner-bg-color-hover:var(--awb-color6);--awb-inner-bg-image:linear-gradient(180deg, hsla(var(--awb-color7-h),var(--awb-color7-s),var(--awb-color7-l),calc( var(--awb-color7-a) - 72% )) 0%,hsla(var(--awb-color7-h),var(--awb-color7-s),var(--awb-color7-l),calc( var(--awb-color7-a) - 88% )) 100%);;--awb-inner-bg-position:center center;--awb-inner-bg-size:cover;--awb-border-radius:10px 10px 10px 10px;--awb-inner-bg-border-radius:10px 10px 10px 10px;--awb-inner-bg-overflow:hidden;--awb-filter:saturate(100%) brightness(100%) contrast(100%);--awb-filter-transition:filter 0.3s ease;--awb-filter-hover:saturate(130%) brightness(170%) contrast(120%);--awb-width-large:25%;--awb-margin-top-large:0px;--awb-spacing-right-large:7.68%;--awb-margin-bottom-large:25px;--awb-spacing-left-large:15px;--awb-width-medium:50%;--awb-spacing-right-medium:3.84%;--awb-spacing-left-medium:15px;--awb-width-small:100%;--awb-spacing-right-small:1.92%;--awb-spacing-left-small:1.92%;\"><span class=\"fusion-column-inner-bg hover-type-none\"><a class=\"fusion-column-anchor\" href=\"https:\/\/mobles-guell.com\/mobles-oficina\/\"><span class=\"fusion-column-inner-bg-image lazyload\" data-bg=\"https:\/\/mobles-guell.com\/wp-content\/uploads\/2025\/11\/MG-50-678-2.webp\" data-bg-gradient=\"linear-gradient(180deg, hsla(var(--awb-color7-h),var(--awb-color7-s),var(--awb-color7-l),calc( var(--awb-color7-a) - 72% )) 0%,hsla(var(--awb-color7-h),var(--awb-color7-s),var(--awb-color7-l),calc( var(--awb-color7-a) - 88% )) 100%)\"><\/span><\/a><\/span><div class=\"fusion-column-wrapper fusion-column-has-shadow fusion-flex-justify-content-flex-start fusion-content-layout-column fusion-column-has-bg-image\" data-bg-url=\"https:\/\/mobles-guell.com\/wp-content\/uploads\/2025\/11\/MG-50-678-2.webp\"><div class=\"fusion-builder-row fusion-builder-row-inner fusion-row fusion-flex-align-items-flex-start fusion-flex-content-wrap\" style=\"width:104% !important;max-width:104% !important;margin-left: calc(-4% \/ 2 );margin-right: calc(-4% \/ 2 );\"><div class=\"fusion-layout-column fusion_builder_column_inner fusion-builder-nested-column-8 fusion_builder_column_inner_1_1 1_1 fusion-flex-column fusion-column-inner-bg-wrapper\" style=\"--awb-inner-bg-color:var(--awb-color2);--awb-inner-bg-color-hover:var(--awb-color2);--awb-inner-bg-size:cover;--awb-filter:brightness(100%) invert(0%) opacity(100%);--awb-filter-transition:filter 0.3s ease;--awb-filter-hover:brightness(90%) invert(100%) opacity(70%);--awb-width-large:100%;--awb-margin-top-large:0px;--awb-spacing-right-large:1.92%;--awb-margin-bottom-large:0px;--awb-spacing-left-large:1.92%;--awb-width-medium:100%;--awb-spacing-right-medium:1.92%;--awb-spacing-left-medium:1.92%;--awb-width-small:100%;--awb-spacing-right-small:1.92%;--awb-spacing-left-small:1.92%;\"><span class=\"fusion-column-inner-bg hover-type-none\"><a class=\"fusion-column-anchor\" href=\"https:\/\/mobles-guell.com\/product-category\/storage\/\"><span class=\"fusion-column-inner-bg-image\"><\/span><\/a><\/span><div class=\"fusion-column-wrapper fusion-column-has-shadow fusion-flex-justify-content-flex-start fusion-content-layout-column\"><div class=\"fusion-separator fusion-full-width-sep\" style=\"align-self: center;margin-left: auto;margin-right: auto;margin-top:30px;width:100%;\"><\/div><i class=\"fb-icon-element-6 fb-icon-element fontawesome-icon icon-furnituredesk-bold circle-no icon-hover-animation-slide\" style=\"--awb-iconcolor:var(--awb-color7);--awb-iconcolor-hover:var(--awb-color7);--awb-font-size:30px;--awb-margin-top:0;--awb-margin-right:0;--awb-margin-bottom:0;--awb-margin-left:0;--awb-align-self:center;\"><\/i><div class=\"fusion-title title fusion-title-13 fusion-sep-none fusion-title-center fusion-title-text fusion-title-size-five\" style=\"--awb-margin-top:10px;--awb-margin-bottom:0px;--awb-margin-bottom-small:0px;\"><h5 class=\"fusion-title-heading title-heading-center fusion-responsive-typography-calculated\" style=\"margin:0;--fontSize:18;--minFontSize:18;line-height:1.68;\"><a href=\"https:\/\/mobles-guell.com\/mobles-oficina\/\" class=\"awb-custom-text-color awb-custom-text-hover-color\" target=\"_self\">Mobiliario de oficina<\/a><\/h5><\/div><div class=\"fusion-separator fusion-full-width-sep\" style=\"align-self: center;margin-left: auto;margin-right: auto;margin-top:26px;width:100%;\"><\/div><\/div><\/div><\/div><\/div><\/div><div class=\"fusion-layout-column fusion_builder_column fusion-builder-column-13 fusion_builder_column_1_4 1_4 fusion-flex-column fusion-column-inner-bg-wrapper\" style=\"--awb-overflow:hidden;--awb-inner-bg-color:var(--awb-color6);--awb-inner-bg-color-hover:var(--awb-color6);--awb-inner-bg-image:linear-gradient(180deg, hsla(var(--awb-color7-h),var(--awb-color7-s),var(--awb-color7-l),calc( var(--awb-color7-a) - 72% )) 0%,hsla(var(--awb-color7-h),var(--awb-color7-s),var(--awb-color7-l),calc( var(--awb-color7-a) - 88% )) 100%);;--awb-inner-bg-position:center center;--awb-inner-bg-size:cover;--awb-border-radius:10px 10px 10px 10px;--awb-inner-bg-border-radius:10px 10px 10px 10px;--awb-inner-bg-overflow:hidden;--awb-filter:saturate(100%) brightness(100%) contrast(100%);--awb-filter-transition:filter 0.3s ease;--awb-filter-hover:saturate(130%) brightness(170%) contrast(120%);--awb-width-large:25%;--awb-margin-top-large:0px;--awb-spacing-right-large:7.68%;--awb-margin-bottom-large:25px;--awb-spacing-left-large:15px;--awb-width-medium:50%;--awb-spacing-right-medium:3.84%;--awb-spacing-left-medium:15px;--awb-width-small:100%;--awb-spacing-right-small:1.92%;--awb-spacing-left-small:1.92%;\"><span class=\"fusion-column-inner-bg hover-type-none\"><a class=\"fusion-column-anchor\" href=\"https:\/\/mobles-guell.com\/mobles-de-rebedor\/\"><span class=\"fusion-column-inner-bg-image lazyload\" data-bg=\"https:\/\/mobles-guell.com\/wp-content\/uploads\/2025\/12\/MG-Fotos-nov-252_resultat-scaled.webp\" data-bg-gradient=\"linear-gradient(180deg, hsla(var(--awb-color7-h),var(--awb-color7-s),var(--awb-color7-l),calc( var(--awb-color7-a) - 72% )) 0%,hsla(var(--awb-color7-h),var(--awb-color7-s),var(--awb-color7-l),calc( var(--awb-color7-a) - 88% )) 100%)\"><\/span><\/a><\/span><div class=\"fusion-column-wrapper fusion-column-has-shadow fusion-flex-justify-content-flex-start fusion-content-layout-column fusion-column-has-bg-image\" data-bg-url=\"https:\/\/mobles-guell.com\/wp-content\/uploads\/2025\/12\/MG-Fotos-nov-252_resultat-scaled.webp\"><div class=\"fusion-builder-row fusion-builder-row-inner fusion-row fusion-flex-align-items-flex-start fusion-flex-content-wrap\" style=\"width:104% !important;max-width:104% !important;margin-left: calc(-4% \/ 2 );margin-right: calc(-4% \/ 2 );\"><div class=\"fusion-layout-column fusion_builder_column_inner fusion-builder-nested-column-9 fusion_builder_column_inner_1_1 1_1 fusion-flex-column fusion-column-inner-bg-wrapper\" style=\"--awb-inner-bg-color:var(--awb-color2);--awb-inner-bg-color-hover:var(--awb-color2);--awb-inner-bg-size:cover;--awb-filter:brightness(100%) invert(0%) opacity(100%);--awb-filter-transition:filter 0.3s ease;--awb-filter-hover:brightness(90%) invert(100%) opacity(70%);--awb-width-large:100%;--awb-margin-top-large:0px;--awb-spacing-right-large:1.92%;--awb-margin-bottom-large:0px;--awb-spacing-left-large:1.92%;--awb-width-medium:100%;--awb-spacing-right-medium:1.92%;--awb-spacing-left-medium:1.92%;--awb-width-small:100%;--awb-spacing-right-small:1.92%;--awb-spacing-left-small:1.92%;\"><span class=\"fusion-column-inner-bg hover-type-none\"><a class=\"fusion-column-anchor\" href=\"https:\/\/mobles-guell.com\/product-category\/storage\/\"><span class=\"fusion-column-inner-bg-image\"><\/span><\/a><\/span><div class=\"fusion-column-wrapper fusion-column-has-shadow fusion-flex-justify-content-flex-start fusion-content-layout-column\"><div class=\"fusion-separator fusion-full-width-sep\" style=\"align-self: center;margin-left: auto;margin-right: auto;margin-top:30px;width:100%;\"><\/div><i class=\"fb-icon-element-7 fb-icon-element fontawesome-icon icon-furnituretv-bold circle-no icon-hover-animation-slide\" style=\"--awb-iconcolor:var(--awb-color7);--awb-iconcolor-hover:var(--awb-color7);--awb-font-size:30px;--awb-margin-top:0;--awb-margin-right:0;--awb-margin-bottom:0;--awb-margin-left:0;--awb-align-self:center;\"><\/i><div class=\"fusion-title title fusion-title-14 fusion-sep-none fusion-title-center fusion-title-text fusion-title-size-five\" style=\"--awb-margin-top:10px;--awb-margin-bottom:0px;--awb-margin-bottom-small:0px;\"><h5 class=\"fusion-title-heading title-heading-center fusion-responsive-typography-calculated\" style=\"margin:0;--fontSize:18;--minFontSize:18;line-height:1.68;\"><a href=\"https:\/\/mobles-guell.com\/mobles-de-rebedor\/\" class=\"awb-custom-text-color awb-custom-text-hover-color\" target=\"_self\">Mobiliario para el recibidor<\/a><\/h5><\/div><div class=\"fusion-separator fusion-full-width-sep\" style=\"align-self: center;margin-left: auto;margin-right: auto;margin-top:26px;width:100%;\"><\/div><\/div><\/div><\/div><\/div><\/div><div class=\"fusion-layout-column fusion_builder_column fusion-builder-column-14 fusion_builder_column_1_4 1_4 fusion-flex-column fusion-column-inner-bg-wrapper\" style=\"--awb-overflow:hidden;--awb-inner-bg-color:var(--awb-color6);--awb-inner-bg-color-hover:var(--awb-color6);--awb-inner-bg-image:linear-gradient(180deg, hsla(var(--awb-color7-h),var(--awb-color7-s),var(--awb-color7-l),calc( var(--awb-color7-a) - 72% )) 0%,hsla(var(--awb-color7-h),var(--awb-color7-s),var(--awb-color7-l),calc( var(--awb-color7-a) - 88% )) 100%);;--awb-inner-bg-position:center center;--awb-inner-bg-size:cover;--awb-border-radius:10px 10px 10px 10px;--awb-inner-bg-border-radius:10px 10px 10px 10px;--awb-inner-bg-overflow:hidden;--awb-filter:saturate(100%) brightness(100%) contrast(100%);--awb-filter-transition:filter 0.3s ease;--awb-filter-hover:saturate(130%) brightness(170%) contrast(120%);--awb-width-large:25%;--awb-margin-top-large:0px;--awb-spacing-right-large:7.68%;--awb-margin-bottom-large:25px;--awb-spacing-left-large:15px;--awb-width-medium:50%;--awb-spacing-right-medium:3.84%;--awb-spacing-left-medium:15px;--awb-width-small:100%;--awb-spacing-right-small:1.92%;--awb-spacing-left-small:1.92%;\"><span class=\"fusion-column-inner-bg hover-type-none\"><a class=\"fusion-column-anchor\" href=\"https:\/\/mobles-guell.com\/taules-i-cadires\/\"><span class=\"fusion-column-inner-bg-image lazyload\" data-bg=\"https:\/\/mobles-guell.com\/wp-content\/uploads\/2025\/11\/MG-Desembre-270_resultat.webp\" data-bg-gradient=\"linear-gradient(180deg, hsla(var(--awb-color7-h),var(--awb-color7-s),var(--awb-color7-l),calc( var(--awb-color7-a) - 72% )) 0%,hsla(var(--awb-color7-h),var(--awb-color7-s),var(--awb-color7-l),calc( var(--awb-color7-a) - 88% )) 100%)\"><\/span><\/a><\/span><div class=\"fusion-column-wrapper fusion-column-has-shadow fusion-flex-justify-content-flex-start fusion-content-layout-column fusion-column-has-bg-image\" data-bg-url=\"https:\/\/mobles-guell.com\/wp-content\/uploads\/2025\/11\/MG-Desembre-270_resultat.webp\"><div class=\"fusion-builder-row fusion-builder-row-inner fusion-row fusion-flex-align-items-flex-start fusion-flex-content-wrap\" style=\"width:104% !important;max-width:104% !important;margin-left: calc(-4% \/ 2 );margin-right: calc(-4% \/ 2 );\"><div class=\"fusion-layout-column fusion_builder_column_inner fusion-builder-nested-column-10 fusion_builder_column_inner_1_1 1_1 fusion-flex-column fusion-column-inner-bg-wrapper\" style=\"--awb-inner-bg-color:var(--awb-color2);--awb-inner-bg-color-hover:var(--awb-color2);--awb-inner-bg-size:cover;--awb-filter:brightness(100%) invert(0%) opacity(100%);--awb-filter-transition:filter 0.3s ease;--awb-filter-hover:brightness(90%) invert(100%) opacity(70%);--awb-width-large:100%;--awb-margin-top-large:0px;--awb-spacing-right-large:1.92%;--awb-margin-bottom-large:0px;--awb-spacing-left-large:1.92%;--awb-width-medium:100%;--awb-spacing-right-medium:1.92%;--awb-spacing-left-medium:1.92%;--awb-width-small:100%;--awb-spacing-right-small:1.92%;--awb-spacing-left-small:1.92%;\"><span class=\"fusion-column-inner-bg hover-type-none\"><a class=\"fusion-column-anchor\" href=\"https:\/\/mobles-guell.com\/product-category\/storage\/\"><span class=\"fusion-column-inner-bg-image\"><\/span><\/a><\/span><div class=\"fusion-column-wrapper fusion-column-has-shadow fusion-flex-justify-content-flex-start fusion-content-layout-column\"><div class=\"fusion-separator fusion-full-width-sep\" style=\"align-self: center;margin-left: auto;margin-right: auto;margin-top:30px;width:100%;\"><\/div><i class=\"fb-icon-element-8 fb-icon-element fontawesome-icon fa-archive fas circle-no icon-hover-animation-slide\" style=\"--awb-iconcolor:var(--awb-color7);--awb-iconcolor-hover:var(--awb-color7);--awb-font-size:30px;--awb-margin-top:0;--awb-margin-right:0;--awb-margin-bottom:0;--awb-margin-left:0;--awb-align-self:center;\"><\/i><div class=\"fusion-title title fusion-title-15 fusion-sep-none fusion-title-center fusion-title-text fusion-title-size-five\" style=\"--awb-margin-top:10px;--awb-margin-bottom:0px;--awb-margin-bottom-small:0px;\"><h5 class=\"fusion-title-heading title-heading-center fusion-responsive-typography-calculated\" style=\"margin:0;--fontSize:18;--minFontSize:18;line-height:1.68;\"><a class=\"awb-custom-text-color awb-custom-text-hover-color\" target=\"_self\">Mesas y sillas<\/a><\/h5><\/div><div class=\"fusion-separator fusion-full-width-sep\" style=\"align-self: center;margin-left: auto;margin-right: auto;margin-top:26px;width:100%;\"><\/div><\/div><\/div><\/div><\/div><\/div><\/div><\/div><div class=\"fusion-fullwidth fullwidth-box fusion-builder-row-4 fusion-flex-container fusion-parallax-none nonhundred-percent-fullwidth non-hundred-percent-height-scrolling lazyload\" style=\"--awb-border-radius-top-left:0px;--awb-border-radius-top-right:0px;--awb-border-radius-bottom-right:0px;--awb-border-radius-bottom-left:0px;--awb-padding-top:0px;--awb-padding-right:40px;--awb-padding-bottom:0px;--awb-padding-left:40px;--awb-background-color:var(--awb-color6);--awb-background-size:cover;--awb-flex-wrap:wrap;\" data-bg=\"https:\/\/mobles-guell.com\/wp-content\/uploads\/2025\/10\/MG-Drone-21-1.webp\" ><div class=\"fusion-builder-row fusion-row fusion-flex-align-items-flex-start fusion-flex-content-wrap\" style=\"max-width:calc( 1270px + 0px );margin-left: calc(-0px \/ 2 );margin-right: calc(-0px \/ 2 );\"><div class=\"fusion-layout-column fusion_builder_column fusion-builder-column-15 fusion_builder_column_3_5 3_5 fusion-flex-column\" style=\"--awb-padding-top:15%;--awb-padding-right:15%;--awb-padding-bottom:15%;--awb-padding-left:16%;--awb-bg-color:var(--awb-color1);--awb-bg-color-hover:var(--awb-color1);--awb-bg-size:cover;--awb-width-large:60%;--awb-margin-top-large:0px;--awb-spacing-right-large:0px;--awb-margin-bottom-large:0px;--awb-spacing-left-large:0px;--awb-width-medium:66.666666666667%;--awb-spacing-right-medium:0px;--awb-spacing-left-medium:0px;--awb-width-small:100%;--awb-spacing-right-small:0px;--awb-spacing-left-small:0px;\"><div class=\"fusion-column-wrapper fusion-column-has-shadow fusion-flex-justify-content-flex-start fusion-content-layout-column\"><div class=\"fusion-title title fusion-title-16 fusion-sep-none fusion-title-text fusion-title-size-two\"><h2 class=\"fusion-title-heading title-heading-left fusion-responsive-typography-calculated\" style=\"margin:0;--fontSize:44;line-height:1.26;\">200 a\u00f1os de historia<\/h2><\/div><div class=\"fusion-title title fusion-title-17 fusion-sep-none fusion-title-text fusion-title-size-six\" style=\"--awb-margin-top:0px;--awb-margin-top-small:0px;\"><h6 class=\"fusion-title-heading title-heading-left fusion-responsive-typography-calculated\" style=\"margin:0;text-transform:var(--awb-typography2-text-transform);--fontSize:12;--minFontSize:12;line-height:var(--awb-typography2-line-height);\">sobre nosotros<\/h6><\/div><div class=\"fusion-title title fusion-title-18 fusion-sep-none fusion-title-text fusion-title-size-three\" style=\"--awb-text-color:rgba(0,0,0,0.51);--awb-font-size:15px;\"><h3 class=\"fusion-title-heading title-heading-left fusion-responsive-typography-calculated\" style=\"font-family:-apple-system, BlinkMacSystemFont, &#039;Segoe UI&#039;, Roboto, Oxygen-Sans, Ubuntu, Cantarell, &#039;Helvetica Neue&#039; ,sans-serif;font-style:normal;font-weight:400;margin:0;font-size:1em;--fontSize:15;--minFontSize:15;line-height:1.8;\">Siete generaciones de la familia han dedicado todos sus esfuerzos a la empresa, en un recorrido en el que se han visto obligadas a cambiar y adaptarse a las nuevas tendencias del sector sin olvidar nunca una premisa: la personalizaci\u00f3n.<br \/>\n200 a\u00f1os despu\u00e9s, dedicamos nuestros esfuerzos a la distribuci\u00f3n de muebles de la m\u00e1xima calidad, as\u00ed como a la personalizaci\u00f3n y el dise\u00f1o de interiores en las principales <a href=\"https:\/\/mobles-guell.com\/es\/exposicion-de-muebles\/\">exposiciones de muebles<\/a> de Maslloren\u00e7 y El Vendrell.<\/h3><\/div><div class=\"fusion-separator fusion-full-width-sep\" style=\"align-self: center;margin-left: auto;margin-right: auto;margin-top:8%;margin-bottom:20px;width:100%;\"><\/div><div class=\"fusion-builder-row fusion-builder-row-inner fusion-row fusion-flex-align-items-flex-start fusion-flex-content-wrap\" style=\"width:calc( 100% + 0px ) !important;max-width:calc( 100% + 0px ) !important;margin-left: calc(-0px \/ 2 );margin-right: calc(-0px \/ 2 );\"><div class=\"fusion-layout-column fusion_builder_column_inner fusion-builder-nested-column-11 fusion_builder_column_inner_1_1 1_1 fusion-flex-column fusion-column-inner-bg-wrapper\" style=\"--awb-padding-top:24px;--awb-padding-right:32px;--awb-padding-bottom:24px;--awb-padding-left:32px;--awb-inner-bg-color:var(--awb-color7);--awb-inner-bg-color-hover:var(--awb-color7);--awb-inner-bg-size:cover;--awb-width-large:100%;--awb-margin-top-large:0px;--awb-spacing-right-large:0px;--awb-margin-bottom-large:0px;--awb-spacing-left-large:0px;--awb-width-medium:100%;--awb-order-medium:0;--awb-spacing-right-medium:0px;--awb-spacing-left-medium:0px;--awb-width-small:100%;--awb-order-small:0;--awb-spacing-right-small:0px;--awb-spacing-left-small:0px;\" data-scroll-devices=\"small-visibility,medium-visibility,large-visibility\"><span class=\"fusion-column-inner-bg hover-type-zoomin\"><a class=\"fusion-column-anchor\" href=\"https:\/\/mobles-guell.com\/nosaltres\/\"><span class=\"fusion-column-inner-bg-image\"><\/span><\/a><\/span><div class=\"fusion-column-wrapper fusion-column-has-shadow fusion-flex-justify-content-flex-start fusion-content-layout-block\"><div class=\"fusion-fa-align-right\"><i class=\"fb-icon-element-9 fb-icon-element fontawesome-icon icon-furniturearrow-right-solid circle-yes\" style=\"--awb-circlecolor:rgba(24,27,32,0);--awb-circlecolor-hover:rgba(24,27,32,0);--awb-circlebordersize:1px;--awb-font-size:14.08px;--awb-width:28.16px;--awb-height:28.16px;--awb-line-height:26.16px;--awb-margin-top:-2px;\"><\/i><\/div><div class=\"fusion-text fusion-text-3 fusion-text-no-margin paragraph-small\" style=\"--awb-font-size:14px;--awb-line-height:26px;--awb-letter-spacing:0px;--awb-text-transform:var(--awb-typography2-text-transform);--awb-text-color:var(--awb-color1);--awb-margin-bottom:0px;--awb-text-font-family:var(--awb-typography3-font-family);--awb-text-font-weight:var(--awb-typography3-font-weight);--awb-text-font-style:var(--awb-typography3-font-style);\"><p>M\u00e1s informaci\u00f3n sobre nosotros<\/p>\n<\/div><\/div><\/div><\/div><\/div><\/div><\/div><\/div><div class=\"fusion-fullwidth fullwidth-box fusion-builder-row-5 fusion-flex-container nonhundred-percent-fullwidth non-hundred-percent-height-scrolling\" style=\"--awb-border-radius-top-left:0px;--awb-border-radius-top-right:0px;--awb-border-radius-bottom-right:0px;--awb-border-radius-bottom-left:0px;--awb-padding-bottom:4%;--awb-padding-top-medium:40px;--awb-flex-wrap:wrap;\" ><div class=\"fusion-builder-row fusion-row fusion-flex-align-items-flex-start fusion-flex-content-wrap\" style=\"max-width:1320.8px;margin-left: calc(-4% \/ 2 );margin-right: calc(-4% \/ 2 );\"><div class=\"fusion-layout-column fusion_builder_column fusion-builder-column-16 fusion_builder_column_1_1 1_1 fusion-flex-column\" style=\"--awb-padding-top:0%;--awb-bg-size:cover;--awb-transition:filter 0ms ease, transform 0ms ease, background-color 0ms ease, border-color 0ms ease;--awb-width-large:100%;--awb-margin-top-large:25px;--awb-spacing-right-large:1.92%;--awb-margin-bottom-large:0px;--awb-spacing-left-large:1.92%;--awb-width-medium:100%;--awb-spacing-right-medium:1.92%;--awb-spacing-left-medium:1.92%;--awb-width-small:100%;--awb-spacing-right-small:1.92%;--awb-spacing-left-small:1.92%;\"><div class=\"fusion-column-wrapper fusion-column-has-shadow fusion-flex-justify-content-flex-start fusion-content-layout-column\"><div class=\"fusion-title title fusion-title-19 fusion-sep-none fusion-title-text fusion-title-size-two\" style=\"--awb-margin-bottom:60px;\"><h2 class=\"fusion-title-heading title-heading-left fusion-responsive-typography-calculated\" style=\"margin:0;--fontSize:44;line-height:1.26;\">Marcas que encontrar\u00e1s en la exposici\u00f3n<\/h2><\/div><div class=\"fusion-image-carousel fusion-image-carousel-auto fusion-image-carousel-1\"><div class=\"awb-carousel awb-swiper awb-swiper-carousel awb-swiper-dots-position-bottom awb-carousel--carousel\" data-layout=\"carousel\" data-autoplay=\"no\" data-autoplayspeed=\"2500\" data-autoplaypause=\"no\" data-columns=\"6\" data-itemmargin=\"116\" data-itemwidth=\"180\" data-touchscroll=\"drag\" data-freemode=\"no\" data-imagesize=\"auto\" data-scrollitems=\"1\" data-centeredslides=\"no\" data-rotationangle=\"50\" data-depth=\"100\" data-speed=\"500\" data-shadow=\"no\" style=\"--awb-columns:6;--awb-column-spacing:116px;\"><div class=\"swiper-wrapper awb-image-carousel-wrapper fusion-flex-align-items-center\"><div class=\"swiper-slide\"><div class=\"fusion-carousel-item-wrapper\"><div class=\"fusion-image-wrapper hover-type-none\"><img decoding=\"async\" width=\"278\" height=\"200\" src=\"https:\/\/mobles-guell.com\/wp-content\/uploads\/2025\/10\/logo-abrito.jpg\" class=\"attachment-full size-full lazyload\" alt=\"\" srcset=\"data:image\/svg+xml,%3Csvg%20xmlns%3D%27http%3A%2F%2Fwww.w3.org%2F2000%2Fsvg%27%20width%3D%27278%27%20height%3D%27200%27%20viewBox%3D%270%200%20278%20200%27%3E%3Crect%20width%3D%27278%27%20height%3D%27200%27%20fill-opacity%3D%220%22%2F%3E%3C%2Fsvg%3E\" data-orig-src=\"https:\/\/mobles-guell.com\/wp-content\/uploads\/2025\/10\/logo-abrito.jpg\" data-srcset=\"https:\/\/mobles-guell.com\/wp-content\/uploads\/2025\/10\/logo-abrito-200x144.jpg 200w, https:\/\/mobles-guell.com\/wp-content\/uploads\/2025\/10\/logo-abrito.jpg 278w\" data-sizes=\"auto\" \/><\/div><\/div><\/div><div class=\"swiper-slide\"><div class=\"fusion-carousel-item-wrapper\"><div class=\"fusion-image-wrapper hover-type-none\"><img decoding=\"async\" width=\"78\" height=\"15\" src=\"data:image\/svg+xml,%3Csvg%20xmlns%3D%27http%3A%2F%2Fwww.w3.org%2F2000%2Fsvg%27%20width%3D%2778%27%20height%3D%2715%27%20viewBox%3D%270%200%2078%2015%27%3E%3Crect%20width%3D%2778%27%20height%3D%2715%27%20fill-opacity%3D%220%22%2F%3E%3C%2Fsvg%3E\" class=\"attachment-full size-full lazyload\" alt=\"\" data-orig-src=\"https:\/\/mobles-guell.com\/wp-content\/uploads\/2025\/10\/actiu-logo-1614871021_resultat.webp\" \/><\/div><\/div><\/div><div class=\"swiper-slide\"><div class=\"fusion-carousel-item-wrapper\"><div class=\"fusion-image-wrapper hover-type-none\"><img decoding=\"async\" width=\"672\" height=\"392\" src=\"https:\/\/mobles-guell.com\/wp-content\/uploads\/2025\/10\/logotipo-funcional-mobiliario-altair_resultat.webp\" class=\"attachment-full size-full lazyload\" alt=\"\" srcset=\"data:image\/svg+xml,%3Csvg%20xmlns%3D%27http%3A%2F%2Fwww.w3.org%2F2000%2Fsvg%27%20width%3D%27672%27%20height%3D%27392%27%20viewBox%3D%270%200%20672%20392%27%3E%3Crect%20width%3D%27672%27%20height%3D%27392%27%20fill-opacity%3D%220%22%2F%3E%3C%2Fsvg%3E\" data-orig-src=\"https:\/\/mobles-guell.com\/wp-content\/uploads\/2025\/10\/logotipo-funcional-mobiliario-altair_resultat.webp\" data-srcset=\"https:\/\/mobles-guell.com\/wp-content\/uploads\/2025\/10\/logotipo-funcional-mobiliario-altair_resultat-200x117.webp 200w, https:\/\/mobles-guell.com\/wp-content\/uploads\/2025\/10\/logotipo-funcional-mobiliario-altair_resultat-300x175.webp 300w, https:\/\/mobles-guell.com\/wp-content\/uploads\/2025\/10\/logotipo-funcional-mobiliario-altair_resultat-400x233.webp 400w, https:\/\/mobles-guell.com\/wp-content\/uploads\/2025\/10\/logotipo-funcional-mobiliario-altair_resultat-500x292.webp 500w, https:\/\/mobles-guell.com\/wp-content\/uploads\/2025\/10\/logotipo-funcional-mobiliario-altair_resultat-600x350.webp 600w, https:\/\/mobles-guell.com\/wp-content\/uploads\/2025\/10\/logotipo-funcional-mobiliario-altair_resultat.webp 672w\" data-sizes=\"auto\" \/><\/div><\/div><\/div><div class=\"swiper-slide\"><div class=\"fusion-carousel-item-wrapper\"><div class=\"fusion-image-wrapper hover-type-none\"><img decoding=\"async\" width=\"350\" height=\"350\" src=\"https:\/\/mobles-guell.com\/wp-content\/uploads\/2025\/10\/Andreu-World-logo_resultat.webp\" class=\"attachment-full size-full lazyload\" alt=\"\" srcset=\"data:image\/svg+xml,%3Csvg%20xmlns%3D%27http%3A%2F%2Fwww.w3.org%2F2000%2Fsvg%27%20width%3D%27350%27%20height%3D%27350%27%20viewBox%3D%270%200%20350%20350%27%3E%3Crect%20width%3D%27350%27%20height%3D%27350%27%20fill-opacity%3D%220%22%2F%3E%3C%2Fsvg%3E\" data-orig-src=\"https:\/\/mobles-guell.com\/wp-content\/uploads\/2025\/10\/Andreu-World-logo_resultat.webp\" data-srcset=\"https:\/\/mobles-guell.com\/wp-content\/uploads\/2025\/10\/Andreu-World-logo_resultat-66x66.webp 66w, https:\/\/mobles-guell.com\/wp-content\/uploads\/2025\/10\/Andreu-World-logo_resultat-100x100.webp 100w, https:\/\/mobles-guell.com\/wp-content\/uploads\/2025\/10\/Andreu-World-logo_resultat-150x150.webp 150w, https:\/\/mobles-guell.com\/wp-content\/uploads\/2025\/10\/Andreu-World-logo_resultat-200x200.webp 200w, https:\/\/mobles-guell.com\/wp-content\/uploads\/2025\/10\/Andreu-World-logo_resultat-300x300.webp 300w, https:\/\/mobles-guell.com\/wp-content\/uploads\/2025\/10\/Andreu-World-logo_resultat.webp 350w\" data-sizes=\"auto\" \/><\/div><\/div><\/div><div class=\"swiper-slide\"><div class=\"fusion-carousel-item-wrapper\"><div class=\"fusion-image-wrapper hover-type-none\"><img decoding=\"async\" width=\"437\" height=\"92\" src=\"https:\/\/mobles-guell.com\/wp-content\/uploads\/2025\/10\/Logo-piedra-mes_resultat.webp\" class=\"attachment-full size-full lazyload\" alt=\"\" srcset=\"data:image\/svg+xml,%3Csvg%20xmlns%3D%27http%3A%2F%2Fwww.w3.org%2F2000%2Fsvg%27%20width%3D%27437%27%20height%3D%2792%27%20viewBox%3D%270%200%20437%2092%27%3E%3Crect%20width%3D%27437%27%20height%3D%2792%27%20fill-opacity%3D%220%22%2F%3E%3C%2Fsvg%3E\" data-orig-src=\"https:\/\/mobles-guell.com\/wp-content\/uploads\/2025\/10\/Logo-piedra-mes_resultat.webp\" data-srcset=\"https:\/\/mobles-guell.com\/wp-content\/uploads\/2025\/10\/Logo-piedra-mes_resultat-200x42.webp 200w, https:\/\/mobles-guell.com\/wp-content\/uploads\/2025\/10\/Logo-piedra-mes_resultat-300x63.webp 300w, https:\/\/mobles-guell.com\/wp-content\/uploads\/2025\/10\/Logo-piedra-mes_resultat-400x84.webp 400w, https:\/\/mobles-guell.com\/wp-content\/uploads\/2025\/10\/Logo-piedra-mes_resultat.webp 437w\" data-sizes=\"auto\" \/><\/div><\/div><\/div><div class=\"swiper-slide\"><div class=\"fusion-carousel-item-wrapper\"><div class=\"fusion-image-wrapper hover-type-none\"><img decoding=\"async\" width=\"728\" height=\"536\" src=\"https:\/\/mobles-guell.com\/wp-content\/uploads\/2025\/10\/Captura-de-Pantalla-2025-10-20-a-las-13.15.44_resultat.webp\" class=\"attachment-full size-full lazyload\" alt=\"\" srcset=\"data:image\/svg+xml,%3Csvg%20xmlns%3D%27http%3A%2F%2Fwww.w3.org%2F2000%2Fsvg%27%20width%3D%27728%27%20height%3D%27536%27%20viewBox%3D%270%200%20728%20536%27%3E%3Crect%20width%3D%27728%27%20height%3D%27536%27%20fill-opacity%3D%220%22%2F%3E%3C%2Fsvg%3E\" data-orig-src=\"https:\/\/mobles-guell.com\/wp-content\/uploads\/2025\/10\/Captura-de-Pantalla-2025-10-20-a-las-13.15.44_resultat.webp\" data-srcset=\"https:\/\/mobles-guell.com\/wp-content\/uploads\/2025\/10\/Captura-de-Pantalla-2025-10-20-a-las-13.15.44_resultat-200x147.webp 200w, https:\/\/mobles-guell.com\/wp-content\/uploads\/2025\/10\/Captura-de-Pantalla-2025-10-20-a-las-13.15.44_resultat-300x221.webp 300w, https:\/\/mobles-guell.com\/wp-content\/uploads\/2025\/10\/Captura-de-Pantalla-2025-10-20-a-las-13.15.44_resultat-400x295.webp 400w, https:\/\/mobles-guell.com\/wp-content\/uploads\/2025\/10\/Captura-de-Pantalla-2025-10-20-a-las-13.15.44_resultat-500x368.webp 500w, https:\/\/mobles-guell.com\/wp-content\/uploads\/2025\/10\/Captura-de-Pantalla-2025-10-20-a-las-13.15.44_resultat-600x442.webp 600w, https:\/\/mobles-guell.com\/wp-content\/uploads\/2025\/10\/Captura-de-Pantalla-2025-10-20-a-las-13.15.44_resultat-700x515.webp 700w, https:\/\/mobles-guell.com\/wp-content\/uploads\/2025\/10\/Captura-de-Pantalla-2025-10-20-a-las-13.15.44_resultat.webp 728w\" data-sizes=\"auto\" \/><\/div><\/div><\/div><div class=\"swiper-slide\"><div class=\"fusion-carousel-item-wrapper\"><div class=\"fusion-image-wrapper hover-type-none\"><img decoding=\"async\" width=\"200\" height=\"60\" src=\"data:image\/svg+xml,%3Csvg%20xmlns%3D%27http%3A%2F%2Fwww.w3.org%2F2000%2Fsvg%27%20width%3D%27200%27%20height%3D%2760%27%20viewBox%3D%270%200%20200%2060%27%3E%3Crect%20width%3D%27200%27%20height%3D%2760%27%20fill-opacity%3D%220%22%2F%3E%3C%2Fsvg%3E\" class=\"attachment-full size-full lazyload\" alt=\"Urbano\" data-orig-src=\"https:\/\/mobles-guell.com\/wp-content\/uploads\/2020\/01\/urbano.png\" \/><\/div><\/div><\/div><\/div><\/div><\/div><div ><a class=\"fusion-button button-flat fusion-button-default-size button-default fusion-button-default button-2 fusion-button-span-yes fusion-button-default-type\" target=\"_self\" href=\"https:\/\/mobles-guell.com\/marques-de-mobles\/\"><span class=\"fusion-button-text awb-button__text awb-button__text--default\">Ver todas las marcas<\/span><\/a><\/div><\/div><\/div><\/div><\/div><div class=\"fusion-fullwidth fullwidth-box fusion-builder-row-6 fusion-flex-container nonhundred-percent-fullwidth non-hundred-percent-height-scrolling\" style=\"--awb-border-radius-top-left:0px;--awb-border-radius-top-right:0px;--awb-border-radius-bottom-right:0px;--awb-border-radius-bottom-left:0px;--awb-padding-top:6%;--awb-padding-bottom:6%;--awb-padding-top-medium:42px;--awb-background-color:var(--awb-color2);--awb-flex-wrap:wrap;\" ><div class=\"fusion-builder-row fusion-row fusion-flex-align-items-stretch fusion-flex-content-wrap\" style=\"max-width:1320.8px;margin-left: calc(-4% \/ 2 );margin-right: calc(-4% \/ 2 );\"><div class=\"fusion-layout-column fusion_builder_column fusion-builder-column-17 fusion_builder_column_1_1 1_1 fusion-flex-column\" style=\"--awb-bg-size:cover;--awb-width-large:100%;--awb-margin-top-large:25px;--awb-spacing-right-large:1.92%;--awb-margin-bottom-large:0px;--awb-spacing-left-large:1.92%;--awb-width-medium:100%;--awb-spacing-right-medium:1.92%;--awb-spacing-left-medium:1.92%;--awb-width-small:100%;--awb-spacing-right-small:1.92%;--awb-spacing-left-small:1.92%;\"><div class=\"fusion-column-wrapper fusion-column-has-shadow fusion-flex-justify-content-flex-start fusion-content-layout-column\"><div class=\"fusion-title title fusion-title-20 fusion-sep-none fusion-title-text fusion-title-size-six\" style=\"--awb-margin-bottom:10px;--awb-margin-bottom-small:10px;\"><h6 class=\"fusion-title-heading title-heading-left fusion-responsive-typography-calculated\" style=\"margin:0;text-transform:var(--awb-typography2-text-transform);--fontSize:12;--minFontSize:12;line-height:var(--awb-typography2-line-height);\">Te ayudamos<\/h6><\/div><\/div><\/div><div class=\"fusion-layout-column fusion_builder_column fusion-builder-column-18 fusion_builder_column_1_2 1_2 fusion-flex-column fusion-animated\" style=\"--awb-bg-size:cover;--awb-width-large:50%;--awb-margin-top-large:0px;--awb-spacing-right-large:3.84%;--awb-margin-bottom-large:1px;--awb-spacing-left-large:3.84%;--awb-width-medium:60%;--awb-spacing-right-medium:3.2%;--awb-spacing-left-medium:3.2%;--awb-width-small:100%;--awb-spacing-right-small:1.92%;--awb-spacing-left-small:1.92%;\" data-animationType=\"fadeIn\" data-animationDuration=\"0.8\" data-animationOffset=\"top-into-view\"><div class=\"fusion-column-wrapper fusion-column-has-shadow fusion-flex-justify-content-flex-start fusion-content-layout-column\"><div class=\"fusion-title title fusion-title-21 fusion-sep-none fusion-title-text fusion-title-size-two\"><h2 class=\"fusion-title-heading title-heading-left fusion-responsive-typography-calculated\" style=\"margin:0;--fontSize:44;line-height:1.26;\">Nuestros servicios<\/h2><\/div><\/div><\/div><div class=\"fusion-layout-column fusion_builder_column fusion-builder-column-19 fusion_builder_column_1_4 1_4 fusion-flex-column fusion-no-small-visibility fusion-no-medium-visibility\" style=\"--awb-bg-size:cover;--awb-width-large:25%;--awb-margin-top-large:0px;--awb-spacing-right-large:21px;--awb-margin-bottom-large:10px;--awb-spacing-left-large:7.68%;--awb-width-medium:100%;--awb-spacing-right-medium:1.92%;--awb-spacing-left-medium:1.92%;--awb-width-small:100%;--awb-spacing-right-small:1.92%;--awb-spacing-left-small:1.92%;\"><div class=\"fusion-column-wrapper fusion-column-has-shadow fusion-flex-justify-content-flex-start fusion-content-layout-column\"><\/div><\/div><div class=\"fusion-layout-column fusion_builder_column fusion-builder-column-20 fusion_builder_column_1_4 1_4 fusion-flex-column fusion-column-inner-bg-wrapper fusion-animated\" style=\"--awb-inner-bg-size:cover;--awb-width-large:25%;--awb-margin-top-large:18px;--awb-spacing-right-large:7.68%;--awb-margin-bottom-large:25px;--awb-spacing-left-large:21px;--awb-width-medium:40%;--awb-spacing-right-medium:4.8%;--awb-margin-bottom-medium:30px;--awb-spacing-left-medium:21px;--awb-width-small:100%;--awb-spacing-right-small:1.92%;--awb-spacing-left-small:1.92%;\" data-animationType=\"fadeIn\" data-animationDuration=\"0.8\" data-animationOffset=\"top-into-view\"><span class=\"fusion-column-inner-bg hover-type-none\"><a class=\"fusion-column-anchor\" href=\"https:\/\/mobles-guell.com\/serveis\/\"><span class=\"fusion-column-inner-bg-image\"><\/span><\/a><\/span><div class=\"fusion-column-wrapper fusion-column-has-shadow fusion-flex-justify-content-flex-start fusion-content-layout-column\"><div ><a class=\"fusion-button button-flat fusion-button-default-size button-default fusion-button-default button-3 fusion-button-span-yes fusion-button-default-type\" target=\"_self\" href=\"https:\/\/mobles-guell.com\/serveis\/\"><span class=\"fusion-button-text awb-button__text awb-button__text--default\">M\u00e1s informaci\u00f3n<\/span><\/a><\/div><\/div><\/div><div class=\"fusion-layout-column fusion_builder_column fusion-builder-column-21 fusion_builder_column_1_4 1_4 fusion-flex-column fusion-animated\" style=\"--awb-padding-top:11%;--awb-padding-right:11%;--awb-padding-bottom:8%;--awb-padding-left:11%;--awb-padding-top-medium:60px;--awb-padding-right-medium:50px;--awb-padding-bottom-medium:60px;--awb-padding-left-medium:50px;--awb-bg-color:var(--awb-color1);--awb-bg-color-hover:var(--awb-color1);--awb-bg-size:cover;--awb-width-large:25%;--awb-margin-top-large:25px;--awb-spacing-right-large:20px;--awb-margin-bottom-large:25px;--awb-spacing-left-large:7.68%;--awb-width-medium:100%;--awb-spacing-right-medium:1.92%;--awb-margin-bottom-medium:16px;--awb-spacing-left-medium:1.92%;--awb-width-small:100%;--awb-spacing-right-small:1.92%;--awb-spacing-left-small:1.92%;\" data-animationType=\"fadeIn\" data-animationDuration=\"0.8\" data-animationOffset=\"top-into-view\"><div class=\"fusion-column-wrapper fusion-column-has-shadow fusion-flex-justify-content-flex-start fusion-content-layout-column\"><i class=\"fb-icon-element-10 fb-icon-element fontawesome-icon fa-hammer fas circle-no fusion-text-flow icon-hover-animation-slide\" style=\"--awb-iconcolor:var(--awb-color7);--awb-iconcolor-hover:var(--awb-color7);--awb-circlecolor:rgba(250,250,250,0);--awb-font-size:36px;--awb-margin-right:18px;\"><\/i><div class=\"fusion-separator fusion-full-width-sep\" style=\"align-self: center;margin-left: auto;margin-right: auto;margin-bottom:42px;width:100%;\"><\/div><div class=\"fusion-title title fusion-title-22 fusion-sep-none fusion-title-text fusion-title-size-five\"><h5 class=\"fusion-title-heading title-heading-left fusion-responsive-typography-calculated\" style=\"margin:0;--fontSize:18;--minFontSize:18;line-height:1.68;\"><strong>Instaladores propios<\/strong><\/h5><\/div><div class=\"fusion-text fusion-text-4\"><p>No te preocupes por qui\u00e9n montar\u00e1 tus muebles. Contamos con un equipo de profesionales con a\u00f1os de experiencia. <\/p>\n<p>Para nosotros, tu tranquilidad es lo m\u00e1s importante.<\/p>\n<\/div><\/div><\/div><div class=\"fusion-layout-column fusion_builder_column fusion-builder-column-22 fusion_builder_column_1_4 1_4 fusion-flex-column fusion-animated\" style=\"--awb-padding-top:11%;--awb-padding-right:11%;--awb-padding-bottom:8%;--awb-padding-left:11%;--awb-padding-top-medium:60px;--awb-padding-right-medium:50px;--awb-padding-bottom-medium:60px;--awb-padding-left-medium:50px;--awb-bg-color:var(--awb-color1);--awb-bg-color-hover:var(--awb-color1);--awb-bg-size:cover;--awb-width-large:25%;--awb-margin-top-large:25px;--awb-spacing-right-large:20px;--awb-margin-bottom-large:25px;--awb-spacing-left-large:20px;--awb-width-medium:100%;--awb-margin-top-medium:10px;--awb-spacing-right-medium:1.92%;--awb-margin-bottom-medium:16px;--awb-spacing-left-medium:1.92%;--awb-width-small:100%;--awb-spacing-right-small:1.92%;--awb-spacing-left-small:1.92%;\" data-animationType=\"fadeIn\" data-animationDuration=\"0.8\" data-animationOffset=\"top-into-view\"><div class=\"fusion-column-wrapper fusion-column-has-shadow fusion-flex-justify-content-flex-start fusion-content-layout-column\"><i class=\"fb-icon-element-11 fb-icon-element fontawesome-icon icon-furnituresofa-bold circle-no fusion-text-flow icon-hover-animation-slide\" style=\"--awb-iconcolor:var(--awb-color7);--awb-iconcolor-hover:var(--awb-color7);--awb-circlecolor:rgba(250,250,250,0);--awb-font-size:36px;--awb-margin-right:18px;\"><\/i><div class=\"fusion-separator fusion-full-width-sep\" style=\"align-self: center;margin-left: auto;margin-right: auto;margin-bottom:42px;width:100%;\"><\/div><div class=\"fusion-title title fusion-title-23 fusion-sep-none fusion-title-text fusion-title-size-five\"><h5 class=\"fusion-title-heading title-heading-left fusion-responsive-typography-calculated\" style=\"margin:0;--fontSize:18;--minFontSize:18;line-height:1.68;\"><strong>Muebles a medida<\/strong><\/h5><\/div><div class=\"fusion-text fusion-text-5\"><p>Como si fuera un traje a medida. Cu\u00e9ntanos qu\u00e9 necesitas y c\u00f3mo te imaginas tu hogar. <\/p>\n<p>Y nuestros dise\u00f1adores de interiores se encargar\u00e1n de hacer realidad los muebles de tus sue\u00f1os.<\/p>\n<\/div><\/div><\/div><div class=\"fusion-layout-column fusion_builder_column fusion-builder-column-23 fusion_builder_column_1_4 1_4 fusion-flex-column fusion-animated\" style=\"--awb-padding-top:11%;--awb-padding-right:11%;--awb-padding-bottom:8%;--awb-padding-left:11%;--awb-padding-top-medium:60px;--awb-padding-right-medium:50px;--awb-padding-bottom-medium:60px;--awb-padding-left-medium:50px;--awb-bg-color:var(--awb-color1);--awb-bg-color-hover:var(--awb-color1);--awb-bg-size:cover;--awb-width-large:25%;--awb-margin-top-large:25px;--awb-spacing-right-large:7.68%;--awb-margin-bottom-large:25px;--awb-spacing-left-large:20px;--awb-width-medium:100%;--awb-margin-top-medium:10px;--awb-spacing-right-medium:1.92%;--awb-margin-bottom-medium:16px;--awb-spacing-left-medium:1.92%;--awb-width-small:100%;--awb-spacing-right-small:1.92%;--awb-spacing-left-small:1.92%;\" data-animationType=\"fadeIn\" data-animationDuration=\"0.8\" data-animationOffset=\"top-into-view\"><div class=\"fusion-column-wrapper fusion-column-has-shadow fusion-flex-justify-content-flex-start fusion-content-layout-column\"><i class=\"fb-icon-element-12 fb-icon-element fontawesome-icon fa-shuttle-van fas circle-no fusion-text-flow icon-hover-animation-slide\" style=\"--awb-iconcolor:var(--awb-color7);--awb-iconcolor-hover:var(--awb-color7);--awb-circlecolor:rgba(250,250,250,0);--awb-font-size:36px;--awb-margin-right:18px;\"><\/i><div class=\"fusion-separator fusion-full-width-sep\" style=\"align-self: center;margin-left: auto;margin-right: auto;margin-bottom:42px;width:100%;\"><\/div><div class=\"fusion-title title fusion-title-24 fusion-sep-none fusion-title-text fusion-title-size-five\"><h5 class=\"fusion-title-heading title-heading-left fusion-responsive-typography-calculated\" style=\"margin:0;--fontSize:18;--minFontSize:18;line-height:1.68;\"><strong>Transporte gratuito<\/strong><\/h5><\/div><div class=\"fusion-text fusion-text-6\"><p>No te preocupes por recoger tus muebles; nosotros nos encargaremos de todo. Te los entregaremos, los montaremos y responderemos a cualquier pregunta que puedas tener. Este servicio es totalmente gratuito.<\/p>\n<\/div><\/div><\/div><div class=\"fusion-layout-column fusion_builder_column fusion-builder-column-24 fusion_builder_column_1_4 1_4 fusion-flex-column fusion-animated\" style=\"--awb-padding-top:11%;--awb-padding-right:11%;--awb-padding-bottom:8%;--awb-padding-left:11%;--awb-padding-top-medium:60px;--awb-padding-right-medium:50px;--awb-padding-bottom-medium:60px;--awb-padding-left-medium:50px;--awb-bg-color:var(--awb-color1);--awb-bg-color-hover:var(--awb-color1);--awb-bg-size:cover;--awb-width-large:25%;--awb-margin-top-large:25px;--awb-spacing-right-large:7.68%;--awb-margin-bottom-large:25px;--awb-spacing-left-large:20px;--awb-width-medium:100%;--awb-margin-top-medium:10px;--awb-spacing-right-medium:1.92%;--awb-margin-bottom-medium:16px;--awb-spacing-left-medium:1.92%;--awb-width-small:100%;--awb-spacing-right-small:1.92%;--awb-spacing-left-small:1.92%;\" data-animationType=\"fadeIn\" data-animationDuration=\"0.8\" data-animationOffset=\"top-into-view\"><div class=\"fusion-column-wrapper fusion-column-has-shadow fusion-flex-justify-content-flex-start fusion-content-layout-column\"><i class=\"fb-icon-element-13 fb-icon-element fontawesome-icon fa-feather-alt fas circle-no fusion-text-flow icon-hover-animation-slide\" style=\"--awb-iconcolor:var(--awb-color7);--awb-iconcolor-hover:var(--awb-color7);--awb-circlecolor:rgba(250,250,250,0);--awb-font-size:36px;--awb-margin-right:18px;\"><\/i><div class=\"fusion-separator fusion-full-width-sep\" style=\"align-self: center;margin-left: auto;margin-right: auto;margin-bottom:42px;width:100%;\"><\/div><div class=\"fusion-title title fusion-title-25 fusion-sep-none fusion-title-text fusion-title-size-five\"><h5 class=\"fusion-title-heading title-heading-left fusion-responsive-typography-calculated\" style=\"margin:0;--fontSize:18;--minFontSize:18;line-height:1.68;\"><strong>Interiorismo<\/strong><\/h5><\/div><div class=\"fusion-text fusion-text-7\"><p>Ofrecemos un servicio de dise\u00f1o de interiores y te ayudamos a dise\u00f1ar el interior de tus estancias, adaptando cada espacio a tu estilo, tus necesidades y tu personalidad para que resulte funcional, acogedor y \u00fanico.<\/p>\n<\/div><\/div><\/div><\/div><\/div><div class=\"fusion-fullwidth fullwidth-box fusion-builder-row-7 fusion-flex-container video-background nonhundred-percent-fullwidth non-hundred-percent-height-scrolling lazyload\" style=\"--awb-border-radius-top-left:0px;--awb-border-radius-top-right:0px;--awb-border-radius-bottom-right:0px;--awb-border-radius-bottom-left:0px;--awb-padding-top:16%;--awb-padding-bottom:0px;--awb-padding-top-medium:60px;--awb-background-color:hsla(var(--awb-color7-h),var(--awb-color7-s),var(--awb-color7-l),calc( var(--awb-color7-a) - 50% ));--awb-flex-wrap:wrap;\" data-bg=\"https:\/\/mobles-guell.com\/wp-content\/uploads\/2020\/01\/video-large-scaled.jpg\" ><div class=\"fullwidth-video\"><video preload=\"auto\" autoplay playsinline loop muted><source src=\"https:\/\/mobles-guell.com\/wp-content\/uploads\/2026\/01\/MG-banner.mov\" type=\"video\/mp4\"><\/video><\/div><div class=\"fullwidth-overlay\" style=\"background-color:hsla(var(--awb-color7-h),var(--awb-color7-s),var(--awb-color7-l),calc( var(--awb-color7-a) - 50% ));\"><\/div><div class=\"fusion-builder-row fusion-row fusion-flex-align-items-flex-start fusion-flex-content-wrap\" style=\"max-width:1320.8px;margin-left: calc(-4% \/ 2 );margin-right: calc(-4% \/ 2 );\"><div class=\"fusion-layout-column fusion_builder_column fusion-builder-column-25 fusion_builder_column_1_1 1_1 fusion-flex-column\" style=\"--awb-bg-size:cover;--awb-width-large:100%;--awb-margin-top-large:0px;--awb-spacing-right-large:1.92%;--awb-margin-bottom-large:0px;--awb-spacing-left-large:1.92%;--awb-width-medium:100%;--awb-spacing-right-medium:1.92%;--awb-spacing-left-medium:1.92%;--awb-width-small:100%;--awb-spacing-right-small:1.92%;--awb-spacing-left-small:1.92%;\"><div class=\"fusion-column-wrapper fusion-column-has-shadow fusion-flex-justify-content-flex-start fusion-content-layout-column\"><div class=\"fusion-separator fusion-full-width-sep\" style=\"align-self: center;margin-left: auto;margin-right: auto;margin-top:300px;width:100%;\"><\/div><\/div><\/div><\/div><\/div><div class=\"fusion-fullwidth fullwidth-box fusion-builder-row-8 fusion-flex-container nonhundred-percent-fullwidth non-hundred-percent-height-scrolling\" style=\"--awb-border-radius-top-left:0px;--awb-border-radius-top-right:0px;--awb-border-radius-bottom-right:0px;--awb-border-radius-bottom-left:0px;--awb-flex-wrap:wrap;\" ><div class=\"fusion-builder-row fusion-row fusion-flex-align-items-flex-start fusion-flex-content-wrap\" style=\"max-width:1320.8px;margin-left: calc(-4% \/ 2 );margin-right: calc(-4% \/ 2 );\"><div class=\"fusion-layout-column fusion_builder_column fusion-builder-column-26 fusion_builder_column_1_4 1_4 fusion-flex-column fusion-no-small-visibility fusion-no-medium-visibility\" style=\"--awb-bg-size:cover;--awb-width-large:25%;--awb-margin-top-large:0px;--awb-spacing-right-large:3.84%;--awb-margin-bottom-large:5px;--awb-spacing-left-large:7.68%;--awb-width-medium:16.666666666667%;--awb-spacing-right-medium:5.76%;--awb-spacing-left-medium:11.52%;--awb-width-small:100%;--awb-spacing-right-small:1.92%;--awb-spacing-left-small:1.92%;\"><div class=\"fusion-column-wrapper fusion-column-has-shadow fusion-flex-justify-content-flex-start fusion-content-layout-column\"><\/div><\/div><div class=\"fusion-layout-column fusion_builder_column fusion-builder-column-27 fusion_builder_column_1_2 1_2 fusion-flex-column\" style=\"--awb-bg-size:cover;--awb-width-large:50%;--awb-margin-top-large:25px;--awb-spacing-right-large:1.92%;--awb-margin-bottom-large:60px;--awb-spacing-left-large:1.92%;--awb-width-medium:100%;--awb-margin-top-medium:10px;--awb-spacing-right-medium:7.68%;--awb-margin-bottom-medium:30px;--awb-spacing-left-medium:7.68%;--awb-width-small:100%;--awb-spacing-right-small:1.92%;--awb-spacing-left-small:1.92%;\"><div class=\"fusion-column-wrapper fusion-column-has-shadow fusion-flex-justify-content-flex-start fusion-content-layout-column\"><div class=\"fusion-title title fusion-title-26 fusion-sep-none fusion-title-center fusion-title-text fusion-title-size-three\"><h3 class=\"fusion-title-heading title-heading-center fusion-responsive-typography-calculated\" style=\"margin:0;--fontSize:28;line-height:1.32;\">Estigues al dia de tot el que fem!<\/h3><\/div><div class=\"fusion-text fusion-text-8\" style=\"--awb-content-alignment:center;\"><p>Segueix-nos a les nostres xarxes socials per estar al dia de totes les novetats<\/p>\n<\/div><div class=\"fusion-separator fusion-full-width-sep\" style=\"align-self: center;margin-left: auto;margin-right: auto;margin-top:16px;width:100%;\"><\/div><div style=\"text-align:center;\"><a class=\"fusion-button button-flat button-xlarge button-custom fusion-button-default button-4 fusion-button-default-span fusion-button-default-type\" style=\"--button_accent_color:var(--awb-color7);--button_border_color:var(--awb-color3);--button_accent_hover_color:var(--awb-color1);--button_border_hover_color:var(--awb-color7);--button_border_width-top:1px;--button_border_width-right:1px;--button_border_width-bottom:1px;--button_border_width-left:1px;--button_gradient_top_color:var(--awb-color1);--button_gradient_bottom_color:var(--awb-color1);--button_gradient_top_color_hover:hsla(var(--awb-color8-h),var(--awb-color8-s),var(--awb-color8-l),calc(var(--awb-color8-a) - 8%));--button_gradient_bottom_color_hover:hsla(var(--awb-color8-h),var(--awb-color8-s),var(--awb-color8-l),calc(var(--awb-color8-a) - 8%));\" target=\"_self\" href=\"https:\/\/www.instagram.com\/moblesguell\/?hl=es\" rel=\"noopener\"><span class=\"fusion-button-text awb-button__text awb-button__text--default\">Segueix-nos<\/span><i class=\"icon-furnitureinstagram-brands awb-button__icon awb-button__icon--default button-icon-right\" aria-hidden=\"true\"><\/i><\/a><\/div><\/div><\/div><div class=\"fusion-layout-column fusion_builder_column fusion-builder-column-28 fusion_builder_column_1_4 1_4 fusion-flex-column fusion-no-small-visibility fusion-no-medium-visibility\" style=\"--awb-bg-size:cover;--awb-width-large:25%;--awb-margin-top-large:0px;--awb-spacing-right-large:7.68%;--awb-margin-bottom-large:5px;--awb-spacing-left-large:3.84%;--awb-width-medium:16.666666666667%;--awb-spacing-right-medium:11.52%;--awb-spacing-left-medium:5.76%;--awb-width-small:100%;--awb-spacing-right-small:1.92%;--awb-spacing-left-small:1.92%;\"><div class=\"fusion-column-wrapper fusion-column-has-shadow fusion-flex-justify-content-flex-start fusion-content-layout-column\"><\/div><\/div><div class=\"fusion-layout-column fusion_builder_column fusion-builder-column-29 fusion_builder_column_1_1 1_1 fusion-flex-column\" style=\"--awb-bg-size:cover;--awb-width-large:100%;--awb-margin-top-large:25px;--awb-spacing-right-large:1.92%;--awb-margin-bottom-large:25px;--awb-spacing-left-large:1.92%;--awb-width-medium:100%;--awb-spacing-right-medium:1.92%;--awb-spacing-left-medium:1.92%;--awb-width-small:100%;--awb-spacing-right-small:1.92%;--awb-spacing-left-small:1.92%;\"><div class=\"fusion-column-wrapper fusion-column-has-shadow fusion-flex-justify-content-flex-start fusion-content-layout-column\"><div class=\"awb-gallery-wrapper awb-gallery-wrapper-1 button-span-no\" data-limit=\"10\" data-page=\"1\"><div style=\"margin:0px;--awb-bordersize:0px;\" class=\"fusion-gallery fusion-gallery-container fusion-grid-4 fusion-columns-total-4 fusion-gallery-layout-grid fusion-gallery-1\"><div style=\"padding:0px;\" class=\"fusion-grid-column fusion-gallery-column fusion-gallery-column-4 hover-type-zoomin\"><div class=\"fusion-gallery-image\"><a href=\"https:\/\/mobles-guell.com\/wp-content\/uploads\/2025\/11\/MoblesClassics_10-e1763630185904.jpg\" rel=\"noreferrer\" data-rel=\"iLightbox[gallery_image_1]\" class=\"fusion-lightbox\" target=\"_self\"><img decoding=\"async\" src=\"https:\/\/mobles-guell.com\/wp-content\/uploads\/2025\/11\/MoblesClassics_10-e1763630185904.jpg\" data-orig-src=\"https:\/\/mobles-guell.com\/wp-content\/uploads\/2025\/11\/MoblesClassics_10-e1763630185904.jpg\" width=\"934\" height=\"934\" alt=\"\" title=\"MoblesClassics_10\" aria-label=\"MoblesClassics_10\" class=\"lazyload img-responsive wp-image-4625\" srcset=\"data:image\/svg+xml,%3Csvg%20xmlns%3D%27http%3A%2F%2Fwww.w3.org%2F2000%2Fsvg%27%20width%3D%27934%27%20height%3D%27934%27%20viewBox%3D%270%200%20934%20934%27%3E%3Crect%20width%3D%27934%27%20height%3D%27934%27%20fill-opacity%3D%220%22%2F%3E%3C%2Fsvg%3E\" data-srcset=\"https:\/\/mobles-guell.com\/wp-content\/uploads\/2025\/11\/MoblesClassics_10-e1763630185904-200x200.jpg 200w, https:\/\/mobles-guell.com\/wp-content\/uploads\/2025\/11\/MoblesClassics_10-e1763630185904-400x400.jpg 400w, https:\/\/mobles-guell.com\/wp-content\/uploads\/2025\/11\/MoblesClassics_10-e1763630185904-600x600.jpg 600w, https:\/\/mobles-guell.com\/wp-content\/uploads\/2025\/11\/MoblesClassics_10-e1763630185904-800x800.jpg 800w, https:\/\/mobles-guell.com\/wp-content\/uploads\/2025\/11\/MoblesClassics_10-e1763630185904.jpg 934w\" data-sizes=\"auto\" data-orig-sizes=\"(min-width: 2200px) 100vw, (min-width: 856px) 318px, (min-width: 784px) 423px, (min-width: 712px) 635px, (min-width: 640px) 712px, \" \/><\/a><\/div><\/div><div style=\"padding:0px;\" class=\"fusion-grid-column fusion-gallery-column fusion-gallery-column-4 hover-type-zoomin\"><div class=\"fusion-gallery-image\"><a href=\"https:\/\/mobles-guell.com\/wp-content\/uploads\/2025\/11\/MG-Desembre-282_resultat-e1765280366477.webp\" rel=\"noreferrer\" data-rel=\"iLightbox[gallery_image_1]\" class=\"fusion-lightbox\" target=\"_self\"><img decoding=\"async\" src=\"https:\/\/mobles-guell.com\/wp-content\/uploads\/2025\/11\/MG-Desembre-282_resultat-e1765280366477.webp\" data-orig-src=\"https:\/\/mobles-guell.com\/wp-content\/uploads\/2025\/11\/MG-Desembre-282_resultat-e1765280366477.webp\" width=\"884\" height=\"884\" alt=\"\" title=\"MG-Desembre-282_resultat.webp\" aria-label=\"MG-Desembre-282_resultat.webp\" class=\"lazyload img-responsive wp-image-4559\" srcset=\"data:image\/svg+xml,%3Csvg%20xmlns%3D%27http%3A%2F%2Fwww.w3.org%2F2000%2Fsvg%27%20width%3D%27884%27%20height%3D%27884%27%20viewBox%3D%270%200%20884%20884%27%3E%3Crect%20width%3D%27884%27%20height%3D%27884%27%20fill-opacity%3D%220%22%2F%3E%3C%2Fsvg%3E\" data-srcset=\"https:\/\/mobles-guell.com\/wp-content\/uploads\/2025\/11\/MG-Desembre-282_resultat-e1765280366477-66x66.webp 66w, https:\/\/mobles-guell.com\/wp-content\/uploads\/2025\/11\/MG-Desembre-282_resultat-e1765280366477-100x100.webp 100w, https:\/\/mobles-guell.com\/wp-content\/uploads\/2025\/11\/MG-Desembre-282_resultat-e1765280366477-150x150.webp 150w, https:\/\/mobles-guell.com\/wp-content\/uploads\/2025\/11\/MG-Desembre-282_resultat-e1765280366477-200x200.webp 200w, https:\/\/mobles-guell.com\/wp-content\/uploads\/2025\/11\/MG-Desembre-282_resultat-e1765280366477-300x300.webp 300w, https:\/\/mobles-guell.com\/wp-content\/uploads\/2025\/11\/MG-Desembre-282_resultat-e1765280366477-400x400.webp 400w, https:\/\/mobles-guell.com\/wp-content\/uploads\/2025\/11\/MG-Desembre-282_resultat-e1765280366477-500x500.webp 500w, https:\/\/mobles-guell.com\/wp-content\/uploads\/2025\/11\/MG-Desembre-282_resultat-e1765280366477-600x600.webp 600w, https:\/\/mobles-guell.com\/wp-content\/uploads\/2025\/11\/MG-Desembre-282_resultat-e1765280366477-700x700.webp 700w, https:\/\/mobles-guell.com\/wp-content\/uploads\/2025\/11\/MG-Desembre-282_resultat-e1765280366477-768x768.webp 768w, https:\/\/mobles-guell.com\/wp-content\/uploads\/2025\/11\/MG-Desembre-282_resultat-e1765280366477-800x800.webp 800w, https:\/\/mobles-guell.com\/wp-content\/uploads\/2025\/11\/MG-Desembre-282_resultat-e1765280366477.webp 884w\" data-sizes=\"auto\" data-orig-sizes=\"(min-width: 2200px) 100vw, (min-width: 856px) 318px, (min-width: 784px) 423px, (min-width: 712px) 635px, (min-width: 640px) 712px, \" \/><\/a><\/div><\/div><div style=\"padding:0px;\" class=\"fusion-grid-column fusion-gallery-column fusion-gallery-column-4 hover-type-zoomin\"><div class=\"fusion-gallery-image\"><a href=\"https:\/\/mobles-guell.com\/wp-content\/uploads\/2025\/11\/MG-Desembre-174_resultat-e1765280527260.webp\" rel=\"noreferrer\" data-rel=\"iLightbox[gallery_image_1]\" class=\"fusion-lightbox\" target=\"_self\"><img decoding=\"async\" src=\"https:\/\/mobles-guell.com\/wp-content\/uploads\/2025\/11\/MG-Desembre-174_resultat-e1765280527260.webp\" data-orig-src=\"https:\/\/mobles-guell.com\/wp-content\/uploads\/2025\/11\/MG-Desembre-174_resultat-e1765280527260.webp\" width=\"1325\" height=\"1325\" alt=\"\" title=\"MG-Desembre-174_resultat.webp\" aria-label=\"MG-Desembre-174_resultat.webp\" class=\"lazyload img-responsive wp-image-4453\" srcset=\"data:image\/svg+xml,%3Csvg%20xmlns%3D%27http%3A%2F%2Fwww.w3.org%2F2000%2Fsvg%27%20width%3D%271325%27%20height%3D%271325%27%20viewBox%3D%270%200%201325%201325%27%3E%3Crect%20width%3D%271325%27%20height%3D%271325%27%20fill-opacity%3D%220%22%2F%3E%3C%2Fsvg%3E\" data-srcset=\"https:\/\/mobles-guell.com\/wp-content\/uploads\/2025\/11\/MG-Desembre-174_resultat-e1765280527260-66x66.webp 66w, https:\/\/mobles-guell.com\/wp-content\/uploads\/2025\/11\/MG-Desembre-174_resultat-e1765280527260-100x100.webp 100w, https:\/\/mobles-guell.com\/wp-content\/uploads\/2025\/11\/MG-Desembre-174_resultat-e1765280527260-150x150.webp 150w, https:\/\/mobles-guell.com\/wp-content\/uploads\/2025\/11\/MG-Desembre-174_resultat-e1765280527260-200x200.webp 200w, https:\/\/mobles-guell.com\/wp-content\/uploads\/2025\/11\/MG-Desembre-174_resultat-e1765280527260-300x300.webp 300w, https:\/\/mobles-guell.com\/wp-content\/uploads\/2025\/11\/MG-Desembre-174_resultat-e1765280527260-400x400.webp 400w, https:\/\/mobles-guell.com\/wp-content\/uploads\/2025\/11\/MG-Desembre-174_resultat-e1765280527260-500x500.webp 500w, https:\/\/mobles-guell.com\/wp-content\/uploads\/2025\/11\/MG-Desembre-174_resultat-e1765280527260-600x600.webp 600w, https:\/\/mobles-guell.com\/wp-content\/uploads\/2025\/11\/MG-Desembre-174_resultat-e1765280527260-700x700.webp 700w, https:\/\/mobles-guell.com\/wp-content\/uploads\/2025\/11\/MG-Desembre-174_resultat-e1765280527260-768x768.webp 768w, https:\/\/mobles-guell.com\/wp-content\/uploads\/2025\/11\/MG-Desembre-174_resultat-e1765280527260-800x800.webp 800w, https:\/\/mobles-guell.com\/wp-content\/uploads\/2025\/11\/MG-Desembre-174_resultat-e1765280527260-1024x1024.webp 1024w, https:\/\/mobles-guell.com\/wp-content\/uploads\/2025\/11\/MG-Desembre-174_resultat-e1765280527260-1200x1200.webp 1200w, https:\/\/mobles-guell.com\/wp-content\/uploads\/2025\/11\/MG-Desembre-174_resultat-e1765280527260.webp 1325w\" data-sizes=\"auto\" data-orig-sizes=\"(min-width: 2200px) 100vw, (min-width: 856px) 318px, (min-width: 784px) 423px, (min-width: 712px) 635px, (min-width: 640px) 712px, \" \/><\/a><\/div><\/div><div style=\"padding:0px;\" class=\"fusion-grid-column fusion-gallery-column fusion-gallery-column-4 hover-type-zoomin\"><div class=\"fusion-gallery-image\"><a href=\"https:\/\/mobles-guell.com\/wp-content\/uploads\/2025\/11\/MG-Desembre-265_resultat-e1765280454542.webp\" rel=\"noreferrer\" data-rel=\"iLightbox[gallery_image_1]\" class=\"fusion-lightbox\" target=\"_self\"><img decoding=\"async\" src=\"https:\/\/mobles-guell.com\/wp-content\/uploads\/2025\/11\/MG-Desembre-265_resultat-e1765280454542.webp\" data-orig-src=\"https:\/\/mobles-guell.com\/wp-content\/uploads\/2025\/11\/MG-Desembre-265_resultat-e1765280454542.webp\" width=\"1233\" height=\"1233\" alt=\"\" title=\"MG-Desembre-265_resultat.webp\" aria-label=\"MG-Desembre-265_resultat.webp\" class=\"lazyload img-responsive wp-image-4540\" srcset=\"data:image\/svg+xml,%3Csvg%20xmlns%3D%27http%3A%2F%2Fwww.w3.org%2F2000%2Fsvg%27%20width%3D%271233%27%20height%3D%271233%27%20viewBox%3D%270%200%201233%201233%27%3E%3Crect%20width%3D%271233%27%20height%3D%271233%27%20fill-opacity%3D%220%22%2F%3E%3C%2Fsvg%3E\" data-srcset=\"https:\/\/mobles-guell.com\/wp-content\/uploads\/2025\/11\/MG-Desembre-265_resultat-e1765280454542-66x66.webp 66w, https:\/\/mobles-guell.com\/wp-content\/uploads\/2025\/11\/MG-Desembre-265_resultat-e1765280454542-100x100.webp 100w, https:\/\/mobles-guell.com\/wp-content\/uploads\/2025\/11\/MG-Desembre-265_resultat-e1765280454542-150x150.webp 150w, https:\/\/mobles-guell.com\/wp-content\/uploads\/2025\/11\/MG-Desembre-265_resultat-e1765280454542-200x200.webp 200w, https:\/\/mobles-guell.com\/wp-content\/uploads\/2025\/11\/MG-Desembre-265_resultat-e1765280454542-300x300.webp 300w, https:\/\/mobles-guell.com\/wp-content\/uploads\/2025\/11\/MG-Desembre-265_resultat-e1765280454542-400x400.webp 400w, https:\/\/mobles-guell.com\/wp-content\/uploads\/2025\/11\/MG-Desembre-265_resultat-e1765280454542-500x500.webp 500w, https:\/\/mobles-guell.com\/wp-content\/uploads\/2025\/11\/MG-Desembre-265_resultat-e1765280454542-600x600.webp 600w, https:\/\/mobles-guell.com\/wp-content\/uploads\/2025\/11\/MG-Desembre-265_resultat-e1765280454542-700x700.webp 700w, https:\/\/mobles-guell.com\/wp-content\/uploads\/2025\/11\/MG-Desembre-265_resultat-e1765280454542-768x768.webp 768w, https:\/\/mobles-guell.com\/wp-content\/uploads\/2025\/11\/MG-Desembre-265_resultat-e1765280454542-800x800.webp 800w, https:\/\/mobles-guell.com\/wp-content\/uploads\/2025\/11\/MG-Desembre-265_resultat-e1765280454542-1024x1024.webp 1024w, https:\/\/mobles-guell.com\/wp-content\/uploads\/2025\/11\/MG-Desembre-265_resultat-e1765280454542-1200x1200.webp 1200w, https:\/\/mobles-guell.com\/wp-content\/uploads\/2025\/11\/MG-Desembre-265_resultat-e1765280454542.webp 1233w\" data-sizes=\"auto\" data-orig-sizes=\"(min-width: 2200px) 100vw, (min-width: 856px) 318px, (min-width: 784px) 423px, (min-width: 712px) 635px, (min-width: 640px) 712px, \" \/><\/a><\/div><\/div><div class=\"clearfix\"><\/div><\/div><\/div><\/div><\/div><\/div><\/div>\n<div class=\"fusion-fullwidth fullwidth-box fusion-builder-row-9 fusion-flex-container fusion-parallax-none nonhundred-percent-fullwidth non-hundred-percent-height-scrolling lazyload\" style=\"--awb-border-radius-top-left:0px;--awb-border-radius-top-right:0px;--awb-border-radius-bottom-right:0px;--awb-border-radius-bottom-left:0px;--awb-padding-top:6%;--awb-padding-bottom:5%;--awb-background-color:hsla(var(--awb-color7-h),var(--awb-color7-s),var(--awb-color7-l),calc( var(--awb-color7-a) - 50% ));--awb-background-image:linear-gradient(180deg, rgba(0,0,0,0.8) 0%,rgba(0,0,0,0.34) 100%);;--awb-background-size:cover;--awb-flex-wrap:wrap;\" data-bg=\"https:\/\/mobles-guell.com\/wp-content\/uploads\/2025\/12\/MG-Fotos-nov-011_resultat-scaled.webp\" data-bg-gradient=\"linear-gradient(180deg, rgba(0,0,0,0.8) 0%,rgba(0,0,0,0.34) 100%)\" ><div class=\"fusion-builder-row fusion-row fusion-flex-align-items-flex-start fusion-flex-content-wrap\" style=\"max-width:1320.8px;margin-left: calc(-4% \/ 2 );margin-right: calc(-4% \/ 2 );\"><div class=\"fusion-layout-column fusion_builder_column fusion-builder-column-30 fusion_builder_column_1_2 1_2 fusion-flex-column\" style=\"--awb-bg-size:cover;--awb-width-large:50%;--awb-margin-top-large:25px;--awb-spacing-right-large:6.72%;--awb-margin-bottom-large:25px;--awb-spacing-left-large:3.84%;--awb-width-medium:100%;--awb-spacing-right-medium:1.92%;--awb-spacing-left-medium:1.92%;--awb-width-small:100%;--awb-spacing-right-small:1.92%;--awb-spacing-left-small:1.92%;\"><div class=\"fusion-column-wrapper fusion-column-has-shadow fusion-flex-justify-content-flex-start fusion-content-layout-column\"><div class=\"fusion-title title fusion-title-27 fusion-sep-none fusion-title-text fusion-title-size-six\" style=\"--awb-text-color:var(--awb-color1);--awb-margin-bottom:10px;--awb-margin-bottom-small:10px;\"><h6 class=\"fusion-title-heading title-heading-left fusion-responsive-typography-calculated\" style=\"margin:0;text-transform:var(--awb-typography2-text-transform);--fontSize:12;--minFontSize:12;line-height:var(--awb-typography2-line-height);\">estigues al dia<\/h6><\/div><div class=\"fusion-title title fusion-title-28 fusion-sep-none fusion-title-text fusion-title-size-two\" style=\"--awb-text-color:var(--awb-color1);\"><h2 class=\"fusion-title-heading title-heading-left fusion-responsive-typography-calculated\" style=\"margin:0;--fontSize:44;line-height:1.26;\">Subscriu-te a la nostra newsletter<\/h2><\/div><div class=\"fusion-separator fusion-full-width-sep\" style=\"align-self: center;margin-left: auto;margin-right: auto;margin-top:6px;margin-bottom:12px;width:100%;\"><\/div><div class=\"fusion-form fusion-form-builder fusion-form-form-wrapper fusion-form-2777\" style=\"--awb-tooltip-text-color:#ffffff;--awb-tooltip-background-color:#333333;--awb-field-margin-top:15px;--awb-field-margin-bottom:15px;\" data-form-id=\"2777\" data-config=\"{&quot;form_id&quot;:2777,&quot;form_post_id&quot;:2777,&quot;post_id&quot;:5344,&quot;form_type&quot;:&quot;ajax&quot;,&quot;confirmation_type&quot;:&quot;&quot;,&quot;redirect_url&quot;:&quot;&quot;,&quot;field_labels&quot;:{&quot;email&quot;:&quot;&quot;},&quot;field_logics&quot;:{&quot;email&quot;:&quot;&quot;,&quot;notice_1&quot;:&quot;&quot;},&quot;field_types&quot;:{&quot;email&quot;:&quot;email&quot;,&quot;submit_1&quot;:&quot;submit&quot;,&quot;notice_1&quot;:&quot;notice&quot;},&quot;nonce_method&quot;:&quot;ajax&quot;}\"><form action=\"https:\/\/mobles-guell.com\/es\/\" method=\"method\" class=\"fusion-form fusion-form-2777\"><div class=\"fusion-fullwidth fullwidth-box fusion-builder-row-9-1 fusion-flex-container nonhundred-percent-fullwidth non-hundred-percent-height-scrolling\" style=\"--awb-border-radius-top-left:0px;--awb-border-radius-top-right:0px;--awb-border-radius-bottom-right:0px;--awb-border-radius-bottom-left:0px;--awb-padding-top:0px;--awb-padding-right:0px;--awb-padding-bottom:0px;--awb-padding-left:0px;--awb-flex-wrap:wrap;\" ><div class=\"fusion-builder-row fusion-row fusion-flex-align-items-flex-start fusion-flex-content-wrap\" style=\"width:104% !important;max-width:104% !important;margin-left: calc(-4% \/ 2 );margin-right: calc(-4% \/ 2 );\"><div class=\"fusion-layout-column fusion_builder_column fusion-builder-column-31 fusion_builder_column_3_5 3_5 fusion-flex-column\" style=\"--awb-bg-size:cover;--awb-width-large:60%;--awb-margin-top-large:0px;--awb-spacing-right-large:0%;--awb-margin-bottom-large:0px;--awb-spacing-left-large:3.2%;--awb-width-medium:100%;--awb-order-medium:0;--awb-spacing-right-medium:1.92%;--awb-spacing-left-medium:1.92%;--awb-width-small:100%;--awb-order-small:0;--awb-spacing-right-small:1.92%;--awb-spacing-left-small:1.92%;\"><div class=\"fusion-column-wrapper fusion-column-has-shadow fusion-flex-justify-content-flex-start fusion-content-layout-column\"><div class=\"fusion-form-field fusion-form-email-field fusion-form-label-above\" style=\"\" data-form-id=\"2777\"><input type=\"email\" autocomplete=\"off\" name=\"email\" id=\"email\" value=\"\"  class=\"fusion-form-input\" placeholder=\"Insert your email \" data-holds-private-data=\"false\"\/><\/div><\/div><\/div><div class=\"fusion-layout-column fusion_builder_column fusion-builder-column-32 fusion_builder_column_2_5 2_5 fusion-flex-column fusion-flex-align-self-stretch\" style=\"--awb-bg-color:var(--awb-color7);--awb-bg-color-hover:var(--awb-color7);--awb-bg-size:cover;--awb-filter:opacity(100%);--awb-filter-transition:filter 0.3s ease;--awb-filter-hover:opacity(95%);--awb-width-large:40%;--awb-margin-top-large:0px;--awb-spacing-right-large:4.8%;--awb-margin-bottom-large:0px;--awb-spacing-left-large:0%;--awb-width-medium:100%;--awb-order-medium:0;--awb-spacing-right-medium:1.92%;--awb-spacing-left-medium:1.92%;--awb-width-small:100%;--awb-order-small:0;--awb-spacing-right-small:1.92%;--awb-spacing-left-small:1.92%;\"><div class=\"fusion-column-wrapper fusion-column-has-shadow fusion-flex-justify-content-center fusion-content-layout-column\"><div class=\"fusion-form-field fusion-form-submit-field fusion-form-label-above\" style=\"\" data-form-id=\"2777\"><div ><button type=\"submit\" class=\"fusion-button button-flat fusion-button-default-size button-custom fusion-button-default button-5 fusion-button-span-yes  form-form-submit button-default\" style=\"--button_accent_color:var(--awb-color1);--button_accent_hover_color:var(--awb-color1);--button_border_hover_color:var(--awb-color1);--button_gradient_top_color:var(--awb-color7);--button_gradient_bottom_color:var(--awb-color7);--button_gradient_top_color_hover:var(--awb-color7);--button_gradient_bottom_color_hover:var(--awb-color7);\" data-form-number=\"2777\" tabindex=\"\"><span class=\"fusion-button-text awb-button__text awb-button__text--default\">Subscribe Now<\/span><\/button><\/div><\/div><\/div><\/div><div class=\"fusion-layout-column fusion_builder_column fusion-builder-column-33 fusion_builder_column_1_1 1_1 fusion-flex-column\" style=\"--awb-bg-size:cover;--awb-width-large:100%;--awb-margin-top-large:16px;--awb-spacing-right-large:1.92%;--awb-margin-bottom-large:10px;--awb-spacing-left-large:1.92%;--awb-width-medium:100%;--awb-order-medium:0;--awb-spacing-right-medium:1.92%;--awb-spacing-left-medium:1.92%;--awb-width-small:100%;--awb-order-small:0;--awb-spacing-right-small:1.92%;--awb-spacing-left-small:1.92%;\"><div class=\"fusion-column-wrapper fusion-column-has-shadow fusion-flex-justify-content-flex-start fusion-content-layout-column\"><div class=\"form-submission-notices data-notice_1\" id=\"fusion-notices-1\"><div class=\"fusion-alert alert success alert-success fusion-alert-center fusion-form-response fusion-form-response-success fusion-alert-capitalize awb-alert-native-link-color alert-dismissable awb-alert-close-boxed\" role=\"alert\"><div class=\"fusion-alert-content-wrapper\"><span class=\"alert-icon\"><i class=\"awb-icon-check-circle\" aria-hidden=\"true\"><\/i><\/span><span class=\"fusion-alert-content\">Thank you for your message. It has been sent.<\/span><\/div><button type=\"button\" class=\"close toggle-alert\" data-dismiss=\"alert\" aria-label=\"Close\">&times;<\/button><\/div><div class=\"fusion-alert alert error alert-danger fusion-alert-center fusion-form-response fusion-form-response-error fusion-alert-capitalize awb-alert-native-link-color alert-dismissable awb-alert-close-boxed\" role=\"alert\"><div class=\"fusion-alert-content-wrapper\"><span class=\"alert-icon\"><i class=\"awb-icon-exclamation-triangle\" aria-hidden=\"true\"><\/i><\/span><span class=\"fusion-alert-content\">There was an error trying to send your message. Please try again later.<\/span><\/div><button type=\"button\" class=\"close toggle-alert\" data-dismiss=\"alert\" aria-label=\"Close\">&times;<\/button><\/div><\/div><\/div><\/div><\/div><\/div><input type=\"hidden\" name=\"fusion_privacy_store_ip_ua\" value=\"false\"><input type=\"hidden\" name=\"fusion_privacy_expiration_interval\" value=\"48\"><input type=\"hidden\" name=\"privacy_expiration_action\" value=\"anonymize\"><\/form><\/div><\/div><\/div><div class=\"fusion-layout-column fusion_builder_column fusion-builder-column-34 fusion_builder_column_1_2 1_2 fusion-flex-column fusion-no-small-visibility fusion-no-medium-visibility\" style=\"--awb-bg-size:cover;--awb-width-large:50%;--awb-margin-top-large:25px;--awb-spacing-right-large:3.84%;--awb-margin-bottom-large:25px;--awb-spacing-left-large:6.72%;--awb-width-medium:100%;--awb-spacing-right-medium:1.92%;--awb-spacing-left-medium:1.92%;--awb-width-small:100%;--awb-spacing-right-small:1.92%;--awb-spacing-left-small:1.92%;\"><div class=\"fusion-column-wrapper fusion-column-has-shadow fusion-flex-justify-content-flex-start fusion-content-layout-column\"><\/div><\/div><\/div><\/div>\n<\/p>\n","protected":false},"excerpt":{"rendered":"","protected":false},"author":1,"featured_media":0,"parent":0,"menu_order":0,"comment_status":"closed","ping_status":"closed","template":"100-width.php","meta":{"_joinchat":[],"footnotes":""},"class_list":["post-5344","page","type-page","status-publish","hentry"],"_hostinger_reach_plugin_has_subscription_block":false,"_hostinger_reach_plugin_is_elementor":false,"_links":{"self":[{"href":"https:\/\/mobles-guell.com\/es\/wp-json\/wp\/v2\/pages\/5344","targetHints":{"allow":["GET"]}}],"collection":[{"href":"https:\/\/mobles-guell.com\/es\/wp-json\/wp\/v2\/pages"}],"about":[{"href":"https:\/\/mobles-guell.com\/es\/wp-json\/wp\/v2\/types\/page"}],"author":[{"embeddable":true,"href":"https:\/\/mobles-guell.com\/es\/wp-json\/wp\/v2\/users\/1"}],"replies":[{"embeddable":true,"href":"https:\/\/mobles-guell.com\/es\/wp-json\/wp\/v2\/comments?post=5344"}],"version-history":[{"count":3,"href":"https:\/\/mobles-guell.com\/es\/wp-json\/wp\/v2\/pages\/5344\/revisions"}],"predecessor-version":[{"id":5347,"href":"https:\/\/mobles-guell.com\/es\/wp-json\/wp\/v2\/pages\/5344\/revisions\/5347"}],"wp:attachment":[{"href":"https:\/\/mobles-guell.com\/es\/wp-json\/wp\/v2\/media?parent=5344"}],"curies":[{"name":"wp","href":"https:\/\/api.w.org\/{rel}","templated":true}]}}