{"id":5510,"date":"2025-10-23T09:34:51","date_gmt":"2025-10-23T09:34:51","guid":{"rendered":"https:\/\/mobles-guell.com\/mesas-y-sillas\/"},"modified":"2026-09-01T07:17:07","modified_gmt":"2026-09-01T07:17:07","slug":"mesas-y-sillas","status":"publish","type":"page","link":"https:\/\/mobles-guell.com\/es\/mesas-y-sillas\/","title":{"rendered":"Mesas y sillas"},"content":{"rendered":"<p><div class=\"fusion-fullwidth fullwidth-box fusion-builder-row-1 fusion-flex-container hundred-percent-fullwidth non-hundred-percent-height-scrolling\" style=\"--awb-border-radius-top-left:0px;--awb-border-radius-top-right:0px;--awb-border-radius-bottom-right:0px;--awb-border-radius-bottom-left:0px;--awb-padding-top:0%;--awb-padding-right:6%;--awb-padding-bottom:0%;--awb-padding-left:6%;--awb-flex-wrap:wrap;\" ><div class=\"fusion-builder-row fusion-row fusion-flex-align-items-stretch fusion-flex-content-wrap\" style=\"width:104% !important;max-width:104% !important;margin-left: calc(-4% \/ 2 );margin-right: calc(-4% \/ 2 );\"><div class=\"fusion-layout-column fusion_builder_column fusion-builder-column-0 fusion_builder_column_1_2 1_2 fusion-flex-column fusion-column-inner-bg-wrapper\" style=\"--awb-inner-bg-position:center center;--awb-inner-bg-size:cover;--awb-width-large:50%;--awb-margin-top-large:0px;--awb-spacing-right-large:20px;--awb-margin-bottom-large:0px;--awb-spacing-left-large:3.84%;--awb-width-medium:100%;--awb-spacing-right-medium:1.92%;--awb-spacing-left-medium:1.92%;--awb-width-small:100%;--awb-spacing-right-small:1.92%;--awb-spacing-left-small:1.92%;\"><span class=\"fusion-column-inner-bg hover-type-none\"><a class=\"fusion-column-anchor\" href=\"https:\/\/1.envato.market\/LkZWa\" target=\"_blank\" rel=\"noopener\"><span class=\"fusion-column-inner-bg-image lazyload\" data-bg=\"https:\/\/mobles-guell.com\/wp-content\/uploads\/2025\/10\/MG_Expo_Novembre-159_resultat.webp\"><\/span><\/a><\/span><div class=\"fusion-column-wrapper fusion-column-has-shadow fusion-flex-justify-content-flex-start fusion-content-layout-column fusion-column-has-bg-image\" data-bg-url=\"https:\/\/mobles-guell.com\/wp-content\/uploads\/2025\/10\/MG_Expo_Novembre-159_resultat.webp\"><div class=\"fusion-separator fusion-no-large-visibility fusion-full-width-sep\" style=\"align-self: center;margin-left: auto;margin-right: auto;margin-top:400px;width:100%;\"><\/div><\/div><\/div><div class=\"fusion-layout-column fusion_builder_column fusion-builder-column-1 fusion_builder_column_1_2 1_2 fusion-flex-column\" style=\"--awb-padding-top:8%;--awb-padding-bottom:8%;--awb-padding-top-medium:30px;--awb-padding-bottom-medium:30px;--awb-padding-top-small:10px;--awb-padding-bottom-small:10px;--awb-bg-size:cover;--awb-width-large:50%;--awb-margin-top-large:0px;--awb-spacing-right-large:3.84%;--awb-margin-bottom-large:0px;--awb-spacing-left-large:20px;--awb-width-medium:100%;--awb-spacing-right-medium:1.92%;--awb-spacing-left-medium:1.92%;--awb-width-small:100%;--awb-spacing-right-small:1.92%;--awb-spacing-left-small:1.92%;\"><div class=\"fusion-column-wrapper fusion-column-has-shadow fusion-flex-justify-content-center fusion-content-layout-column\"><div class=\"fusion-builder-row fusion-builder-row-inner fusion-row fusion-flex-align-items-stretch fusion-flex-content-wrap\" style=\"width:104% !important;max-width:104% !important;margin-left: calc(-4% \/ 2 );margin-right: calc(-4% \/ 2 );\"><div class=\"fusion-layout-column fusion_builder_column_inner fusion-builder-nested-column-0 fusion_builder_column_inner_1_5 1_5 fusion-flex-column fusion-no-small-visibility\" style=\"--awb-bg-size:cover;--awb-width-large:20%;--awb-margin-top-large:0px;--awb-spacing-right-large:0%;--awb-margin-bottom-large:5px;--awb-spacing-left-large:9.6%;--awb-width-medium:100%;--awb-spacing-right-medium:1.92%;--awb-spacing-left-medium:1.92%;--awb-width-small:100%;--awb-spacing-right-small:1.92%;--awb-spacing-left-small:1.92%;\"><div class=\"fusion-column-wrapper fusion-column-has-shadow fusion-flex-justify-content-flex-start fusion-content-layout-column\"><\/div><\/div><div class=\"fusion-layout-column fusion_builder_column_inner fusion-builder-nested-column-1 fusion_builder_column_inner_3_5 3_5 fusion-flex-column\" style=\"--awb-bg-size:cover;--awb-width-large:60%;--awb-margin-top-large:25px;--awb-spacing-right-large:0%;--awb-margin-bottom-large:25px;--awb-spacing-left-large:0%;--awb-width-medium:100%;--awb-margin-top-medium:10px;--awb-spacing-right-medium:1.92%;--awb-margin-bottom-medium:10px;--awb-spacing-left-medium:1.92%;--awb-width-small:100%;--awb-margin-top-small:30px;--awb-spacing-right-small:1.92%;--awb-margin-bottom-small:30px;--awb-spacing-left-small:1.92%;\"><div class=\"fusion-column-wrapper fusion-column-has-shadow fusion-flex-justify-content-flex-start fusion-content-layout-column\"><i class=\"fb-icon-element-1 fb-icon-element fontawesome-icon icon-furniturechair-thin circle-yes fusion-text-flow icon-hover-animation-slide\" style=\"--awb-circlebordersize:1px;--awb-font-size:31.68px;--awb-width:63.36px;--awb-height:63.36px;--awb-line-height:61.36px;--awb-margin-bottom:20px;\"><\/i><div class=\"fusion-title title fusion-title-1 fusion-sep-none fusion-title-text fusion-title-size-six\" style=\"--awb-margin-bottom:10px;--awb-margin-bottom-small:10px;\"><h6 class=\"fusion-title-heading title-heading-left fusion-responsive-typography-calculated\" style=\"margin:0;text-transform:var(--awb-typography2-text-transform);--fontSize:12;--minFontSize:12;line-height:var(--awb-typography2-line-height);\">Exposici\u00f3n de mesas y sillas en Tarragona<\/h6><\/div><div class=\"fusion-title title fusion-title-2 fusion-sep-none fusion-title-text fusion-title-size-two\" style=\"--awb-margin-bottom:32px;--awb-margin-bottom-small:60px;\"><h2 class=\"fusion-title-heading title-heading-left fusion-responsive-typography-calculated\" style=\"margin:0;--fontSize:44;line-height:1.26;\"><h2 data-path-to-node=\"2\">Mesas y sillas de dise\u00f1o para tu hogar<\/h2><\/h2><\/div><div class=\"fusion-separator\" style=\"align-self: flex-start;margin-right:auto;margin-bottom:12px;width:100%;max-width:16px;\"><div class=\"fusion-separator-border sep-single sep-solid\" style=\"--awb-height:20px;--awb-amount:20px;border-color:var(--awb-color3);border-top-width:3px;\"><\/div><\/div><div class=\"fusion-text fusion-text-1\"><p data-path-to-node=\"3\">Descubre la mejor selecci\u00f3n de mesas y sillas para tu hogar en la <a href=\"https:\/\/mobles-guell.com\/es\/exposicion-de-muebles\/\">exposici\u00f3n de muebles <\/a>de Mobles G\u00fcell. Comprar el conjunto ideal para tu comedor, cocina o espacio de trabajo nunca ha sido tan f\u00e1cil. Ofrecemos dise\u00f1os exclusivos en madera maciza, estilos modernos y opciones funcionales adaptadas a tus necesidades, todo ello al mejor precio.  <\/p>\n<\/div><div class=\"fusion-separator\" style=\"align-self: flex-start;margin-right:auto;margin-bottom:12px;width:100%;max-width:16px;\"><div class=\"fusion-separator-border sep-single sep-solid\" style=\"--awb-height:20px;--awb-amount:20px;border-color:var(--awb-color3);border-top-width:3px;\"><\/div><\/div><div class=\"fusion-text fusion-text-2\"><h3 data-path-to-node=\"5\">Encuentra la mesa y la silla perfectas para cada espacio.<\/h3>\n<p data-path-to-node=\"6\">Encontrar la combinaci\u00f3n ideal entre una mesa de comedor y las sillas adecuadas es fundamental para crear un ambiente acogedor y funcional. En nuestra tienda de muebles encontrar\u00e1s una amplia variedad de estilos, materiales y acabados en blanco, negro o tonos de madera natural. <\/p>\n<h4 data-path-to-node=\"7\">Mesas y sillas de comedor<\/h4>\n<p data-path-to-node=\"8\">El comedor es el coraz\u00f3n del hogar. Ofrecemos mesas de comedor en una gran variedad de tama\u00f1os y formas, desde la cl\u00e1sica mesa redonda hasta la mesa extensible, perfecta para las reuniones familiares. Comb\u00ednalas con nuestras sillas de comedor tapizadas o de madera para garantizar la m\u00e1xima comodidad en cada comida.  <\/p>\n<h4 data-path-to-node=\"9\">Mesas y sillas de cocina<\/h4>\n<p data-path-to-node=\"10\">Para los desayunos diarios y los espacios m\u00e1s reducidos, ofrecemos soluciones pr\u00e1cticas, como mesas de cocina compactas, sillas plegables y taburetes altos. Aprovecha al m\u00e1ximo tu espacio con muebles resistentes y f\u00e1ciles de limpiar. <\/p>\n<h4 data-path-to-node=\"11\">Mesas auxiliares, de centro y de escritorio<\/h4>\n<p data-path-to-node=\"12\">Adem\u00e1s de nuestros conjuntos principales, disponemos de mesitas auxiliares y de sal\u00f3n para tu sal\u00f3n, as\u00ed como de escritorios y sillas de oficina dise\u00f1adas para sacar el m\u00e1ximo partido a tu espacio de trabajo o a tu entorno de teletrabajo.<\/p>\n<\/div><\/div><\/div><div class=\"fusion-layout-column fusion_builder_column_inner fusion-builder-nested-column-2 fusion_builder_column_inner_1_5 1_5 fusion-flex-column fusion-no-small-visibility\" style=\"--awb-bg-size:cover;--awb-width-large:20%;--awb-margin-top-large:0px;--awb-spacing-right-large:9.6%;--awb-margin-bottom-large:5px;--awb-spacing-left-large:9.6%;--awb-width-medium:100%;--awb-spacing-right-medium:1.92%;--awb-spacing-left-medium:1.92%;--awb-width-small:100%;--awb-spacing-right-small:1.92%;--awb-spacing-left-small:1.92%;\"><div class=\"fusion-column-wrapper fusion-column-has-shadow fusion-flex-justify-content-flex-start fusion-content-layout-column\"><\/div><\/div><\/div><div style=\"text-align:center;\"><a class=\"fusion-button button-flat fusion-button-default-size button-default fusion-button-default button-1 fusion-button-default-span fusion-button-default-type\" target=\"_self\" href=\"https:\/\/mobles-guell.com\/es\/exposicion-de-muebles\/\"><span class=\"fusion-button-text awb-button__text awb-button__text--default\">Visita nuestra exposici\u00f3n de mesas y sillas.<\/span><\/a><\/div><\/div><\/div><\/div><\/div><div class=\"fusion-fullwidth fullwidth-box fusion-builder-row-2 fusion-flex-container nonhundred-percent-fullwidth non-hundred-percent-height-scrolling\" style=\"--awb-border-radius-top-left:0px;--awb-border-radius-top-right:0px;--awb-border-radius-bottom-right:0px;--awb-border-radius-bottom-left:0px;--awb-padding-top:3%;--awb-padding-bottom:4%;--awb-background-color:#f7f7f7;--awb-flex-wrap:wrap;\" ><div class=\"fusion-builder-row fusion-row fusion-flex-align-items-flex-start fusion-flex-content-wrap\" style=\"max-width:1320.8px;margin-left: calc(-4% \/ 2 );margin-right: calc(-4% \/ 2 );\"><div class=\"fusion-layout-column fusion_builder_column fusion-builder-column-2 fusion_builder_column_1_1 1_1 fusion-flex-column\" style=\"--awb-bg-size:cover;--awb-width-large:100%;--awb-margin-top-large:25px;--awb-spacing-right-large:1.92%;--awb-margin-bottom-large:20px;--awb-spacing-left-large:1.92%;--awb-width-medium:100%;--awb-spacing-right-medium:1.92%;--awb-spacing-left-medium:1.92%;--awb-width-small:100%;--awb-spacing-right-small:1.92%;--awb-spacing-left-small:1.92%;\"><div class=\"fusion-column-wrapper fusion-column-has-shadow fusion-flex-justify-content-flex-start fusion-content-layout-column\"><div class=\"fusion-title title fusion-title-3 fusion-sep-none fusion-title-text fusion-title-size-six\" style=\"--awb-margin-top:0px;--awb-margin-bottom:10px;--awb-margin-bottom-small:10PX;\"><h6 class=\"fusion-title-heading title-heading-left fusion-responsive-typography-calculated\" style=\"margin:0;text-transform:var(--awb-typography2-text-transform);--fontSize:12;--minFontSize:12;line-height:var(--awb-typography2-line-height);\">Tienda de muebles y sillas en Maslloren\u00e7, Tarragona<\/h6><\/div><div class=\"fusion-title title fusion-title-4 fusion-sep-none fusion-title-text fusion-title-size-two\" style=\"--awb-margin-bottom-small:0px;\"><h2 class=\"fusion-title-heading title-heading-left fusion-responsive-typography-calculated\" style=\"margin:0;--fontSize:44;line-height:1.26;\"><h2>Dise\u00f1os, materiales y funcionalidades que marcan la diferencia<\/h2><\/h2><\/div><div class=\"fusion-text fusion-text-3\"><p data-path-to-node=\"15\">En Mobles G\u00fcell, damos prioridad a la calidad y la durabilidad. Para nuestra sala de exposici\u00f3n, seleccionamos piezas de marcas de renombre, todas ellas fabricadas con materiales de primera calidad.  <\/p>\n<\/div><\/div><\/div><div class=\"fusion-layout-column fusion_builder_column fusion-builder-column-3 fusion_builder_column_1_3 1_3 fusion-flex-column\" style=\"--awb-bg-size:cover;--awb-width-large:33.333333333333%;--awb-margin-top-large:5px;--awb-spacing-right-large:8.64%;--awb-margin-bottom-large:10px;--awb-spacing-left-large:5.76%;--awb-width-medium:100%;--awb-spacing-right-medium:1.92%;--awb-spacing-left-medium:1.92%;--awb-width-small:100%;--awb-spacing-right-small:1.92%;--awb-spacing-left-small:1.92%;\"><div class=\"fusion-column-wrapper fusion-column-has-shadow fusion-flex-justify-content-flex-start fusion-content-layout-column\"><ul style=\"--awb-size:18px;--awb-line-height:30.6px;--awb-icon-width:30.6px;--awb-icon-height:30.6px;--awb-icon-margin:12.6px;--awb-content-margin:43.2px;\" class=\"fusion-checklist fusion-checklist-1 fusion-checklist-default fusion-checklist-divider type-icons\"><li class=\"fusion-li-item\" style=\"\"><span class=\"icon-wrapper circle-no\"><i class=\"fusion-li-icon icon-furniturebureau-bold\" aria-hidden=\"true\"><\/i><\/span><div class=\"fusion-li-item-content\">\n<p data-path-to-node=\"16,0,0\"><strong>Mesas extensibles<\/strong><\/p>\n<p data-path-to-node=\"16,0,0\">La soluci\u00f3n m\u00e1s vers\u00e1til para adaptar la capacidad de la mesa a cada ocasi\u00f3n.<\/p>\n<\/div><\/li><\/ul><\/div><\/div><div class=\"fusion-layout-column fusion_builder_column fusion-builder-column-4 fusion_builder_column_1_3 1_3 fusion-flex-column\" style=\"--awb-bg-size:cover;--awb-width-large:33.333333333333%;--awb-margin-top-large:5px;--awb-spacing-right-large:8.64%;--awb-margin-bottom-large:10px;--awb-spacing-left-large:8.64%;--awb-width-medium:100%;--awb-spacing-right-medium:1.92%;--awb-spacing-left-medium:1.92%;--awb-width-small:100%;--awb-spacing-right-small:1.92%;--awb-spacing-left-small:1.92%;\"><div class=\"fusion-column-wrapper fusion-column-has-shadow fusion-flex-justify-content-flex-start fusion-content-layout-column\"><ul style=\"--awb-size:18px;--awb-line-height:30.6px;--awb-icon-width:30.6px;--awb-icon-height:30.6px;--awb-icon-margin:12.6px;--awb-content-margin:43.2px;\" class=\"fusion-checklist fusion-checklist-2 fusion-checklist-default fusion-checklist-divider type-icons\"><li class=\"fusion-li-item\" style=\"\"><span class=\"icon-wrapper circle-no\"><i class=\"fusion-li-icon icon-furniturechair-thin\" aria-hidden=\"true\"><\/i><\/span><div class=\"fusion-li-item-content\">\n<p data-path-to-node=\"16,1,0\"><b data-path-to-node=\"16,1,0\" data-index-in-node=\"0\">Sillas plegables y apilables<\/b><\/p>\n<p data-path-to-node=\"16,1,0\">Ideal para guardarlo f\u00e1cilmente cuando necesites m\u00e1s espacio.<\/p>\n<\/div><\/li><\/ul><\/div><\/div><div class=\"fusion-layout-column fusion_builder_column fusion-builder-column-5 fusion_builder_column_1_3 1_3 fusion-flex-column\" style=\"--awb-bg-size:cover;--awb-width-large:33.333333333333%;--awb-margin-top-large:5px;--awb-spacing-right-large:5.76%;--awb-margin-bottom-large:10px;--awb-spacing-left-large:8.64%;--awb-width-medium:100%;--awb-spacing-right-medium:1.92%;--awb-spacing-left-medium:1.92%;--awb-width-small:100%;--awb-spacing-right-small:1.92%;--awb-spacing-left-small:1.92%;\"><div class=\"fusion-column-wrapper fusion-column-has-shadow fusion-flex-justify-content-flex-start fusion-content-layout-column\"><ul style=\"--awb-size:18px;--awb-line-height:30.6px;--awb-icon-width:30.6px;--awb-icon-height:30.6px;--awb-icon-margin:12.6px;--awb-content-margin:43.2px;\" class=\"fusion-checklist fusion-checklist-3 fusion-checklist-default fusion-checklist-divider type-icons\"><li class=\"fusion-li-item\" style=\"\"><span class=\"icon-wrapper circle-no\"><i class=\"fusion-li-icon icon-furniturebureau-bold\" aria-hidden=\"true\"><\/i><\/span><div class=\"fusion-li-item-content\">\n<p data-path-to-node=\"16,2,0\"><b data-path-to-node=\"16,2,0\" data-index-in-node=\"0\">Taburetes y sillas para la barra de la cocina<\/b><\/p>\n<p data-path-to-node=\"16,2,0\">Aporta un toque moderno a tu cocina con taburetes altos de estilo industrial o contempor\u00e1neo.<\/p>\n<\/div><\/li><\/ul><\/div><\/div><\/div><\/div><div class=\"fusion-fullwidth fullwidth-box fusion-builder-row-3 fusion-flex-container nonhundred-percent-fullwidth non-hundred-percent-height-scrolling\" style=\"--awb-border-radius-top-left:0px;--awb-border-radius-top-right:0px;--awb-border-radius-bottom-right:0px;--awb-border-radius-bottom-left:0px;--awb-padding-top:0%;--awb-padding-bottom:0%;--awb-padding-top-medium:30px;--awb-padding-bottom-medium:20px;--awb-padding-top-small:20px;--awb-margin-bottom:0px;--awb-flex-wrap:wrap;\" ><div class=\"fusion-builder-row fusion-row fusion-flex-align-items-flex-start fusion-flex-content-wrap\" style=\"max-width:1320.8px;margin-left: calc(-4% \/ 2 );margin-right: calc(-4% \/ 2 );\"><div class=\"fusion-layout-column fusion_builder_column fusion-builder-column-6 fusion_builder_column_2_5 2_5 fusion-flex-column fusion-column-inner-bg-wrapper fusion-animated\" style=\"--awb-inner-bg-size:cover;--awb-width-large:40%;--awb-margin-top-large:7%;--awb-spacing-right-large:-6.72%;--awb-margin-bottom-large:40px;--awb-spacing-left-large:4.8%;--awb-width-medium:100%;--awb-margin-top-medium:40px;--awb-spacing-right-medium:1.92%;--awb-margin-bottom-medium:20px;--awb-spacing-left-medium:1.92%;--awb-width-small:100%;--awb-margin-top-small:12px;--awb-spacing-right-small:1.92%;--awb-spacing-left-small:1.92%;\" data-animationType=\"fadeIn\" data-animationDuration=\"0.8\" data-animationOffset=\"top-into-view\"><span class=\"fusion-column-inner-bg hover-type-none\"><a class=\"fusion-column-anchor\" href=\"#\"><span class=\"fusion-column-inner-bg-image\"><\/span><\/a><\/span><div class=\"fusion-column-wrapper fusion-column-has-shadow fusion-flex-justify-content-flex-start fusion-content-layout-column\"><div class=\"fusion-image-element \" style=\"--awb-caption-title-font-family:var(--h2_typography-font-family);--awb-caption-title-font-weight:var(--h2_typography-font-weight);--awb-caption-title-font-style:var(--h2_typography-font-style);--awb-caption-title-size:var(--h2_typography-font-size);--awb-caption-title-transform:var(--h2_typography-text-transform);--awb-caption-title-line-height:var(--h2_typography-line-height);--awb-caption-title-letter-spacing:var(--h2_typography-letter-spacing);\"><span class=\" fusion-imageframe imageframe-none imageframe-1 hover-type-zoomin\"><img decoding=\"async\" width=\"1326\" height=\"1988\" alt=\"mobles de menjador en tarragona\" title=\"Mesas y sillas en Mobles G\u00fcell\" src=\"https:\/\/mobles-guell.com\/wp-content\/uploads\/2025\/11\/MG-Desembre-035_resultat.webp\" data-orig-src=\"https:\/\/mobles-guell.com\/wp-content\/uploads\/2025\/11\/MG-Desembre-035_resultat.webp\" class=\"lazyload img-responsive wp-image-5505\" srcset=\"data:image\/svg+xml,%3Csvg%20xmlns%3D%27http%3A%2F%2Fwww.w3.org%2F2000%2Fsvg%27%20width%3D%271326%27%20height%3D%271988%27%20viewBox%3D%270%200%201326%201988%27%3E%3Crect%20width%3D%271326%27%20height%3D%271988%27%20fill-opacity%3D%220%22%2F%3E%3C%2Fsvg%3E\" data-srcset=\"https:\/\/mobles-guell.com\/wp-content\/uploads\/2025\/11\/MG-Desembre-035_resultat-200x300.webp 200w, https:\/\/mobles-guell.com\/wp-content\/uploads\/2025\/11\/MG-Desembre-035_resultat-400x600.webp 400w, https:\/\/mobles-guell.com\/wp-content\/uploads\/2025\/11\/MG-Desembre-035_resultat-500x750.webp 500w, https:\/\/mobles-guell.com\/wp-content\/uploads\/2025\/11\/MG-Desembre-035_resultat-600x900.webp 600w, https:\/\/mobles-guell.com\/wp-content\/uploads\/2025\/11\/MG-Desembre-035_resultat-683x1024.webp 683w, https:\/\/mobles-guell.com\/wp-content\/uploads\/2025\/11\/MG-Desembre-035_resultat-700x1049.webp 700w, https:\/\/mobles-guell.com\/wp-content\/uploads\/2025\/11\/MG-Desembre-035_resultat-768x1151.webp 768w, https:\/\/mobles-guell.com\/wp-content\/uploads\/2025\/11\/MG-Desembre-035_resultat-800x1199.webp 800w, https:\/\/mobles-guell.com\/wp-content\/uploads\/2025\/11\/MG-Desembre-035_resultat-1025x1536.webp 1025w, https:\/\/mobles-guell.com\/wp-content\/uploads\/2025\/11\/MG-Desembre-035_resultat-1200x1799.webp 1200w, https:\/\/mobles-guell.com\/wp-content\/uploads\/2025\/11\/MG-Desembre-035_resultat.webp 1326w\" data-sizes=\"auto\" data-orig-sizes=\"(max-width: 1024px) 100vw, (max-width: 640px) 100vw, 600px\" \/><\/span><\/div><\/div><\/div><div class=\"fusion-layout-column fusion_builder_column fusion-builder-column-7 fusion_builder_column_3_5 3_5 fusion-flex-column\" style=\"--awb-padding-top:12%;--awb-padding-right:30px;--awb-padding-bottom:12%;--awb-padding-left:30px;--awb-padding-top-medium:70px;--awb-padding-bottom-medium:70px;--awb-padding-top-small:40px;--awb-padding-bottom-small:40px;--awb-bg-image:linear-gradient(240deg, hsla(var(--awb-color7-h),var(--awb-color7-s),var(--awb-color7-l),calc( var(--awb-color7-a) - 95% )) 0%,var(--awb-color1) 82%);--awb-bg-size:cover;--awb-width-large:60%;--awb-margin-top-large:0px;--awb-spacing-right-large:3.2%;--awb-margin-bottom-large:25px;--awb-spacing-left-large:-6.72%;--awb-width-medium:100%;--awb-spacing-right-medium:1.92%;--awb-spacing-left-medium:1.92%;--awb-width-small:100%;--awb-spacing-right-small:1.92%;--awb-spacing-left-small:1.92%;\"><div class=\"fusion-column-wrapper fusion-column-has-shadow fusion-flex-justify-content-flex-start fusion-content-layout-column\"><div class=\"fusion-builder-row fusion-builder-row-inner fusion-row fusion-flex-align-items-flex-start fusion-flex-content-wrap\" style=\"width:104% !important;max-width:104% !important;margin-left: calc(-4% \/ 2 );margin-right: calc(-4% \/ 2 );\"><div class=\"fusion-layout-column fusion_builder_column_inner fusion-builder-nested-column-3 fusion_builder_column_inner_1_3 1_3 fusion-flex-column\" style=\"--awb-bg-size:cover;--awb-width-large:33.333333333333%;--awb-margin-top-large:0px;--awb-spacing-right-large:0%;--awb-margin-bottom-large:5px;--awb-spacing-left-large:5.76%;--awb-width-medium:16.666666666667%;--awb-spacing-right-medium:0%;--awb-spacing-left-medium:11.52%;--awb-width-small:100%;--awb-spacing-right-small:1.92%;--awb-spacing-left-small:1.92%;\"><div class=\"fusion-column-wrapper fusion-column-has-shadow fusion-flex-justify-content-flex-start fusion-content-layout-column\"><\/div><\/div><div class=\"fusion-layout-column fusion_builder_column_inner fusion-builder-nested-column-4 fusion_builder_column_inner_1_2 1_2 fusion-flex-column\" style=\"--awb-bg-size:cover;--awb-width-large:50%;--awb-margin-top-large:0px;--awb-spacing-right-large:0%;--awb-margin-bottom-large:0px;--awb-spacing-left-large:0%;--awb-width-medium:66.666666666667%;--awb-spacing-right-medium:0%;--awb-spacing-left-medium:0%;--awb-width-small:100%;--awb-spacing-right-small:40px;--awb-spacing-left-small:40px;\"><div class=\"fusion-column-wrapper fusion-column-has-shadow fusion-flex-justify-content-flex-start fusion-content-layout-column\"><div class=\"fusion-title title fusion-title-5 fusion-sep-none fusion-title-text fusion-title-size-two\" style=\"--awb-margin-top:30px;--awb-margin-bottom:30px;--awb-margin-top-small:24px;--awb-margin-right-small:-20px;--awb-margin-left-small:-10px;\"><h2 class=\"fusion-title-heading title-heading-left fusion-responsive-typography-calculated\" style=\"margin:0;--fontSize:44;line-height:1.26;\"><h2>\u00bfPor qu\u00e9 comprar mesas y sillas en la exposici\u00f3n de G\u00fcell Furniture?<\/h2><\/h2><\/div><div class=\"fusion-text fusion-text-4\" style=\"--awb-margin-right:-10px;--awb-margin-left:-20px;\"><p data-path-to-node=\"19\">En nuestras tiendas f\u00edsicas de la provincia de Tarragona, ofrecemos un servicio personalizado para ayudarte a elegir los muebles que mejor se adapten a tu estilo de vida.<\/p>\n<ul data-path-to-node=\"20\">\n<li>\n<p data-path-to-node=\"20,0,0\">Consejos de dise\u00f1o de interiores: te ayudamos a planificar la distribuci\u00f3n de tu comedor o cocina.<\/p>\n<\/li>\n<li>\n<p data-path-to-node=\"20,1,0\">Financiaci\u00f3n a medida: Compra ahora y paga tu pedido en cuotas sin intereses a lo largo de varios meses gracias a nuestras condiciones de pago a plazos.<\/p>\n<\/li>\n<li>\n<p data-path-to-node=\"20,2,0\">Servicio de entrega y montaje: Nos encargamos de entregar y montar tus muebles directamente en tu domicilio.<\/p>\n<\/li>\n<\/ul>\n<\/div><div ><a class=\"fusion-button button-flat fusion-button-default-size button-default fusion-button-default button-2 fusion-button-default-span fusion-button-default-type\" style=\"--button-border-radius-bottom-left:-10px;\" target=\"_self\" href=\"https:\/\/mobles-guell.com\/serveis\/\"><span class=\"fusion-button-text awb-button__text awb-button__text--default\">Ver servicios<\/span><\/a><\/div><div class=\"fusion-separator fusion-no-small-visibility fusion-no-medium-visibility fusion-full-width-sep\" style=\"align-self: center;margin-left: auto;margin-right: auto;margin-top:20px;width:100%;\"><\/div><\/div><\/div><div class=\"fusion-layout-column fusion_builder_column_inner fusion-builder-nested-column-5 fusion_builder_column_inner_1_6 1_6 fusion-flex-column\" style=\"--awb-bg-size:cover;--awb-width-large:16.666666666667%;--awb-margin-top-large:0px;--awb-spacing-right-large:11.52%;--awb-margin-bottom-large:5px;--awb-spacing-left-large:11.52%;--awb-width-medium:16.666666666667%;--awb-spacing-right-medium:11.52%;--awb-spacing-left-medium:11.52%;--awb-width-small:100%;--awb-spacing-right-small:1.92%;--awb-spacing-left-small:1.92%;\"><div class=\"fusion-column-wrapper fusion-column-has-shadow fusion-flex-justify-content-flex-start fusion-content-layout-column\"><\/div><\/div><\/div><\/div><\/div><\/div><\/div><div class=\"fusion-fullwidth fullwidth-box fusion-builder-row-4 fusion-flex-container nonhundred-percent-fullwidth non-hundred-percent-height-scrolling fusion-no-small-visibility fusion-no-medium-visibility\" style=\"--awb-border-radius-top-left:0px;--awb-border-radius-top-right:0px;--awb-border-radius-bottom-right:0px;--awb-border-radius-bottom-left:0px;--awb-background-color:#f7f7f7;--awb-flex-wrap:wrap;\" ><div class=\"fusion-builder-row fusion-row fusion-flex-align-items-stretch fusion-flex-content-wrap\" style=\"max-width:1320.8px;margin-left: calc(-4% \/ 2 );margin-right: calc(-4% \/ 2 );\"><div class=\"fusion-layout-column fusion_builder_column fusion-builder-column-8 fusion_builder_column_1_3 1_3 fusion-flex-column\" style=\"--awb-bg-size:cover;--awb-width-large:33.333333333333%;--awb-margin-top-large:25px;--awb-spacing-right-large:0%;--awb-margin-bottom-large:25px;--awb-spacing-left-large:5.76%;--awb-width-medium:100%;--awb-spacing-right-medium:1.92%;--awb-spacing-left-medium:1.92%;--awb-width-small:100%;--awb-spacing-right-small:1.92%;--awb-spacing-left-small:1.92%;\"><div class=\"fusion-column-wrapper fusion-column-has-shadow fusion-flex-justify-content-flex-start fusion-content-layout-column\"><div class=\"fusion-builder-row fusion-builder-row-inner fusion-row fusion-flex-align-items-stretch fusion-flex-content-wrap\" style=\"width:104% !important;max-width:104% !important;margin-left: calc(-4% \/ 2 );margin-right: calc(-4% \/ 2 );\"><div class=\"fusion-layout-column fusion_builder_column_inner fusion-builder-nested-column-6 fusion_builder_column_inner_1_1 1_1 fusion-flex-column\" style=\"--awb-padding-right:80px;--awb-bg-size:cover;--awb-width-large:100%;--awb-margin-top-large:0px;--awb-spacing-right-large:1.92%;--awb-margin-bottom-large:0px;--awb-spacing-left-large:1.92%;--awb-width-medium:100%;--awb-spacing-right-medium:1.92%;--awb-spacing-left-medium:1.92%;--awb-width-small:100%;--awb-spacing-right-small:1.92%;--awb-spacing-left-small:1.92%;\"><div class=\"fusion-column-wrapper fusion-column-has-shadow fusion-flex-justify-content-flex-start fusion-content-layout-column\"><div class=\"fusion-title title fusion-title-6 fusion-sep-none fusion-title-text fusion-title-size-six\" style=\"--awb-margin-top:0px;--awb-margin-bottom:10px;--awb-margin-bottom-small:10px;\"><h6 class=\"fusion-title-heading title-heading-left fusion-responsive-typography-calculated\" style=\"margin:0;text-transform:var(--awb-typography2-text-transform);--fontSize:12;--minFontSize:12;line-height:var(--awb-typography2-line-height);\">Mesas y sillas<\/h6><\/div><div class=\"fusion-title title fusion-title-7 fusion-sep-none fusion-title-text fusion-title-size-two\" style=\"--awb-margin-bottom:32px;\"><h2 class=\"fusion-title-heading title-heading-left fusion-responsive-typography-calculated\" style=\"margin:0;--fontSize:44;line-height:1.26;\">Las mejores marcas de mesas y sillas<\/h2><\/div><div class=\"fusion-text fusion-text-5\"><p>En Mobles G\u00fcell, la tienda de muebles de Tarragona, encontrar\u00e1s las mejores marcas de mesas y sillas del sector, como Crevin, Altair y Enea. Descubrir\u00e1s una gran variedad de estilos en distintos acabados que se adaptar\u00e1n a tu hogar.<\/p>\n<\/div><\/div><\/div><\/div><div class=\"fusion-separator fusion-full-width-sep\" style=\"align-self: center;margin-left: auto;margin-right: auto;margin-bottom:227px;width:100%;\"><\/div><div class=\"fusion-separator fusion-full-width-sep\" style=\"align-self: center;margin-left: auto;margin-right: auto;width:100%;\"><\/div><div class=\"fusion-image-element \" style=\"--awb-caption-title-font-family:var(--h2_typography-font-family);--awb-caption-title-font-weight:var(--h2_typography-font-weight);--awb-caption-title-font-style:var(--h2_typography-font-style);--awb-caption-title-size:var(--h2_typography-font-size);--awb-caption-title-transform:var(--h2_typography-text-transform);--awb-caption-title-line-height:var(--h2_typography-line-height);--awb-caption-title-letter-spacing:var(--h2_typography-letter-spacing);\"><span class=\" fusion-imageframe imageframe-none imageframe-2 hover-type-zoomin fusion-animated\" data-animationType=\"fadeIn\" data-animationDuration=\"0.8\" data-animationOffset=\"top-into-view\"><img decoding=\"async\" width=\"1080\" height=\"720\" title=\"MG_Expo_Noviembre-130_resultado\" src=\"https:\/\/mobles-guell.com\/wp-content\/uploads\/2025\/10\/MG_Expo_Novembre-130_resultat.webp\" data-orig-src=\"https:\/\/mobles-guell.com\/wp-content\/uploads\/2025\/10\/MG_Expo_Novembre-130_resultat.webp\" alt class=\"lazyload img-responsive wp-image-5506\" srcset=\"data:image\/svg+xml,%3Csvg%20xmlns%3D%27http%3A%2F%2Fwww.w3.org%2F2000%2Fsvg%27%20width%3D%271080%27%20height%3D%27720%27%20viewBox%3D%270%200%201080%20720%27%3E%3Crect%20width%3D%271080%27%20height%3D%27720%27%20fill-opacity%3D%220%22%2F%3E%3C%2Fsvg%3E\" data-srcset=\"https:\/\/mobles-guell.com\/wp-content\/uploads\/2025\/10\/MG_Expo_Novembre-130_resultat-200x133.webp 200w, https:\/\/mobles-guell.com\/wp-content\/uploads\/2025\/10\/MG_Expo_Novembre-130_resultat-300x200.webp 300w, https:\/\/mobles-guell.com\/wp-content\/uploads\/2025\/10\/MG_Expo_Novembre-130_resultat-400x267.webp 400w, https:\/\/mobles-guell.com\/wp-content\/uploads\/2025\/10\/MG_Expo_Novembre-130_resultat-500x333.webp 500w, https:\/\/mobles-guell.com\/wp-content\/uploads\/2025\/10\/MG_Expo_Novembre-130_resultat-600x400.webp 600w, https:\/\/mobles-guell.com\/wp-content\/uploads\/2025\/10\/MG_Expo_Novembre-130_resultat-700x467.webp 700w, https:\/\/mobles-guell.com\/wp-content\/uploads\/2025\/10\/MG_Expo_Novembre-130_resultat-768x512.webp 768w, https:\/\/mobles-guell.com\/wp-content\/uploads\/2025\/10\/MG_Expo_Novembre-130_resultat-800x533.webp 800w, https:\/\/mobles-guell.com\/wp-content\/uploads\/2025\/10\/MG_Expo_Novembre-130_resultat-1024x683.webp 1024w, https:\/\/mobles-guell.com\/wp-content\/uploads\/2025\/10\/MG_Expo_Novembre-130_resultat.webp 1080w\" data-sizes=\"auto\" data-orig-sizes=\"(max-width: 1024px) 100vw, (max-width: 640px) 100vw, 1080px\" \/><\/span><\/div><\/div><\/div><div class=\"fusion-layout-column fusion_builder_column fusion-builder-column-9 fusion_builder_column_2_3 2_3 fusion-flex-column fusion-animated\" style=\"--awb-bg-size:cover;--awb-width-large:66.666666666667%;--awb-margin-top-large:25px;--awb-spacing-right-large:2.88%;--awb-margin-bottom-large:25px;--awb-spacing-left-large:0%;--awb-width-medium:100%;--awb-spacing-right-medium:1.92%;--awb-spacing-left-medium:1.92%;--awb-width-small:100%;--awb-spacing-right-small:1.92%;--awb-spacing-left-small:1.92%;\" data-animationType=\"fadeIn\" data-animationDuration=\"0.8\" data-animationOffset=\"top-into-view\"><div class=\"fusion-column-wrapper fusion-column-has-shadow fusion-flex-justify-content-flex-start fusion-content-layout-column\"><div class=\"fusion-image-element \" style=\"--awb-caption-title-font-family:var(--h2_typography-font-family);--awb-caption-title-font-weight:var(--h2_typography-font-weight);--awb-caption-title-font-style:var(--h2_typography-font-style);--awb-caption-title-size:var(--h2_typography-font-size);--awb-caption-title-transform:var(--h2_typography-text-transform);--awb-caption-title-line-height:var(--h2_typography-line-height);--awb-caption-title-letter-spacing:var(--h2_typography-letter-spacing);\"><span class=\" fusion-imageframe imageframe-none imageframe-3 hover-type-zoomin\"><img decoding=\"async\" width=\"795\" height=\"530\" title=\"MG &#8211; Diciembre-067_resultado\" src=\"https:\/\/mobles-guell.com\/wp-content\/uploads\/2025\/10\/MG-Desembre-067_resultat.webp\" data-orig-src=\"https:\/\/mobles-guell.com\/wp-content\/uploads\/2025\/10\/MG-Desembre-067_resultat.webp\" alt class=\"lazyload img-responsive wp-image-5443\" srcset=\"data:image\/svg+xml,%3Csvg%20xmlns%3D%27http%3A%2F%2Fwww.w3.org%2F2000%2Fsvg%27%20width%3D%27795%27%20height%3D%27530%27%20viewBox%3D%270%200%20795%20530%27%3E%3Crect%20width%3D%27795%27%20height%3D%27530%27%20fill-opacity%3D%220%22%2F%3E%3C%2Fsvg%3E\" data-srcset=\"https:\/\/mobles-guell.com\/wp-content\/uploads\/2025\/10\/MG-Desembre-067_resultat-200x133.webp 200w, https:\/\/mobles-guell.com\/wp-content\/uploads\/2025\/10\/MG-Desembre-067_resultat-300x200.webp 300w, https:\/\/mobles-guell.com\/wp-content\/uploads\/2025\/10\/MG-Desembre-067_resultat-400x267.webp 400w, https:\/\/mobles-guell.com\/wp-content\/uploads\/2025\/10\/MG-Desembre-067_resultat-500x333.webp 500w, https:\/\/mobles-guell.com\/wp-content\/uploads\/2025\/10\/MG-Desembre-067_resultat-600x400.webp 600w, https:\/\/mobles-guell.com\/wp-content\/uploads\/2025\/10\/MG-Desembre-067_resultat-700x467.webp 700w, https:\/\/mobles-guell.com\/wp-content\/uploads\/2025\/10\/MG-Desembre-067_resultat-768x512.webp 768w, https:\/\/mobles-guell.com\/wp-content\/uploads\/2025\/10\/MG-Desembre-067_resultat.webp 795w\" data-sizes=\"auto\" data-orig-sizes=\"(max-width: 1024px) 100vw, (max-width: 640px) 100vw, 795px\" \/><\/span><\/div><div class=\"fusion-builder-row fusion-builder-row-inner fusion-row fusion-flex-align-items-stretch fusion-flex-content-wrap\" style=\"width:104% !important;max-width:104% !important;margin-left: calc(-4% \/ 2 );margin-right: calc(-4% \/ 2 );\"><div class=\"fusion-layout-column fusion_builder_column_inner fusion-builder-nested-column-7 fusion_builder_column_inner_2_3 2_3 fusion-flex-column fusion-column-inner-bg-wrapper fusion-animated\" style=\"--awb-padding-top:30px;--awb-padding-right:40px;--awb-padding-bottom:28px;--awb-padding-left:40px;--awb-inner-bg-color:var(--awb-color7);--awb-inner-bg-color-hover:var(--awb-color7);--awb-inner-bg-size:cover;--awb-width-large:66.666666666667%;--awb-margin-top-large:0px;--awb-spacing-right-large:40px;--awb-margin-bottom-large:0px;--awb-spacing-left-large:2.88%;--awb-width-medium:100%;--awb-spacing-right-medium:1.92%;--awb-spacing-left-medium:1.92%;--awb-width-small:100%;--awb-spacing-right-small:1.92%;--awb-spacing-left-small:1.92%;\" data-animationType=\"fadeIn\" data-animationDuration=\"0.8\" data-animationOffset=\"top-into-view\"><span class=\"fusion-column-inner-bg hover-type-zoomin\"><a class=\"fusion-column-anchor\" href=\"https:\/\/mobles-guell.com\/projects\/\"><span class=\"fusion-column-inner-bg-image\"><\/span><\/a><\/span><div class=\"fusion-column-wrapper fusion-column-has-shadow fusion-flex-justify-content-flex-start fusion-content-layout-block\"><div class=\"fusion-fa-align-right\"><i class=\"fb-icon-element-2 fb-icon-element fontawesome-icon icon-furniturearrow-right-solid circle-yes\" style=\"--awb-circlecolor:rgba(24,27,32,0);--awb-circlecolor-hover:rgba(24,27,32,0);--awb-circlebordersize:1px;--awb-font-size:14.08px;--awb-width:28.16px;--awb-height:28.16px;--awb-line-height:26.16px;--awb-margin-top:0px;\"><\/i><\/div><div class=\"fusion-text fusion-text-6 fusion-text-no-margin paragraph-small\" style=\"--awb-font-size:16px;--awb-line-height:26px;--awb-letter-spacing:0px;--awb-text-transform:var(--awb-typography2-text-transform);--awb-text-color:var(--awb-color1);--awb-margin-bottom:0px;--awb-text-font-family:var(--awb-typography3-font-family);--awb-text-font-weight:var(--awb-typography3-font-weight);--awb-text-font-style:var(--awb-typography3-font-style);\"><p>Ver m\u00e1s<\/p>\n<\/div><\/div><\/div><div class=\"fusion-layout-column fusion_builder_column_inner fusion-builder-nested-column-8 fusion_builder_column_inner_1_3 1_3 fusion-flex-column\" style=\"--awb-bg-size:cover;--awb-width-large:33.333333333333%;--awb-margin-top-large:0px;--awb-spacing-right-large:5.76%;--awb-margin-bottom-large:0px;--awb-spacing-left-large:5.76%;--awb-width-medium:100%;--awb-spacing-right-medium:1.92%;--awb-spacing-left-medium:1.92%;--awb-width-small:100%;--awb-spacing-right-small:1.92%;--awb-spacing-left-small:1.92%;\"><div class=\"fusion-column-wrapper fusion-column-has-shadow fusion-flex-justify-content-flex-start fusion-content-layout-column\"><\/div><\/div><\/div><\/div><\/div><\/div><\/div><div class=\"fusion-fullwidth fullwidth-box fusion-builder-row-5 fusion-flex-container hundred-percent-fullwidth non-hundred-percent-height-scrolling fusion-no-small-visibility fusion-no-medium-visibility\" style=\"--awb-border-radius-top-left:0px;--awb-border-radius-top-right:0px;--awb-border-radius-bottom-right:0px;--awb-border-radius-bottom-left:0px;--awb-padding-top:0%;--awb-padding-right:6%;--awb-padding-bottom:6%;--awb-padding-left:6%;--awb-flex-wrap:wrap;\" ><div class=\"fusion-builder-row fusion-row fusion-flex-align-items-flex-start fusion-flex-content-wrap\" style=\"width:104% !important;max-width:104% !important;margin-left: calc(-4% \/ 2 );margin-right: calc(-4% \/ 2 );\"><div class=\"fusion-layout-column fusion_builder_column fusion-builder-column-10 fusion_builder_column_2_5 2_5 fusion-flex-column\" style=\"--awb-bg-size:cover;--awb-width-large:40%;--awb-margin-top-large:25px;--awb-spacing-right-large:7.2%;--awb-margin-bottom-large:25px;--awb-spacing-left-large:4.8%;--awb-width-medium:100%;--awb-spacing-right-medium:1.92%;--awb-spacing-left-medium:1.92%;--awb-width-small:100%;--awb-spacing-right-small:1.92%;--awb-spacing-left-small:1.92%;\"><div class=\"fusion-column-wrapper fusion-column-has-shadow fusion-flex-justify-content-flex-start fusion-content-layout-column\"><div class=\"fusion-image-element \" style=\"--awb-caption-title-font-family:var(--h2_typography-font-family);--awb-caption-title-font-weight:var(--h2_typography-font-weight);--awb-caption-title-font-style:var(--h2_typography-font-style);--awb-caption-title-size:var(--h2_typography-font-size);--awb-caption-title-transform:var(--h2_typography-text-transform);--awb-caption-title-line-height:var(--h2_typography-line-height);--awb-caption-title-letter-spacing:var(--h2_typography-letter-spacing);\"><span class=\" fusion-imageframe imageframe-none imageframe-4 hover-type-zoomin\"><img decoding=\"async\" width=\"1080\" height=\"720\" title=\"MG_Expo_Noviembre-12 (1)_resultado\" src=\"https:\/\/mobles-guell.com\/wp-content\/uploads\/2025\/10\/MG_Expo_Novembre-12-1_resultat.webp\" data-orig-src=\"https:\/\/mobles-guell.com\/wp-content\/uploads\/2025\/10\/MG_Expo_Novembre-12-1_resultat.webp\" alt class=\"lazyload img-responsive wp-image-5507\" srcset=\"data:image\/svg+xml,%3Csvg%20xmlns%3D%27http%3A%2F%2Fwww.w3.org%2F2000%2Fsvg%27%20width%3D%271080%27%20height%3D%27720%27%20viewBox%3D%270%200%201080%20720%27%3E%3Crect%20width%3D%271080%27%20height%3D%27720%27%20fill-opacity%3D%220%22%2F%3E%3C%2Fsvg%3E\" data-srcset=\"https:\/\/mobles-guell.com\/wp-content\/uploads\/2025\/10\/MG_Expo_Novembre-12-1_resultat-200x133.webp 200w, https:\/\/mobles-guell.com\/wp-content\/uploads\/2025\/10\/MG_Expo_Novembre-12-1_resultat-300x200.webp 300w, https:\/\/mobles-guell.com\/wp-content\/uploads\/2025\/10\/MG_Expo_Novembre-12-1_resultat-400x267.webp 400w, https:\/\/mobles-guell.com\/wp-content\/uploads\/2025\/10\/MG_Expo_Novembre-12-1_resultat-500x333.webp 500w, https:\/\/mobles-guell.com\/wp-content\/uploads\/2025\/10\/MG_Expo_Novembre-12-1_resultat-600x400.webp 600w, https:\/\/mobles-guell.com\/wp-content\/uploads\/2025\/10\/MG_Expo_Novembre-12-1_resultat-700x467.webp 700w, https:\/\/mobles-guell.com\/wp-content\/uploads\/2025\/10\/MG_Expo_Novembre-12-1_resultat-768x512.webp 768w, https:\/\/mobles-guell.com\/wp-content\/uploads\/2025\/10\/MG_Expo_Novembre-12-1_resultat-800x533.webp 800w, https:\/\/mobles-guell.com\/wp-content\/uploads\/2025\/10\/MG_Expo_Novembre-12-1_resultat-1024x683.webp 1024w, https:\/\/mobles-guell.com\/wp-content\/uploads\/2025\/10\/MG_Expo_Novembre-12-1_resultat.webp 1080w\" data-sizes=\"auto\" data-orig-sizes=\"(max-width: 1024px) 100vw, (max-width: 640px) 100vw, 600px\" \/><\/span><\/div><div class=\"fusion-separator fusion-full-width-sep\" style=\"align-self: center;margin-left: auto;margin-right: auto;margin-bottom:20px;width:100%;\"><\/div><div class=\"fusion-builder-row fusion-builder-row-inner fusion-row fusion-flex-align-items-flex-start fusion-flex-content-wrap\" style=\"width:104% !important;max-width:104% !important;margin-left: calc(-4% \/ 2 );margin-right: calc(-4% \/ 2 );\"><div class=\"fusion-layout-column fusion_builder_column_inner fusion-builder-nested-column-9 fusion_builder_column_inner_1_2 1_2 fusion-flex-column\" style=\"--awb-bg-size:cover;--awb-width-large:50%;--awb-margin-top-large:0px;--awb-spacing-right-large:3.84%;--awb-margin-bottom-large:0px;--awb-spacing-left-large:3.84%;--awb-width-medium:100%;--awb-spacing-right-medium:1.92%;--awb-spacing-left-medium:1.92%;--awb-width-small:100%;--awb-spacing-right-small:1.92%;--awb-spacing-left-small:1.92%;\"><div class=\"fusion-column-wrapper fusion-column-has-shadow fusion-flex-justify-content-flex-start fusion-content-layout-column\"><\/div><\/div><div class=\"fusion-layout-column fusion_builder_column_inner fusion-builder-nested-column-10 fusion_builder_column_inner_1_2 1_2 fusion-flex-column\" style=\"--awb-bg-size:cover;--awb-width-large:50%;--awb-margin-top-large:0px;--awb-spacing-right-large:3.84%;--awb-margin-bottom-large:0px;--awb-spacing-left-large:3.84%;--awb-width-medium:100%;--awb-spacing-right-medium:1.92%;--awb-spacing-left-medium:1.92%;--awb-width-small:100%;--awb-spacing-right-small:1.92%;--awb-spacing-left-small:1.92%;\"><div class=\"fusion-column-wrapper fusion-column-has-shadow fusion-flex-justify-content-flex-start fusion-content-layout-column\"><div class=\"fusion-image-element \" style=\"--awb-caption-title-font-family:var(--h2_typography-font-family);--awb-caption-title-font-weight:var(--h2_typography-font-weight);--awb-caption-title-font-style:var(--h2_typography-font-style);--awb-caption-title-size:var(--h2_typography-font-size);--awb-caption-title-transform:var(--h2_typography-text-transform);--awb-caption-title-line-height:var(--h2_typography-line-height);--awb-caption-title-letter-spacing:var(--h2_typography-letter-spacing);\"><span class=\" fusion-imageframe imageframe-none imageframe-5 hover-type-zoomin\"><img decoding=\"async\" width=\"5304\" height=\"7952\" title=\"MG &#8211; Diciembre-010_resultado\" src=\"https:\/\/mobles-guell.com\/wp-content\/uploads\/2025\/10\/MG-Desembre-010_resultat.webp\" data-orig-src=\"https:\/\/mobles-guell.com\/wp-content\/uploads\/2025\/10\/MG-Desembre-010_resultat.webp\" alt class=\"lazyload img-responsive wp-image-5508\" srcset=\"data:image\/svg+xml,%3Csvg%20xmlns%3D%27http%3A%2F%2Fwww.w3.org%2F2000%2Fsvg%27%20width%3D%275304%27%20height%3D%277952%27%20viewBox%3D%270%200%205304%207952%27%3E%3Crect%20width%3D%275304%27%20height%3D%277952%27%20fill-opacity%3D%220%22%2F%3E%3C%2Fsvg%3E\" data-srcset=\"https:\/\/mobles-guell.com\/wp-content\/uploads\/2025\/10\/MG-Desembre-010_resultat-200x300.webp 200w, https:\/\/mobles-guell.com\/wp-content\/uploads\/2025\/10\/MG-Desembre-010_resultat-400x600.webp 400w, https:\/\/mobles-guell.com\/wp-content\/uploads\/2025\/10\/MG-Desembre-010_resultat-500x750.webp 500w, https:\/\/mobles-guell.com\/wp-content\/uploads\/2025\/10\/MG-Desembre-010_resultat-600x900.webp 600w, https:\/\/mobles-guell.com\/wp-content\/uploads\/2025\/10\/MG-Desembre-010_resultat-683x1024.webp 683w, https:\/\/mobles-guell.com\/wp-content\/uploads\/2025\/10\/MG-Desembre-010_resultat-700x1049.webp 700w, https:\/\/mobles-guell.com\/wp-content\/uploads\/2025\/10\/MG-Desembre-010_resultat-768x1151.webp 768w, https:\/\/mobles-guell.com\/wp-content\/uploads\/2025\/10\/MG-Desembre-010_resultat-800x1199.webp 800w, https:\/\/mobles-guell.com\/wp-content\/uploads\/2025\/10\/MG-Desembre-010_resultat-1025x1536.webp 1025w, https:\/\/mobles-guell.com\/wp-content\/uploads\/2025\/10\/MG-Desembre-010_resultat.webp 5304w\" data-sizes=\"auto\" data-orig-sizes=\"(max-width: 1024px) 100vw, (max-width: 640px) 100vw, 600px\" \/><\/span><\/div><\/div><\/div><\/div><\/div><\/div><div class=\"fusion-layout-column fusion_builder_column fusion-builder-column-11 fusion_builder_column_2_5 2_5 fusion-flex-column\" style=\"--awb-bg-size:cover;--awb-width-large:40%;--awb-margin-top-large:25px;--awb-spacing-right-large:7.2%;--awb-margin-bottom-large:25px;--awb-spacing-left-large:7.2%;--awb-width-medium:100%;--awb-spacing-right-medium:1.92%;--awb-spacing-left-medium:1.92%;--awb-width-small:100%;--awb-spacing-right-small:1.92%;--awb-spacing-left-small:1.92%;\"><div class=\"fusion-column-wrapper fusion-column-has-shadow fusion-flex-justify-content-flex-start fusion-content-layout-column\"><div class=\"fusion-builder-row fusion-builder-row-inner fusion-row fusion-flex-align-items-flex-start fusion-flex-content-wrap\" style=\"width:104% !important;max-width:104% !important;margin-left: calc(-4% \/ 2 );margin-right: calc(-4% \/ 2 );\"><div class=\"fusion-layout-column fusion_builder_column_inner fusion-builder-nested-column-11 fusion_builder_column_inner_1_6 1_6 fusion-flex-column\" style=\"--awb-bg-size:cover;--awb-width-large:16.666666666667%;--awb-margin-top-large:25px;--awb-spacing-right-large:0%;--awb-margin-bottom-large:25px;--awb-spacing-left-large:11.52%;--awb-width-medium:100%;--awb-spacing-right-medium:1.92%;--awb-spacing-left-medium:1.92%;--awb-width-small:100%;--awb-spacing-right-small:1.92%;--awb-spacing-left-small:1.92%;\"><div class=\"fusion-column-wrapper fusion-column-has-shadow fusion-flex-justify-content-flex-start fusion-content-layout-column\"><\/div><\/div><div class=\"fusion-layout-column fusion_builder_column_inner fusion-builder-nested-column-12 fusion_builder_column_inner_2_3 2_3 fusion-flex-column\" style=\"--awb-bg-size:cover;--awb-width-large:66.666666666667%;--awb-margin-top-large:25px;--awb-spacing-right-large:0%;--awb-margin-bottom-large:25px;--awb-spacing-left-large:0%;--awb-width-medium:100%;--awb-spacing-right-medium:1.92%;--awb-spacing-left-medium:1.92%;--awb-width-small:100%;--awb-spacing-right-small:1.92%;--awb-spacing-left-small:1.92%;\"><div class=\"fusion-column-wrapper fusion-column-has-shadow fusion-flex-justify-content-flex-start fusion-content-layout-column\"><div class=\"fusion-title title fusion-title-8 fusion-sep-none fusion-title-text fusion-title-size-six\" style=\"--awb-margin-top:0px;--awb-margin-bottom:10px;--awb-margin-bottom-small:10px;\"><h6 class=\"fusion-title-heading title-heading-left fusion-responsive-typography-calculated\" style=\"margin:0;text-transform:var(--awb-typography2-text-transform);--fontSize:12;--minFontSize:12;line-height:var(--awb-typography2-line-height);\">Exposici\u00f3n<\/h6><\/div><div class=\"fusion-title title fusion-title-9 fusion-sep-none fusion-title-text fusion-title-size-two\" style=\"--awb-margin-bottom:48px;\"><h2 class=\"fusion-title-heading title-heading-left fusion-responsive-typography-calculated\" style=\"margin:0;--fontSize:44;line-height:1.26;\">Exposici\u00f3n de mesas y sillas en Tarragona<\/h2><\/div><div class=\"fusion-text fusion-text-7\"><p>En nuestra sala de exposici\u00f3n de muebles de Tarragona encontrar\u00e1s todo tipo de muebles de comedor, con mesas y sillas expuestas y combinadas por los dise\u00f1adores de interiores de Mobles G\u00fcell para que te hagas una idea de c\u00f3mo quedar\u00edan en tu casa.<\/p>\n<p>Si no sabes por d\u00f3nde empezar a buscar mesas y sillas, qu\u00e9 estilo te conviene m\u00e1s o si quedar\u00e1n bien en tu habitaci\u00f3n, deja que el equipo de dise\u00f1o de interiores te asesore. Juntos convertiremos tu hogar en un espacio nuevo, c\u00f3modo y funcional.<\/p>\n<\/div><\/div><\/div><div class=\"fusion-layout-column fusion_builder_column_inner fusion-builder-nested-column-13 fusion_builder_column_inner_1_6 1_6 fusion-flex-column\" style=\"--awb-bg-size:cover;--awb-width-large:16.666666666667%;--awb-margin-top-large:25px;--awb-spacing-right-large:11.52%;--awb-margin-bottom-large:25px;--awb-spacing-left-large:11.52%;--awb-width-medium:100%;--awb-spacing-right-medium:1.92%;--awb-spacing-left-medium:1.92%;--awb-width-small:100%;--awb-spacing-right-small:1.92%;--awb-spacing-left-small:1.92%;\"><div class=\"fusion-column-wrapper fusion-column-has-shadow fusion-flex-justify-content-flex-start fusion-content-layout-column\"><\/div><\/div><\/div><div class=\"fusion-separator fusion-full-width-sep\" style=\"align-self: center;margin-left: auto;margin-right: auto;margin-top:4%;margin-bottom:40px;width:100%;\"><\/div><div class=\"fusion-image-element \" style=\"--awb-caption-title-font-family:var(--h2_typography-font-family);--awb-caption-title-font-weight:var(--h2_typography-font-weight);--awb-caption-title-font-style:var(--h2_typography-font-style);--awb-caption-title-size:var(--h2_typography-font-size);--awb-caption-title-transform:var(--h2_typography-text-transform);--awb-caption-title-line-height:var(--h2_typography-line-height);--awb-caption-title-letter-spacing:var(--h2_typography-letter-spacing);\"><span class=\" fusion-imageframe imageframe-none imageframe-6 hover-type-zoomin\"><img decoding=\"async\" width=\"1080\" height=\"720\" title=\"MG_Expo_Noviembre-142_resultado\" src=\"https:\/\/mobles-guell.com\/wp-content\/uploads\/2025\/10\/MG_Expo_Novembre-142_resultat.webp\" data-orig-src=\"https:\/\/mobles-guell.com\/wp-content\/uploads\/2025\/10\/MG_Expo_Novembre-142_resultat.webp\" alt class=\"lazyload img-responsive wp-image-5442\" srcset=\"data:image\/svg+xml,%3Csvg%20xmlns%3D%27http%3A%2F%2Fwww.w3.org%2F2000%2Fsvg%27%20width%3D%271080%27%20height%3D%27720%27%20viewBox%3D%270%200%201080%20720%27%3E%3Crect%20width%3D%271080%27%20height%3D%27720%27%20fill-opacity%3D%220%22%2F%3E%3C%2Fsvg%3E\" data-srcset=\"https:\/\/mobles-guell.com\/wp-content\/uploads\/2025\/10\/MG_Expo_Novembre-142_resultat-200x133.webp 200w, https:\/\/mobles-guell.com\/wp-content\/uploads\/2025\/10\/MG_Expo_Novembre-142_resultat-300x200.webp 300w, https:\/\/mobles-guell.com\/wp-content\/uploads\/2025\/10\/MG_Expo_Novembre-142_resultat-400x267.webp 400w, https:\/\/mobles-guell.com\/wp-content\/uploads\/2025\/10\/MG_Expo_Novembre-142_resultat-500x333.webp 500w, https:\/\/mobles-guell.com\/wp-content\/uploads\/2025\/10\/MG_Expo_Novembre-142_resultat-600x400.webp 600w, https:\/\/mobles-guell.com\/wp-content\/uploads\/2025\/10\/MG_Expo_Novembre-142_resultat-700x467.webp 700w, https:\/\/mobles-guell.com\/wp-content\/uploads\/2025\/10\/MG_Expo_Novembre-142_resultat-768x512.webp 768w, https:\/\/mobles-guell.com\/wp-content\/uploads\/2025\/10\/MG_Expo_Novembre-142_resultat-800x533.webp 800w, https:\/\/mobles-guell.com\/wp-content\/uploads\/2025\/10\/MG_Expo_Novembre-142_resultat-1024x683.webp 1024w, https:\/\/mobles-guell.com\/wp-content\/uploads\/2025\/10\/MG_Expo_Novembre-142_resultat.webp 1080w\" data-sizes=\"auto\" data-orig-sizes=\"(max-width: 1024px) 100vw, (max-width: 640px) 100vw, 1080px\" \/><\/span><\/div><\/div><\/div><div class=\"fusion-layout-column fusion_builder_column fusion-builder-column-12 fusion_builder_column_1_5 1_5 fusion-flex-column\" style=\"--awb-bg-size:cover;--awb-width-large:20%;--awb-margin-top-large:25px;--awb-spacing-right-large:9.6%;--awb-margin-bottom-large:25px;--awb-spacing-left-large:14.4%;--awb-width-medium:100%;--awb-spacing-right-medium:1.92%;--awb-spacing-left-medium:1.92%;--awb-width-small:100%;--awb-spacing-right-small:1.92%;--awb-spacing-left-small:1.92%;\"><div class=\"fusion-column-wrapper fusion-column-has-shadow fusion-flex-justify-content-flex-start fusion-content-layout-column\"><div class=\"fusion-image-element \" style=\"--awb-caption-title-font-family:var(--h2_typography-font-family);--awb-caption-title-font-weight:var(--h2_typography-font-weight);--awb-caption-title-font-style:var(--h2_typography-font-style);--awb-caption-title-size:var(--h2_typography-font-size);--awb-caption-title-transform:var(--h2_typography-text-transform);--awb-caption-title-line-height:var(--h2_typography-line-height);--awb-caption-title-letter-spacing:var(--h2_typography-letter-spacing);\"><span class=\" fusion-imageframe imageframe-none imageframe-7 hover-type-zoomin\"><img decoding=\"async\" width=\"1366\" height=\"2048\" title=\"MG &#8211; JUNY-29_resultado\" src=\"https:\/\/mobles-guell.com\/wp-content\/uploads\/2025\/10\/MG-JUNY-29_resultat.webp\" data-orig-src=\"https:\/\/mobles-guell.com\/wp-content\/uploads\/2025\/10\/MG-JUNY-29_resultat.webp\" alt class=\"lazyload img-responsive wp-image-5509\" srcset=\"data:image\/svg+xml,%3Csvg%20xmlns%3D%27http%3A%2F%2Fwww.w3.org%2F2000%2Fsvg%27%20width%3D%271366%27%20height%3D%272048%27%20viewBox%3D%270%200%201366%202048%27%3E%3Crect%20width%3D%271366%27%20height%3D%272048%27%20fill-opacity%3D%220%22%2F%3E%3C%2Fsvg%3E\" data-srcset=\"https:\/\/mobles-guell.com\/wp-content\/uploads\/2025\/10\/MG-JUNY-29_resultat-200x300.webp 200w, https:\/\/mobles-guell.com\/wp-content\/uploads\/2025\/10\/MG-JUNY-29_resultat-400x600.webp 400w, https:\/\/mobles-guell.com\/wp-content\/uploads\/2025\/10\/MG-JUNY-29_resultat-500x750.webp 500w, https:\/\/mobles-guell.com\/wp-content\/uploads\/2025\/10\/MG-JUNY-29_resultat-600x900.webp 600w, https:\/\/mobles-guell.com\/wp-content\/uploads\/2025\/10\/MG-JUNY-29_resultat-683x1024.webp 683w, https:\/\/mobles-guell.com\/wp-content\/uploads\/2025\/10\/MG-JUNY-29_resultat-700x1049.webp 700w, https:\/\/mobles-guell.com\/wp-content\/uploads\/2025\/10\/MG-JUNY-29_resultat-768x1151.webp 768w, https:\/\/mobles-guell.com\/wp-content\/uploads\/2025\/10\/MG-JUNY-29_resultat-800x1199.webp 800w, https:\/\/mobles-guell.com\/wp-content\/uploads\/2025\/10\/MG-JUNY-29_resultat-1025x1536.webp 1025w, https:\/\/mobles-guell.com\/wp-content\/uploads\/2025\/10\/MG-JUNY-29_resultat-1200x1799.webp 1200w, https:\/\/mobles-guell.com\/wp-content\/uploads\/2025\/10\/MG-JUNY-29_resultat.webp 1366w\" data-sizes=\"auto\" data-orig-sizes=\"(max-width: 1024px) 100vw, (max-width: 640px) 100vw, 200px\" \/><\/span><\/div><div class=\"fusion-separator fusion-full-width-sep\" style=\"align-self: center;margin-left: auto;margin-right: auto;margin-top:10%;margin-bottom:40px;width:100%;\"><\/div><div class=\"fusion-builder-row fusion-builder-row-inner fusion-row fusion-flex-align-items-flex-start fusion-flex-content-wrap\" style=\"width:104% !important;max-width:104% !important;margin-left: calc(-4% \/ 2 );margin-right: calc(-4% \/ 2 );\"><div class=\"fusion-layout-column fusion_builder_column_inner fusion-builder-nested-column-14 fusion_builder_column_inner_1_1 1_1 fusion-flex-column fusion-column-inner-bg-wrapper\" style=\"--awb-padding-top:22px;--awb-padding-right:32px;--awb-padding-bottom:24px;--awb-padding-left:32px;--awb-inner-bg-color:var(--awb-color7);--awb-inner-bg-color-hover:var(--awb-color7);--awb-inner-bg-size:cover;--awb-filter:opacity(100%);--awb-filter-transition:filter 0.3s ease;--awb-filter-hover:opacity(92%);--awb-width-large:100%;--awb-margin-top-large:0px;--awb-spacing-right-large:1.92%;--awb-margin-bottom-large:0px;--awb-spacing-left-large:1.92%;--awb-width-medium:100%;--awb-spacing-right-medium:1.92%;--awb-spacing-left-medium:1.92%;--awb-width-small:100%;--awb-spacing-right-small:1.92%;--awb-spacing-left-small:1.92%;\"><span class=\"fusion-column-inner-bg hover-type-none\"><a class=\"fusion-column-anchor\" href=\"https:\/\/mobles-guell.com\/projects\/\"><span class=\"fusion-column-inner-bg-image\"><\/span><\/a><\/span><div class=\"fusion-column-wrapper fusion-column-has-shadow fusion-flex-justify-content-flex-start fusion-content-layout-block\"><div class=\"fusion-fa-align-right\"><i class=\"fb-icon-element-3 fb-icon-element fontawesome-icon icon-furniturearrow-right-solid circle-no\" style=\"--awb-font-size:16px;--awb-margin-top:6px;\"><\/i><\/div><div class=\"fusion-text fusion-text-8 fusion-text-no-margin paragraph-small\" style=\"--awb-font-size:14px;--awb-line-height:26px;--awb-letter-spacing:0px;--awb-text-transform:var(--awb-typography2-text-transform);--awb-text-color:var(--awb-color1);--awb-margin-bottom:0px;--awb-text-font-family:var(--awb-typography3-font-family);--awb-text-font-weight:var(--awb-typography3-font-weight);--awb-text-font-style:var(--awb-typography3-font-style);\"><p>para verlos<\/p>\n<\/div><\/div><\/div><\/div><\/div><\/div><\/div><\/div><div class=\"fusion-fullwidth fullwidth-box fusion-builder-row-6 fusion-flex-container has-pattern-background has-mask-background nonhundred-percent-fullwidth non-hundred-percent-height-scrolling\" style=\"--awb-border-radius-top-left:0px;--awb-border-radius-top-right:0px;--awb-border-radius-bottom-right:0px;--awb-border-radius-bottom-left:0px;--awb-padding-top:0%;--awb-padding-bottom:0%;--awb-background-color:#e8e8e8;--awb-flex-wrap:wrap;\" ><div class=\"fusion-builder-row fusion-row fusion-flex-align-items-flex-start fusion-flex-content-wrap\" style=\"max-width:1320.8px;margin-left: calc(-4% \/ 2 );margin-right: calc(-4% \/ 2 );\"><div class=\"fusion-layout-column fusion_builder_column fusion-builder-column-13 fusion_builder_column_1_1 1_1 fusion-flex-column\" style=\"--awb-bg-size:cover;--awb-width-large:100%;--awb-margin-top-large:25px;--awb-spacing-right-large:1.92%;--awb-margin-bottom-large:25px;--awb-spacing-left-large:1.92%;--awb-width-medium:100%;--awb-order-medium:0;--awb-spacing-right-medium:1.92%;--awb-spacing-left-medium:1.92%;--awb-width-small:100%;--awb-order-small:0;--awb-spacing-right-small:1.92%;--awb-spacing-left-small:1.92%;\"><div class=\"fusion-column-wrapper fusion-column-has-shadow fusion-flex-justify-content-flex-start fusion-content-layout-column\"><div class=\"fusion-title title fusion-title-10 fusion-sep-none fusion-title-text fusion-title-size-six\" style=\"--awb-margin-bottom:10px;--awb-margin-bottom-small:10px;\"><h6 class=\"fusion-title-heading title-heading-left fusion-responsive-typography-calculated\" style=\"margin:0;text-transform:var(--awb-typography2-text-transform);--fontSize:12;--minFontSize:12;line-height:var(--awb-typography2-line-height);\">Te ayudamos<\/h6><\/div><div class=\"fusion-text fusion-text-9\"><h2>Cont\u00e1ctanos<\/h2>\n<\/div>\n<div class=\"wpcf7 no-js\" id=\"wpcf7-f4-o1\" lang=\"ca\" dir=\"ltr\" data-wpcf7-id=\"4\">\n<div class=\"screen-reader-response\"><p role=\"status\" aria-live=\"polite\" aria-atomic=\"true\"><\/p> <ul><\/ul><\/div>\n<form action=\"\/es\/wp-json\/wp\/v2\/pages\/5510#wpcf7-f4-o1\" method=\"post\" class=\"wpcf7-form init\" aria-label=\"Formulari de contacte\" novalidate=\"novalidate\" data-status=\"init\">\n<fieldset class=\"hidden-fields-container\"><input type=\"hidden\" name=\"_wpcf7\" value=\"4\" \/><input type=\"hidden\" name=\"_wpcf7_version\" value=\"6.1.5\" \/><input type=\"hidden\" name=\"_wpcf7_locale\" value=\"ca\" \/><input type=\"hidden\" name=\"_wpcf7_unit_tag\" value=\"wpcf7-f4-o1\" \/><input type=\"hidden\" name=\"_wpcf7_container_post\" value=\"0\" \/><input type=\"hidden\" name=\"_wpcf7_posted_data_hash\" value=\"\" \/>\n<\/fieldset>\n<p><label> El nom<br \/>\n<span class=\"wpcf7-form-control-wrap\" data-name=\"your-name\"><input size=\"40\" maxlength=\"400\" class=\"wpcf7-form-control wpcf7-text wpcf7-validates-as-required\" autocomplete=\"name\" aria-required=\"true\" aria-invalid=\"false\" value=\"\" type=\"text\" name=\"your-name\" \/><\/span> <\/label>\n<\/p>\n<p><label> El correu electr\u00f2nic<br \/>\n<span class=\"wpcf7-form-control-wrap\" data-name=\"your-email\"><input size=\"40\" maxlength=\"400\" class=\"wpcf7-form-control wpcf7-email wpcf7-validates-as-required wpcf7-text wpcf7-validates-as-email\" autocomplete=\"email\" aria-required=\"true\" aria-invalid=\"false\" value=\"\" type=\"email\" name=\"your-email\" \/><\/span> <\/label>\n<\/p>\n<p><label> Assumpte<br \/>\n<span class=\"wpcf7-form-control-wrap\" data-name=\"your-subject\"><input size=\"40\" maxlength=\"400\" class=\"wpcf7-form-control wpcf7-text wpcf7-validates-as-required\" aria-required=\"true\" aria-invalid=\"false\" value=\"\" type=\"text\" name=\"your-subject\" \/><\/span> <\/label>\n<\/p>\n<p><label> El missatge (opcional)<br \/>\n<span class=\"wpcf7-form-control-wrap\" data-name=\"your-message\"><textarea cols=\"40\" rows=\"10\" maxlength=\"2000\" class=\"wpcf7-form-control wpcf7-textarea\" aria-invalid=\"false\" name=\"your-message\"><\/textarea><\/span> <\/label>\n<\/p>\n<p><input class=\"wpcf7-form-control wpcf7-submit has-spinner\" type=\"submit\" value=\"Envia\" \/>\n<\/p><div class=\"fusion-alert alert custom alert-custom fusion-alert-center wpcf7-response-output fusion-alert-capitalize awb-alert-native-link-color alert-dismissable awb-alert-close-boxed\" style=\"--awb-border-size:1px;--awb-border-top-left-radius:0px;--awb-border-top-right-radius:0px;--awb-border-bottom-left-radius:0px;--awb-border-bottom-right-radius:0px;\" role=\"alert\"><div class=\"fusion-alert-content-wrapper\"><span class=\"fusion-alert-content\"><\/span><\/div><button type=\"button\" class=\"close toggle-alert\" data-dismiss=\"alert\" aria-label=\"Close\">&times;<\/button><\/div>\n<\/form>\n<\/div>\n<\/div><\/div><\/div><\/div><\/p>\n","protected":false},"excerpt":{"rendered":"","protected":false},"author":2,"featured_media":0,"parent":0,"menu_order":0,"comment_status":"closed","ping_status":"closed","template":"100-width.php","meta":{"_joinchat":[],"footnotes":""},"class_list":["post-5510","page","type-page","status-publish","hentry"],"_hostinger_reach_plugin_has_subscription_block":false,"_hostinger_reach_plugin_is_elementor":false,"_links":{"self":[{"href":"https:\/\/mobles-guell.com\/es\/wp-json\/wp\/v2\/pages\/5510","targetHints":{"allow":["GET"]}}],"collection":[{"href":"https:\/\/mobles-guell.com\/es\/wp-json\/wp\/v2\/pages"}],"about":[{"href":"https:\/\/mobles-guell.com\/es\/wp-json\/wp\/v2\/types\/page"}],"author":[{"embeddable":true,"href":"https:\/\/mobles-guell.com\/es\/wp-json\/wp\/v2\/users\/2"}],"replies":[{"embeddable":true,"href":"https:\/\/mobles-guell.com\/es\/wp-json\/wp\/v2\/comments?post=5510"}],"version-history":[{"count":3,"href":"https:\/\/mobles-guell.com\/es\/wp-json\/wp\/v2\/pages\/5510\/revisions"}],"predecessor-version":[{"id":5513,"href":"https:\/\/mobles-guell.com\/es\/wp-json\/wp\/v2\/pages\/5510\/revisions\/5513"}],"wp:attachment":[{"href":"https:\/\/mobles-guell.com\/es\/wp-json\/wp\/v2\/media?parent=5510"}],"curies":[{"name":"wp","href":"https:\/\/api.w.org\/{rel}","templated":true}]}}