{"id":5516,"date":"2025-11-20T10:50:17","date_gmt":"2025-11-20T10:50:17","guid":{"rendered":"https:\/\/mobles-guell.com\/sofas-y-sillones-en-tarragona\/"},"modified":"2026-09-01T07:29:23","modified_gmt":"2026-09-01T07:29:23","slug":"sofas-y-sillones-en-tarragona","status":"publish","type":"page","link":"https:\/\/mobles-guell.com\/es\/sofas-y-sillones-en-tarragona\/","title":{"rendered":"Sof\u00e1s y sillones en Tarragona"},"content":{"rendered":"<p><div class=\"fusion-fullwidth fullwidth-box fusion-builder-row-1 fusion-flex-container hundred-percent-fullwidth non-hundred-percent-height-scrolling\" style=\"--awb-border-radius-top-left:0px;--awb-border-radius-top-right:0px;--awb-border-radius-bottom-right:0px;--awb-border-radius-bottom-left:0px;--awb-padding-top:0%;--awb-padding-right:6%;--awb-padding-bottom:0%;--awb-padding-left:6%;--awb-flex-wrap:wrap;\" ><div class=\"fusion-builder-row fusion-row fusion-flex-align-items-stretch fusion-flex-content-wrap\" style=\"width:104% !important;max-width:104% !important;margin-left: calc(-4% \/ 2 );margin-right: calc(-4% \/ 2 );\"><div class=\"fusion-layout-column fusion_builder_column fusion-builder-column-0 fusion_builder_column_1_2 1_2 fusion-flex-column fusion-column-inner-bg-wrapper\" style=\"--awb-inner-bg-position:center center;--awb-inner-bg-size:cover;--awb-width-large:50%;--awb-margin-top-large:0px;--awb-spacing-right-large:20px;--awb-margin-bottom-large:0px;--awb-spacing-left-large:3.84%;--awb-width-medium:100%;--awb-spacing-right-medium:1.92%;--awb-spacing-left-medium:1.92%;--awb-width-small:100%;--awb-spacing-right-small:1.92%;--awb-spacing-left-small:1.92%;\"><span class=\"fusion-column-inner-bg hover-type-none\"><a class=\"fusion-column-anchor\" href=\"https:\/\/1.envato.market\/LkZWa\" target=\"_blank\" rel=\"noopener\"><span class=\"fusion-column-inner-bg-image lazyload\" data-bg=\"https:\/\/mobles-guell.com\/wp-content\/uploads\/2025\/10\/MG-Fotos-Marc-46_resultat.webp\"><\/span><\/a><\/span><div class=\"fusion-column-wrapper fusion-column-has-shadow fusion-flex-justify-content-flex-start fusion-content-layout-column fusion-column-has-bg-image\" data-bg-url=\"https:\/\/mobles-guell.com\/wp-content\/uploads\/2025\/10\/MG-Fotos-Marc-46_resultat.webp\"><div class=\"fusion-separator fusion-no-large-visibility fusion-full-width-sep\" style=\"align-self: center;margin-left: auto;margin-right: auto;margin-top:400px;width:100%;\"><\/div><\/div><\/div><div class=\"fusion-layout-column fusion_builder_column fusion-builder-column-1 fusion_builder_column_1_2 1_2 fusion-flex-column\" style=\"--awb-padding-top:8%;--awb-padding-bottom:8%;--awb-padding-top-medium:30px;--awb-padding-bottom-medium:30px;--awb-padding-top-small:10px;--awb-padding-bottom-small:10px;--awb-bg-size:cover;--awb-width-large:50%;--awb-margin-top-large:0px;--awb-spacing-right-large:3.84%;--awb-margin-bottom-large:0px;--awb-spacing-left-large:20px;--awb-width-medium:100%;--awb-spacing-right-medium:1.92%;--awb-spacing-left-medium:1.92%;--awb-width-small:100%;--awb-spacing-right-small:1.92%;--awb-spacing-left-small:1.92%;\"><div class=\"fusion-column-wrapper fusion-column-has-shadow fusion-flex-justify-content-center fusion-content-layout-column\"><div class=\"fusion-builder-row fusion-builder-row-inner fusion-row fusion-flex-align-items-stretch fusion-flex-content-wrap\" style=\"width:104% !important;max-width:104% !important;margin-left: calc(-4% \/ 2 );margin-right: calc(-4% \/ 2 );\"><div class=\"fusion-layout-column fusion_builder_column_inner fusion-builder-nested-column-0 fusion_builder_column_inner_1_5 1_5 fusion-flex-column fusion-no-small-visibility\" style=\"--awb-bg-size:cover;--awb-width-large:20%;--awb-margin-top-large:0px;--awb-spacing-right-large:0%;--awb-margin-bottom-large:5px;--awb-spacing-left-large:9.6%;--awb-width-medium:100%;--awb-spacing-right-medium:1.92%;--awb-spacing-left-medium:1.92%;--awb-width-small:100%;--awb-spacing-right-small:1.92%;--awb-spacing-left-small:1.92%;\"><div class=\"fusion-column-wrapper fusion-column-has-shadow fusion-flex-justify-content-flex-start fusion-content-layout-column\"><\/div><\/div><div class=\"fusion-layout-column fusion_builder_column_inner fusion-builder-nested-column-1 fusion_builder_column_inner_3_5 3_5 fusion-flex-column\" style=\"--awb-bg-size:cover;--awb-width-large:60%;--awb-margin-top-large:25px;--awb-spacing-right-large:0%;--awb-margin-bottom-large:25px;--awb-spacing-left-large:0%;--awb-width-medium:100%;--awb-margin-top-medium:10px;--awb-spacing-right-medium:1.92%;--awb-margin-bottom-medium:10px;--awb-spacing-left-medium:1.92%;--awb-width-small:100%;--awb-margin-top-small:30px;--awb-spacing-right-small:1.92%;--awb-margin-bottom-small:30px;--awb-spacing-left-small:1.92%;\"><div class=\"fusion-column-wrapper fusion-column-has-shadow fusion-flex-justify-content-flex-start fusion-content-layout-column\"><i class=\"fb-icon-element-1 fb-icon-element fontawesome-icon icon-furniturechair-thin circle-yes fusion-text-flow icon-hover-animation-slide\" style=\"--awb-circlebordersize:1px;--awb-font-size:31.68px;--awb-width:63.36px;--awb-height:63.36px;--awb-line-height:61.36px;--awb-margin-bottom:20px;\"><\/i><div class=\"fusion-title title fusion-title-1 fusion-sep-none fusion-title-text fusion-title-size-six\" style=\"--awb-margin-bottom:10px;--awb-margin-bottom-small:10px;\"><h6 class=\"fusion-title-heading title-heading-left fusion-responsive-typography-calculated\" style=\"margin:0;text-transform:var(--awb-typography2-text-transform);--fontSize:12;--minFontSize:12;line-height:var(--awb-typography2-line-height);\"><h2>Sof\u00e1s y sillones en Tarragona<\/h2><\/h6><\/div><div class=\"fusion-title title fusion-title-2 fusion-sep-none fusion-title-text fusion-title-size-two\" style=\"--awb-margin-bottom:32px;--awb-margin-bottom-small:60px;\"><h2 class=\"fusion-title-heading title-heading-left fusion-responsive-typography-calculated\" style=\"margin:0;--fontSize:44;line-height:1.26;\"><h2>Exposici\u00f3n de sillones y sof\u00e1s en Tarragona<\/h2><\/h2><\/div><div class=\"fusion-separator\" style=\"align-self: flex-start;margin-right:auto;margin-bottom:12px;width:100%;max-width:16px;\"><div class=\"fusion-separator-border sep-single sep-solid\" style=\"--awb-height:20px;--awb-amount:20px;border-color:var(--awb-color3);border-top-width:3px;\"><\/div><\/div><div class=\"fusion-title title fusion-title-3 fusion-sep-none fusion-title-text fusion-title-size-five\"><h5 class=\"fusion-title-heading title-heading-left fusion-responsive-typography-calculated\" style=\"margin:0;--fontSize:18;--minFontSize:18;line-height:1.68;\"><h3>Sof\u00e1s de todos los tama\u00f1os<\/h3><\/h5><\/div><div class=\"fusion-text fusion-text-1\"><p>Sof\u00e1s de dos, tres y cuatro plazas, con chaise longue o con un div\u00e1n. Los sof\u00e1s y los sillones son los muebles de asiento m\u00e1s importantes para el comedor o el sal\u00f3n. <\/p>\n<p>En nuestra tienda de Maslloren\u00e7, Tarragona, sabemos que el sof\u00e1 es el centro de la vida en el hogar. En <a href=\"\/\">Mobles G\u00fcell <\/a>contamos con una amplia sala de <a href=\"https:\/\/mobles-guell.com\/es\/exposicion-de-muebles\/\">exposici\u00f3n <\/a>de sof\u00e1s y sillones dise\u00f1ados para ofrecer la m\u00e1xima comodidad, ergonom\u00eda y estilo.<\/p>\n<\/div><\/div><\/div><div class=\"fusion-layout-column fusion_builder_column_inner fusion-builder-nested-column-2 fusion_builder_column_inner_1_5 1_5 fusion-flex-column fusion-no-small-visibility\" style=\"--awb-bg-size:cover;--awb-width-large:20%;--awb-margin-top-large:0px;--awb-spacing-right-large:9.6%;--awb-margin-bottom-large:5px;--awb-spacing-left-large:9.6%;--awb-width-medium:100%;--awb-spacing-right-medium:1.92%;--awb-spacing-left-medium:1.92%;--awb-width-small:100%;--awb-spacing-right-small:1.92%;--awb-spacing-left-small:1.92%;\"><div class=\"fusion-column-wrapper fusion-column-has-shadow fusion-flex-justify-content-flex-start fusion-content-layout-column\"><\/div><\/div><\/div><div style=\"text-align:center;\"><a class=\"fusion-button button-flat fusion-button-default-size button-default fusion-button-default button-1 fusion-button-default-span fusion-button-default-type\" target=\"_self\" href=\"https:\/\/mobles-guell.com\/es\/contacto\/\"><span class=\"fusion-button-text awb-button__text awb-button__text--default\">Ver sof\u00e1s<\/span><\/a><\/div><\/div><\/div><\/div><\/div><div class=\"fusion-fullwidth fullwidth-box fusion-builder-row-2 fusion-flex-container nonhundred-percent-fullwidth non-hundred-percent-height-scrolling\" style=\"--awb-border-radius-top-left:0px;--awb-border-radius-top-right:0px;--awb-border-radius-bottom-right:0px;--awb-border-radius-bottom-left:0px;--awb-padding-top:3%;--awb-padding-bottom:4%;--awb-background-color:#f7f7f7;--awb-flex-wrap:wrap;\" ><div class=\"fusion-builder-row fusion-row fusion-flex-align-items-flex-start fusion-flex-content-wrap\" style=\"max-width:1320.8px;margin-left: calc(-4% \/ 2 );margin-right: calc(-4% \/ 2 );\"><div class=\"fusion-layout-column fusion_builder_column fusion-builder-column-2 fusion_builder_column_1_1 1_1 fusion-flex-column\" style=\"--awb-bg-size:cover;--awb-width-large:100%;--awb-margin-top-large:25px;--awb-spacing-right-large:1.92%;--awb-margin-bottom-large:20px;--awb-spacing-left-large:1.92%;--awb-width-medium:100%;--awb-spacing-right-medium:1.92%;--awb-spacing-left-medium:1.92%;--awb-width-small:100%;--awb-spacing-right-small:1.92%;--awb-spacing-left-small:1.92%;\"><div class=\"fusion-column-wrapper fusion-column-has-shadow fusion-flex-justify-content-flex-start fusion-content-layout-column\"><div class=\"fusion-title title fusion-title-4 fusion-sep-none fusion-title-text fusion-title-size-six\" style=\"--awb-margin-top:0px;--awb-margin-bottom:10px;--awb-margin-bottom-small:10PX;\"><h6 class=\"fusion-title-heading title-heading-left fusion-responsive-typography-calculated\" style=\"margin:0;text-transform:var(--awb-typography2-text-transform);--fontSize:12;--minFontSize:12;line-height:var(--awb-typography2-line-height);\"><h2>Tienda y exposici\u00f3n de sof\u00e1s en Tarragona<\/h2><\/h6><\/div><div class=\"fusion-title title fusion-title-5 fusion-sep-none fusion-title-text fusion-title-size-two\" style=\"--awb-margin-bottom-small:0px;\"><h2 class=\"fusion-title-heading title-heading-left fusion-responsive-typography-calculated\" style=\"margin:0;--fontSize:44;line-height:1.26;\"><h2>Tipos de sof\u00e1s disponibles en la tienda<\/h2><\/h2><\/div><\/div><\/div><div class=\"fusion-layout-column fusion_builder_column fusion-builder-column-3 fusion_builder_column_1_3 1_3 fusion-flex-column\" style=\"--awb-bg-size:cover;--awb-width-large:33.333333333333%;--awb-margin-top-large:5px;--awb-spacing-right-large:8.64%;--awb-margin-bottom-large:10px;--awb-spacing-left-large:5.76%;--awb-width-medium:100%;--awb-spacing-right-medium:1.92%;--awb-spacing-left-medium:1.92%;--awb-width-small:100%;--awb-spacing-right-small:1.92%;--awb-spacing-left-small:1.92%;\"><div class=\"fusion-column-wrapper fusion-column-has-shadow fusion-flex-justify-content-flex-start fusion-content-layout-column\"><ul style=\"--awb-size:18px;--awb-line-height:30.6px;--awb-icon-width:30.6px;--awb-icon-height:30.6px;--awb-icon-margin:12.6px;--awb-content-margin:43.2px;\" class=\"fusion-checklist fusion-checklist-1 fusion-checklist-default fusion-checklist-divider type-icons\"><li class=\"fusion-li-item\" style=\"\"><span class=\"icon-wrapper circle-no\"><i class=\"fusion-li-icon icon-furnituresofa-bold\" aria-hidden=\"true\"><\/i><\/span><div class=\"fusion-li-item-content\">\n<h3 data-path-to-node=\"32\"><b data-path-to-node=\"11,0,0\" data-index-in-node=\"0\">Tumbonas y sillones<\/b><\/h3>\n<p data-path-to-node=\"32\">Ideal para familias o espacios amplios. Dise\u00f1ado para sacar el m\u00e1ximo partido a la distribuci\u00f3n de tu comedor gracias a sus opciones modulares y de almacenamiento. <\/p>\n<\/div><\/li><\/ul><\/div><\/div><div class=\"fusion-layout-column fusion_builder_column fusion-builder-column-4 fusion_builder_column_1_3 1_3 fusion-flex-column\" style=\"--awb-bg-size:cover;--awb-width-large:33.333333333333%;--awb-margin-top-large:5px;--awb-spacing-right-large:8.64%;--awb-margin-bottom-large:10px;--awb-spacing-left-large:8.64%;--awb-width-medium:100%;--awb-spacing-right-medium:1.92%;--awb-spacing-left-medium:1.92%;--awb-width-small:100%;--awb-spacing-right-small:1.92%;--awb-spacing-left-small:1.92%;\"><div class=\"fusion-column-wrapper fusion-column-has-shadow fusion-flex-justify-content-flex-start fusion-content-layout-column\"><ul style=\"--awb-size:18px;--awb-line-height:30.6px;--awb-icon-width:30.6px;--awb-icon-height:30.6px;--awb-icon-margin:12.6px;--awb-content-margin:43.2px;\" class=\"fusion-checklist fusion-checklist-2 fusion-checklist-default fusion-checklist-divider type-icons\"><li class=\"fusion-li-item\" style=\"\"><span class=\"icon-wrapper circle-no\"><i class=\"fusion-li-icon icon-furnituresofa-thin\" aria-hidden=\"true\"><\/i><\/span><div class=\"fusion-li-item-content\">\n<h3 data-path-to-node=\"11,0,0\"><b data-path-to-node=\"11,1,0\" data-index-in-node=\"0\">Sof\u00e1s reclinables y sof\u00e1s con respaldo reclinable<\/b><\/h3>\n<p data-path-to-node=\"11,0,0\">Sistemas de apertura el\u00e9ctricos o manuales, con reposacabezas y reposapi\u00e9s ajustables para una experiencia de descanso inigualable..<\/p>\n<\/div><\/li><\/ul><\/div><\/div><div class=\"fusion-layout-column fusion_builder_column fusion-builder-column-5 fusion_builder_column_1_3 1_3 fusion-flex-column\" style=\"--awb-bg-size:cover;--awb-width-large:33.333333333333%;--awb-margin-top-large:5px;--awb-spacing-right-large:8.64%;--awb-margin-bottom-large:10px;--awb-spacing-left-large:8.64%;--awb-width-medium:100%;--awb-spacing-right-medium:1.92%;--awb-spacing-left-medium:1.92%;--awb-width-small:100%;--awb-spacing-right-small:1.92%;--awb-spacing-left-small:1.92%;\"><div class=\"fusion-column-wrapper fusion-column-has-shadow fusion-flex-justify-content-flex-start fusion-content-layout-column\"><ul style=\"--awb-size:18px;--awb-line-height:30.6px;--awb-icon-width:30.6px;--awb-icon-height:30.6px;--awb-icon-margin:12.6px;--awb-content-margin:43.2px;\" class=\"fusion-checklist fusion-checklist-3 fusion-checklist-default fusion-checklist-divider type-icons\"><li class=\"fusion-li-item\" style=\"\"><span class=\"icon-wrapper circle-no\"><i class=\"fusion-li-icon icon-furnituresofa-bold\" aria-hidden=\"true\"><\/i><\/span><div class=\"fusion-li-item-content\">\n<h3 data-path-to-node=\"37\"><b data-path-to-node=\"11,2,0\" data-index-in-node=\"0\">Sof\u00e1s de 2 y 3 plazas<\/b><\/h3>\n<p data-path-to-node=\"37\">Dise\u00f1os compactos y elegantes, perfectos para salones de cualquier tama\u00f1o o espacios auxiliares.<\/p>\n<\/div><\/li><\/ul><\/div><\/div><\/div><\/div><div class=\"fusion-fullwidth fullwidth-box fusion-builder-row-3 fusion-flex-container nonhundred-percent-fullwidth non-hundred-percent-height-scrolling fusion-no-small-visibility fusion-no-medium-visibility\" style=\"--awb-border-radius-top-left:0px;--awb-border-radius-top-right:0px;--awb-border-radius-bottom-right:0px;--awb-border-radius-bottom-left:0px;--awb-flex-wrap:wrap;\" ><div class=\"fusion-builder-row fusion-row fusion-flex-align-items-stretch fusion-flex-content-wrap\" style=\"max-width:1320.8px;margin-left: calc(-4% \/ 2 );margin-right: calc(-4% \/ 2 );\"><div class=\"fusion-layout-column fusion_builder_column fusion-builder-column-6 fusion_builder_column_1_3 1_3 fusion-flex-column fusion-flex-align-self-stretch\" style=\"--awb-bg-size:cover;--awb-width-large:33.333333333333%;--awb-margin-top-large:25px;--awb-spacing-right-large:0%;--awb-margin-bottom-large:25px;--awb-spacing-left-large:5.76%;--awb-width-medium:100%;--awb-spacing-right-medium:1.92%;--awb-spacing-left-medium:1.92%;--awb-width-small:100%;--awb-spacing-right-small:1.92%;--awb-spacing-left-small:1.92%;\"><div class=\"fusion-column-wrapper fusion-column-has-shadow fusion-flex-justify-content-flex-start fusion-content-layout-column\"><div class=\"fusion-builder-row fusion-builder-row-inner fusion-row fusion-flex-align-items-stretch fusion-flex-content-wrap\" style=\"width:104% !important;max-width:104% !important;margin-left: calc(-4% \/ 2 );margin-right: calc(-4% \/ 2 );\"><div class=\"fusion-layout-column fusion_builder_column_inner fusion-builder-nested-column-3 fusion_builder_column_inner_1_1 1_1 fusion-flex-column\" style=\"--awb-padding-right:80px;--awb-bg-size:cover;--awb-width-large:100%;--awb-margin-top-large:0px;--awb-spacing-right-large:1.92%;--awb-margin-bottom-large:0px;--awb-spacing-left-large:1.92%;--awb-width-medium:100%;--awb-spacing-right-medium:1.92%;--awb-spacing-left-medium:1.92%;--awb-width-small:100%;--awb-spacing-right-small:1.92%;--awb-spacing-left-small:1.92%;\"><div class=\"fusion-column-wrapper fusion-column-has-shadow fusion-flex-justify-content-flex-start fusion-content-layout-column\"><div class=\"fusion-title title fusion-title-6 fusion-sep-none fusion-title-text fusion-title-size-six\" style=\"--awb-margin-top:0px;--awb-margin-bottom:10px;--awb-margin-bottom-small:10px;\"><h6 class=\"fusion-title-heading title-heading-left fusion-responsive-typography-calculated\" style=\"margin:0;text-transform:var(--awb-typography2-text-transform);--fontSize:12;--minFontSize:12;line-height:var(--awb-typography2-line-height);\"><h2>Cat\u00e1logo de sillones y sof\u00e1s en Tarragona<\/h2><\/h6><\/div><div class=\"fusion-title title fusion-title-7 fusion-sep-none fusion-title-text fusion-title-size-two\" style=\"--awb-margin-bottom:32px;\"><h2 class=\"fusion-title-heading title-heading-left fusion-responsive-typography-calculated\" style=\"margin:0;--fontSize:44;line-height:1.26;\"><h3>Sillones reclinables y mucho m\u00e1s<\/h3><\/h2><\/div><div class=\"fusion-text fusion-text-2\"><p data-path-to-node=\"10\">Ofrecemos una amplia variedad de modelos y tapizados de primera calidad (malla antimanchas, piel, tela y tejidos resistentes) para satisfacer cualquier necesidad de dise\u00f1o y espacio:<\/p>\n<p data-path-to-node=\"11,3,0\">Sillones y asientos auxiliares: mecedoras tapizadas y asientos individuales que aportan un toque de distinci\u00f3n y mayor comodidad.<\/p>\n<\/div><\/div><\/div><\/div><div class=\"fusion-separator fusion-full-width-sep\" style=\"align-self: center;margin-left: auto;margin-right: auto;margin-bottom:120px;width:100%;\"><\/div><div class=\"fusion-separator fusion-full-width-sep\" style=\"align-self: center;margin-left: auto;margin-right: auto;width:100%;\"><\/div><div class=\"fusion-image-element \" style=\"--awb-caption-title-font-family:var(--h2_typography-font-family);--awb-caption-title-font-weight:var(--h2_typography-font-weight);--awb-caption-title-font-style:var(--h2_typography-font-style);--awb-caption-title-size:var(--h2_typography-font-size);--awb-caption-title-transform:var(--h2_typography-text-transform);--awb-caption-title-line-height:var(--h2_typography-line-height);--awb-caption-title-letter-spacing:var(--h2_typography-letter-spacing);\"><span class=\" fusion-imageframe imageframe-none imageframe-1 hover-type-zoomin fusion-animated\" data-animationType=\"fadeIn\" data-animationDuration=\"0.8\" data-animationOffset=\"top-into-view\"><img decoding=\"async\" width=\"530\" height=\"795\" alt=\"sof\u00e1s en tarragona\" title=\"DSC08976_resultado\" src=\"https:\/\/mobles-guell.com\/wp-content\/uploads\/2025\/10\/DSC08976_resultat.webp\" data-orig-src=\"https:\/\/mobles-guell.com\/wp-content\/uploads\/2025\/10\/DSC08976_resultat.webp\" class=\"lazyload img-responsive wp-image-5514\" srcset=\"data:image\/svg+xml,%3Csvg%20xmlns%3D%27http%3A%2F%2Fwww.w3.org%2F2000%2Fsvg%27%20width%3D%27530%27%20height%3D%27795%27%20viewBox%3D%270%200%20530%20795%27%3E%3Crect%20width%3D%27530%27%20height%3D%27795%27%20fill-opacity%3D%220%22%2F%3E%3C%2Fsvg%3E\" data-srcset=\"https:\/\/mobles-guell.com\/wp-content\/uploads\/2025\/10\/DSC08976_resultat-200x300.webp 200w, https:\/\/mobles-guell.com\/wp-content\/uploads\/2025\/10\/DSC08976_resultat-400x600.webp 400w, https:\/\/mobles-guell.com\/wp-content\/uploads\/2025\/10\/DSC08976_resultat-500x750.webp 500w, https:\/\/mobles-guell.com\/wp-content\/uploads\/2025\/10\/DSC08976_resultat.webp 530w\" data-sizes=\"auto\" data-orig-sizes=\"(max-width: 1024px) 100vw, (max-width: 640px) 100vw, 530px\" \/><\/span><\/div><\/div><\/div><div class=\"fusion-layout-column fusion_builder_column fusion-builder-column-7 fusion_builder_column_2_3 2_3 fusion-flex-column fusion-flex-align-self-stretch fusion-animated\" style=\"--awb-bg-size:cover;--awb-width-large:66.666666666667%;--awb-margin-top-large:25px;--awb-spacing-right-large:2.88%;--awb-margin-bottom-large:25px;--awb-spacing-left-large:0%;--awb-width-medium:100%;--awb-spacing-right-medium:1.92%;--awb-spacing-left-medium:1.92%;--awb-width-small:100%;--awb-spacing-right-small:1.92%;--awb-spacing-left-small:1.92%;\" data-animationType=\"fadeIn\" data-animationDuration=\"0.8\" data-animationOffset=\"top-into-view\"><div class=\"fusion-column-wrapper fusion-column-has-shadow fusion-flex-justify-content-flex-start fusion-content-layout-column\"><div class=\"fusion-image-element \" style=\"--awb-caption-title-font-family:var(--h2_typography-font-family);--awb-caption-title-font-weight:var(--h2_typography-font-weight);--awb-caption-title-font-style:var(--h2_typography-font-style);--awb-caption-title-size:var(--h2_typography-font-size);--awb-caption-title-transform:var(--h2_typography-text-transform);--awb-caption-title-line-height:var(--h2_typography-line-height);--awb-caption-title-letter-spacing:var(--h2_typography-letter-spacing);\"><span class=\" fusion-imageframe imageframe-none imageframe-2 hover-type-zoomin\"><img decoding=\"async\" width=\"1080\" height=\"720\" alt=\"Sof\u00e1s a tarragona\" title=\"MG-Brandning22-119\" src=\"https:\/\/mobles-guell.com\/wp-content\/uploads\/2025\/10\/MG-Brandning22-119.jpg\" data-orig-src=\"https:\/\/mobles-guell.com\/wp-content\/uploads\/2025\/10\/MG-Brandning22-119.jpg\" class=\"lazyload img-responsive wp-image-5515\" srcset=\"data:image\/svg+xml,%3Csvg%20xmlns%3D%27http%3A%2F%2Fwww.w3.org%2F2000%2Fsvg%27%20width%3D%271080%27%20height%3D%27720%27%20viewBox%3D%270%200%201080%20720%27%3E%3Crect%20width%3D%271080%27%20height%3D%27720%27%20fill-opacity%3D%220%22%2F%3E%3C%2Fsvg%3E\" data-srcset=\"https:\/\/mobles-guell.com\/wp-content\/uploads\/2025\/10\/MG-Brandning22-119-200x133.jpg 200w, https:\/\/mobles-guell.com\/wp-content\/uploads\/2025\/10\/MG-Brandning22-119-400x267.jpg 400w, https:\/\/mobles-guell.com\/wp-content\/uploads\/2025\/10\/MG-Brandning22-119-600x400.jpg 600w, https:\/\/mobles-guell.com\/wp-content\/uploads\/2025\/10\/MG-Brandning22-119-800x533.jpg 800w, https:\/\/mobles-guell.com\/wp-content\/uploads\/2025\/10\/MG-Brandning22-119.jpg 1080w\" data-sizes=\"auto\" data-orig-sizes=\"(max-width: 1024px) 100vw, (max-width: 640px) 100vw, 1080px\" \/><\/span><\/div><div class=\"fusion-builder-row fusion-builder-row-inner fusion-row fusion-flex-align-items-stretch fusion-flex-content-wrap\" style=\"width:104% !important;max-width:104% !important;margin-left: calc(-4% \/ 2 );margin-right: calc(-4% \/ 2 );\"><div class=\"fusion-layout-column fusion_builder_column_inner fusion-builder-nested-column-4 fusion_builder_column_inner_2_3 2_3 fusion-flex-column fusion-column-inner-bg-wrapper fusion-animated\" style=\"--awb-padding-top:28px;--awb-padding-right:40px;--awb-padding-bottom:28px;--awb-padding-left:40px;--awb-inner-bg-color:var(--awb-color7);--awb-inner-bg-color-hover:var(--awb-color7);--awb-inner-bg-size:cover;--awb-width-large:66.666666666667%;--awb-margin-top-large:0px;--awb-spacing-right-large:40px;--awb-margin-bottom-large:0px;--awb-spacing-left-large:2.88%;--awb-width-medium:100%;--awb-spacing-right-medium:1.92%;--awb-spacing-left-medium:1.92%;--awb-width-small:100%;--awb-spacing-right-small:1.92%;--awb-spacing-left-small:1.92%;\" data-animationType=\"fadeIn\" data-animationDuration=\"0.8\" data-animationOffset=\"top-into-view\"><span class=\"fusion-column-inner-bg hover-type-zoomin\"><a class=\"fusion-column-anchor\" href=\"https:\/\/mobles-guell.com\/projects\/\"><span class=\"fusion-column-inner-bg-image\"><\/span><\/a><\/span><div class=\"fusion-column-wrapper fusion-column-has-shadow fusion-flex-justify-content-flex-start fusion-content-layout-block\"><div class=\"fusion-fa-align-right\"><i class=\"fb-icon-element-2 fb-icon-element fontawesome-icon icon-furniturearrow-right-solid circle-yes\" style=\"--awb-circlecolor:rgba(24,27,32,0);--awb-circlecolor-hover:rgba(24,27,32,0);--awb-circlebordersize:1px;--awb-font-size:14.08px;--awb-width:28.16px;--awb-height:28.16px;--awb-line-height:26.16px;--awb-margin-top:-2px;\"><\/i><\/div><div class=\"fusion-text fusion-text-3 fusion-text-no-margin paragraph-small\" style=\"--awb-font-size:16px;--awb-line-height:26px;--awb-letter-spacing:0px;--awb-text-transform:var(--awb-typography2-text-transform);--awb-text-color:var(--awb-color1);--awb-margin-bottom:0px;--awb-text-font-family:var(--awb-typography3-font-family);--awb-text-font-weight:var(--awb-typography3-font-weight);--awb-text-font-style:var(--awb-typography3-font-style);\"><p><a href=\"https:\/\/mobles-guell.com\/es\/contacto\/\"><u><span style=\"color: #ffffff;\"><span style=\"color: #ffffff;\"><a href=\"https:\/\/mobles-guell.com\/es\/contacto\/\">ver m\u00e1s<\/a><\/span><\/span><\/u><\/a><\/p>\n<\/div><\/div><\/div><div class=\"fusion-layout-column fusion_builder_column_inner fusion-builder-nested-column-5 fusion_builder_column_inner_1_3 1_3 fusion-flex-column\" style=\"--awb-bg-size:cover;--awb-width-large:33.333333333333%;--awb-margin-top-large:0px;--awb-spacing-right-large:5.76%;--awb-margin-bottom-large:0px;--awb-spacing-left-large:5.76%;--awb-width-medium:100%;--awb-spacing-right-medium:1.92%;--awb-spacing-left-medium:1.92%;--awb-width-small:100%;--awb-spacing-right-small:1.92%;--awb-spacing-left-small:1.92%;\"><div class=\"fusion-column-wrapper fusion-column-has-shadow fusion-flex-justify-content-flex-start fusion-content-layout-column\"><\/div><\/div><\/div><\/div><\/div><\/div><\/div><div class=\"fusion-fullwidth fullwidth-box fusion-builder-row-4 fusion-flex-container nonhundred-percent-fullwidth non-hundred-percent-height-scrolling fusion-no-large-visibility\" style=\"--awb-border-radius-top-left:0px;--awb-border-radius-top-right:0px;--awb-border-radius-bottom-right:0px;--awb-border-radius-bottom-left:0px;--awb-flex-wrap:wrap;\" ><div class=\"fusion-builder-row fusion-row fusion-flex-align-items-stretch fusion-flex-content-wrap\" style=\"max-width:1320.8px;margin-left: calc(-4% \/ 2 );margin-right: calc(-4% \/ 2 );\"><div class=\"fusion-layout-column fusion_builder_column fusion-builder-column-8 fusion_builder_column_1_3 1_3 fusion-flex-column\" style=\"--awb-bg-size:cover;--awb-width-large:33.333333333333%;--awb-margin-top-large:25px;--awb-spacing-right-large:4.8%;--awb-margin-bottom-large:25px;--awb-spacing-left-large:5.76%;--awb-width-medium:100%;--awb-spacing-right-medium:1.92%;--awb-spacing-left-medium:1.92%;--awb-width-small:100%;--awb-spacing-right-small:1.92%;--awb-spacing-left-small:1.92%;\"><div class=\"fusion-column-wrapper fusion-column-has-shadow fusion-flex-justify-content-center fusion-content-layout-column\"><div class=\"fusion-separator fusion-full-width-sep\" style=\"align-self: center;margin-left: auto;margin-right: auto;width:100%;\"><\/div><div class=\"fusion-builder-row fusion-builder-row-inner fusion-row fusion-flex-align-items-stretch fusion-flex-content-wrap\" style=\"width:104% !important;max-width:104% !important;margin-left: calc(-4% \/ 2 );margin-right: calc(-4% \/ 2 );\"><div class=\"fusion-layout-column fusion_builder_column_inner fusion-builder-nested-column-6 fusion_builder_column_inner_1_1 1_1 fusion-flex-column\" style=\"--awb-padding-right:80px;--awb-bg-size:cover;--awb-width-large:100%;--awb-margin-top-large:0px;--awb-spacing-right-large:1.92%;--awb-margin-bottom-large:0px;--awb-spacing-left-large:1.92%;--awb-width-medium:100%;--awb-spacing-right-medium:1.92%;--awb-spacing-left-medium:1.92%;--awb-width-small:100%;--awb-spacing-right-small:1.92%;--awb-spacing-left-small:1.92%;\"><div class=\"fusion-column-wrapper fusion-column-has-shadow fusion-flex-justify-content-flex-start fusion-content-layout-column\"><div class=\"fusion-title title fusion-title-8 fusion-sep-none fusion-title-text fusion-title-size-six\" style=\"--awb-margin-top:0px;--awb-margin-bottom:10px;--awb-margin-bottom-small:10px;\"><h6 class=\"fusion-title-heading title-heading-left fusion-responsive-typography-calculated\" style=\"margin:0;text-transform:var(--awb-typography2-text-transform);--fontSize:12;--minFontSize:12;line-height:var(--awb-typography2-line-height);\"><h2>Cat\u00e1logo de sillones y sof\u00e1s en Tarragona<\/h2><\/h6><\/div><div class=\"fusion-title title fusion-title-9 fusion-sep-none fusion-title-text fusion-title-size-two\" style=\"--awb-margin-bottom:32px;\"><h2 class=\"fusion-title-heading title-heading-left fusion-responsive-typography-calculated\" style=\"margin:0;--fontSize:44;line-height:1.26;\"><h3>Sillones reclinables y mucho m\u00e1s<\/h3><\/h2><\/div><div class=\"fusion-text fusion-text-4\"><p data-path-to-node=\"10\">Ofrecemos una amplia variedad de modelos y tapizados de primera calidad (malla antimanchas, piel, tela y tejidos resistentes) para satisfacer cualquier necesidad de dise\u00f1o y espacio:<\/p>\n<p data-path-to-node=\"11,3,0\">Sillones y asientos auxiliares: mecedoras tapizadas y asientos individuales que aportan un toque de distinci\u00f3n y mayor comodidad.<\/p>\n<\/div><\/div><\/div><\/div><\/div><\/div><div class=\"fusion-layout-column fusion_builder_column fusion-builder-column-9 fusion_builder_column_2_3 2_3 fusion-flex-column\" style=\"--awb-bg-size:cover;--awb-width-large:66.666666666667%;--awb-margin-top-large:25px;--awb-spacing-right-large:2.88%;--awb-margin-bottom-large:25px;--awb-spacing-left-large:4.8%;--awb-width-medium:100%;--awb-spacing-right-medium:1.92%;--awb-spacing-left-medium:1.92%;--awb-width-small:100%;--awb-spacing-right-small:1.92%;--awb-spacing-left-small:1.92%;\"><div class=\"fusion-column-wrapper fusion-column-has-shadow fusion-flex-justify-content-flex-start fusion-content-layout-column\"><div class=\"fusion-image-element \" style=\"--awb-caption-title-font-family:var(--h2_typography-font-family);--awb-caption-title-font-weight:var(--h2_typography-font-weight);--awb-caption-title-font-style:var(--h2_typography-font-style);--awb-caption-title-size:var(--h2_typography-font-size);--awb-caption-title-transform:var(--h2_typography-text-transform);--awb-caption-title-line-height:var(--h2_typography-line-height);--awb-caption-title-letter-spacing:var(--h2_typography-letter-spacing);\"><span class=\" fusion-imageframe imageframe-none imageframe-3 hover-type-zoomin\"><img decoding=\"async\" width=\"1080\" height=\"720\" alt=\"Sof\u00e1s tarragona\" title=\"MG-Brandning22-119\" src=\"https:\/\/mobles-guell.com\/wp-content\/uploads\/2025\/10\/MG-Brandning22-119.jpg\" data-orig-src=\"https:\/\/mobles-guell.com\/wp-content\/uploads\/2025\/10\/MG-Brandning22-119.jpg\" class=\"lazyload img-responsive wp-image-5515\" srcset=\"data:image\/svg+xml,%3Csvg%20xmlns%3D%27http%3A%2F%2Fwww.w3.org%2F2000%2Fsvg%27%20width%3D%271080%27%20height%3D%27720%27%20viewBox%3D%270%200%201080%20720%27%3E%3Crect%20width%3D%271080%27%20height%3D%27720%27%20fill-opacity%3D%220%22%2F%3E%3C%2Fsvg%3E\" data-srcset=\"https:\/\/mobles-guell.com\/wp-content\/uploads\/2025\/10\/MG-Brandning22-119-200x133.jpg 200w, https:\/\/mobles-guell.com\/wp-content\/uploads\/2025\/10\/MG-Brandning22-119-400x267.jpg 400w, https:\/\/mobles-guell.com\/wp-content\/uploads\/2025\/10\/MG-Brandning22-119-600x400.jpg 600w, https:\/\/mobles-guell.com\/wp-content\/uploads\/2025\/10\/MG-Brandning22-119-800x533.jpg 800w, https:\/\/mobles-guell.com\/wp-content\/uploads\/2025\/10\/MG-Brandning22-119.jpg 1080w\" data-sizes=\"auto\" data-orig-sizes=\"(max-width: 1024px) 100vw, (max-width: 640px) 100vw, 800px\" \/><\/span><\/div><div class=\"fusion-builder-row fusion-builder-row-inner fusion-row fusion-flex-align-items-stretch fusion-flex-content-wrap\" style=\"width:104% !important;max-width:104% !important;margin-left: calc(-4% \/ 2 );margin-right: calc(-4% \/ 2 );\"><div class=\"fusion-layout-column fusion_builder_column_inner fusion-builder-nested-column-7 fusion_builder_column_inner_2_3 2_3 fusion-flex-column fusion-column-inner-bg-wrapper fusion-animated\" style=\"--awb-padding-top:28px;--awb-padding-right:40px;--awb-padding-bottom:28px;--awb-padding-left:40px;--awb-inner-bg-color:var(--awb-color7);--awb-inner-bg-color-hover:var(--awb-color7);--awb-inner-bg-size:cover;--awb-width-large:66.666666666667%;--awb-margin-top-large:0px;--awb-spacing-right-large:40px;--awb-margin-bottom-large:0px;--awb-spacing-left-large:2.88%;--awb-width-medium:100%;--awb-spacing-right-medium:1.92%;--awb-spacing-left-medium:1.92%;--awb-width-small:100%;--awb-spacing-right-small:1.92%;--awb-spacing-left-small:1.92%;\" data-animationType=\"fadeIn\" data-animationDuration=\"0.8\" data-animationOffset=\"top-into-view\"><span class=\"fusion-column-inner-bg hover-type-zoomin\"><a class=\"fusion-column-anchor\" href=\"https:\/\/mobles-guell.com\/projects\/\"><span class=\"fusion-column-inner-bg-image\"><\/span><\/a><\/span><div class=\"fusion-column-wrapper fusion-column-has-shadow fusion-flex-justify-content-flex-start fusion-content-layout-block\"><div class=\"fusion-fa-align-right\"><i class=\"fb-icon-element-3 fb-icon-element fontawesome-icon icon-furniturearrow-right-solid circle-yes\" style=\"--awb-circlecolor:rgba(24,27,32,0);--awb-circlecolor-hover:rgba(24,27,32,0);--awb-circlebordersize:1px;--awb-font-size:14.08px;--awb-width:28.16px;--awb-height:28.16px;--awb-line-height:26.16px;--awb-margin-top:-2px;\"><\/i><\/div><div class=\"fusion-text fusion-text-5 fusion-text-no-margin paragraph-small\" style=\"--awb-font-size:16px;--awb-line-height:26px;--awb-letter-spacing:0px;--awb-text-transform:var(--awb-typography2-text-transform);--awb-text-color:var(--awb-color1);--awb-margin-bottom:0px;--awb-text-font-family:var(--awb-typography3-font-family);--awb-text-font-weight:var(--awb-typography3-font-weight);--awb-text-font-style:var(--awb-typography3-font-style);\"><p><a href=\"https:\/\/mobles-guell.com\/es\/contacto\/\"><u><span style=\"color: #ffffff;\"><span style=\"color: #ffffff;\"><a href=\"https:\/\/mobles-guell.com\/es\/contacto\/\">ver m\u00e1s<\/a><\/span><\/span><\/u><\/a><\/p>\n<\/div><\/div><\/div><div class=\"fusion-layout-column fusion_builder_column_inner fusion-builder-nested-column-8 fusion_builder_column_inner_1_3 1_3 fusion-flex-column\" style=\"--awb-bg-size:cover;--awb-width-large:33.333333333333%;--awb-margin-top-large:0px;--awb-spacing-right-large:5.76%;--awb-margin-bottom-large:0px;--awb-spacing-left-large:5.76%;--awb-width-medium:100%;--awb-spacing-right-medium:1.92%;--awb-spacing-left-medium:1.92%;--awb-width-small:100%;--awb-spacing-right-small:1.92%;--awb-spacing-left-small:1.92%;\"><div class=\"fusion-column-wrapper fusion-column-has-shadow fusion-flex-justify-content-flex-start fusion-content-layout-column\"><\/div><\/div><\/div><\/div><\/div><\/div><\/div><div class=\"fusion-fullwidth fullwidth-box fusion-builder-row-5 fusion-flex-container has-pattern-background has-mask-background nonhundred-percent-fullwidth non-hundred-percent-height-scrolling\" style=\"--awb-border-radius-top-left:0px;--awb-border-radius-top-right:0px;--awb-border-radius-bottom-right:0px;--awb-border-radius-bottom-left:0px;--awb-padding-top:0%;--awb-padding-bottom:0%;--awb-background-color:#e8e8e8;--awb-flex-wrap:wrap;\" ><div class=\"fusion-builder-row fusion-row fusion-flex-align-items-flex-start fusion-flex-content-wrap\" style=\"max-width:1320.8px;margin-left: calc(-4% \/ 2 );margin-right: calc(-4% \/ 2 );\"><div class=\"fusion-layout-column fusion_builder_column fusion-builder-column-10 fusion_builder_column_1_1 1_1 fusion-flex-column\" style=\"--awb-bg-size:cover;--awb-width-large:100%;--awb-margin-top-large:25px;--awb-spacing-right-large:1.92%;--awb-margin-bottom-large:25px;--awb-spacing-left-large:1.92%;--awb-width-medium:100%;--awb-order-medium:0;--awb-spacing-right-medium:1.92%;--awb-spacing-left-medium:1.92%;--awb-width-small:100%;--awb-order-small:0;--awb-spacing-right-small:1.92%;--awb-spacing-left-small:1.92%;\"><div class=\"fusion-column-wrapper fusion-column-has-shadow fusion-flex-justify-content-flex-start fusion-content-layout-column\"><div class=\"fusion-title title fusion-title-10 fusion-sep-none fusion-title-text fusion-title-size-six\" style=\"--awb-margin-bottom:10px;--awb-margin-bottom-small:10px;\"><h6 class=\"fusion-title-heading title-heading-left fusion-responsive-typography-calculated\" style=\"margin:0;text-transform:var(--awb-typography2-text-transform);--fontSize:12;--minFontSize:12;line-height:var(--awb-typography2-line-height);\">Te ayudamos<\/h6><\/div><div class=\"fusion-text fusion-text-6\"><h2>Cont\u00e1ctanos<\/h2>\n<\/div>\n<div class=\"wpcf7 no-js\" id=\"wpcf7-f4-o1\" lang=\"ca\" dir=\"ltr\" data-wpcf7-id=\"4\">\n<div class=\"screen-reader-response\"><p role=\"status\" aria-live=\"polite\" aria-atomic=\"true\"><\/p> <ul><\/ul><\/div>\n<form action=\"\/es\/wp-json\/wp\/v2\/pages\/5516#wpcf7-f4-o1\" method=\"post\" class=\"wpcf7-form init\" aria-label=\"Formulari de contacte\" novalidate=\"novalidate\" data-status=\"init\">\n<fieldset class=\"hidden-fields-container\"><input type=\"hidden\" name=\"_wpcf7\" value=\"4\" \/><input type=\"hidden\" name=\"_wpcf7_version\" value=\"6.1.5\" \/><input type=\"hidden\" name=\"_wpcf7_locale\" value=\"ca\" \/><input type=\"hidden\" name=\"_wpcf7_unit_tag\" value=\"wpcf7-f4-o1\" \/><input type=\"hidden\" name=\"_wpcf7_container_post\" value=\"0\" \/><input type=\"hidden\" name=\"_wpcf7_posted_data_hash\" value=\"\" \/>\n<\/fieldset>\n<p><label> El nom<br \/>\n<span class=\"wpcf7-form-control-wrap\" data-name=\"your-name\"><input size=\"40\" maxlength=\"400\" class=\"wpcf7-form-control wpcf7-text wpcf7-validates-as-required\" autocomplete=\"name\" aria-required=\"true\" aria-invalid=\"false\" value=\"\" type=\"text\" name=\"your-name\" \/><\/span> <\/label>\n<\/p>\n<p><label> El correu electr\u00f2nic<br \/>\n<span class=\"wpcf7-form-control-wrap\" data-name=\"your-email\"><input size=\"40\" maxlength=\"400\" class=\"wpcf7-form-control wpcf7-email wpcf7-validates-as-required wpcf7-text wpcf7-validates-as-email\" autocomplete=\"email\" aria-required=\"true\" aria-invalid=\"false\" value=\"\" type=\"email\" name=\"your-email\" \/><\/span> <\/label>\n<\/p>\n<p><label> Assumpte<br \/>\n<span class=\"wpcf7-form-control-wrap\" data-name=\"your-subject\"><input size=\"40\" maxlength=\"400\" class=\"wpcf7-form-control wpcf7-text wpcf7-validates-as-required\" aria-required=\"true\" aria-invalid=\"false\" value=\"\" type=\"text\" name=\"your-subject\" \/><\/span> <\/label>\n<\/p>\n<p><label> El missatge (opcional)<br \/>\n<span class=\"wpcf7-form-control-wrap\" data-name=\"your-message\"><textarea cols=\"40\" rows=\"10\" maxlength=\"2000\" class=\"wpcf7-form-control wpcf7-textarea\" aria-invalid=\"false\" name=\"your-message\"><\/textarea><\/span> <\/label>\n<\/p>\n<p><input class=\"wpcf7-form-control wpcf7-submit has-spinner\" type=\"submit\" value=\"Envia\" \/>\n<\/p><div class=\"fusion-alert alert custom alert-custom fusion-alert-center wpcf7-response-output fusion-alert-capitalize awb-alert-native-link-color alert-dismissable awb-alert-close-boxed\" style=\"--awb-border-size:1px;--awb-border-top-left-radius:0px;--awb-border-top-right-radius:0px;--awb-border-bottom-left-radius:0px;--awb-border-bottom-right-radius:0px;\" role=\"alert\"><div class=\"fusion-alert-content-wrapper\"><span class=\"fusion-alert-content\"><\/span><\/div><button type=\"button\" class=\"close toggle-alert\" data-dismiss=\"alert\" aria-label=\"Close\">&times;<\/button><\/div>\n<\/form>\n<\/div>\n<\/div><\/div><\/div><\/div><\/p>\n","protected":false},"excerpt":{"rendered":"","protected":false},"author":2,"featured_media":0,"parent":0,"menu_order":0,"comment_status":"closed","ping_status":"closed","template":"100-width.php","meta":{"_joinchat":[],"footnotes":""},"class_list":["post-5516","page","type-page","status-publish","hentry"],"_hostinger_reach_plugin_has_subscription_block":false,"_hostinger_reach_plugin_is_elementor":false,"_links":{"self":[{"href":"https:\/\/mobles-guell.com\/es\/wp-json\/wp\/v2\/pages\/5516","targetHints":{"allow":["GET"]}}],"collection":[{"href":"https:\/\/mobles-guell.com\/es\/wp-json\/wp\/v2\/pages"}],"about":[{"href":"https:\/\/mobles-guell.com\/es\/wp-json\/wp\/v2\/types\/page"}],"author":[{"embeddable":true,"href":"https:\/\/mobles-guell.com\/es\/wp-json\/wp\/v2\/users\/2"}],"replies":[{"embeddable":true,"href":"https:\/\/mobles-guell.com\/es\/wp-json\/wp\/v2\/comments?post=5516"}],"version-history":[{"count":3,"href":"https:\/\/mobles-guell.com\/es\/wp-json\/wp\/v2\/pages\/5516\/revisions"}],"predecessor-version":[{"id":5519,"href":"https:\/\/mobles-guell.com\/es\/wp-json\/wp\/v2\/pages\/5516\/revisions\/5519"}],"wp:attachment":[{"href":"https:\/\/mobles-guell.com\/es\/wp-json\/wp\/v2\/media?parent=5516"}],"curies":[{"name":"wp","href":"https:\/\/api.w.org\/{rel}","templated":true}]}}