{"id":5524,"date":"2020-01-06T15:33:38","date_gmt":"2020-01-06T15:33:38","guid":{"rendered":"https:\/\/mobles-guell.com\/quienes-somos\/"},"modified":"2026-09-01T07:36:53","modified_gmt":"2026-09-01T07:36:53","slug":"quienes-somos","status":"publish","type":"page","link":"https:\/\/mobles-guell.com\/es\/quienes-somos\/","title":{"rendered":"Qui\u00e9nes somos"},"content":{"rendered":"<p><div class=\"fusion-fullwidth fullwidth-box fusion-builder-row-1 fusion-flex-container nonhundred-percent-fullwidth non-hundred-percent-height-scrolling\" style=\"--awb-border-radius-top-left:0px;--awb-border-radius-top-right:0px;--awb-border-radius-bottom-right:0px;--awb-border-radius-bottom-left:0px;--awb-padding-top:0px;--awb-padding-bottom:3%;--awb-padding-bottom-small:30px;--awb-flex-wrap:wrap;\" ><div class=\"fusion-builder-row fusion-row fusion-flex-align-items-center fusion-flex-content-wrap\" style=\"max-width:1320.8px;margin-left: calc(-4% \/ 2 );margin-right: calc(-4% \/ 2 );\"><div class=\"fusion-layout-column fusion_builder_column fusion-builder-column-0 fusion_builder_column_1_3 1_3 fusion-flex-column\" style=\"--awb-padding-top:40px;--awb-padding-bottom:30px;--awb-bg-size:cover;--awb-width-large:33.333333333333%;--awb-margin-top-large:0px;--awb-spacing-right-large:7.68%;--awb-margin-bottom-large:25px;--awb-spacing-left-large:5.76%;--awb-width-medium:100%;--awb-spacing-right-medium:1.92%;--awb-margin-bottom-medium:0px;--awb-spacing-left-medium:1.92%;--awb-width-small:100%;--awb-spacing-right-small:1.92%;--awb-spacing-left-small:1.92%;\"><div class=\"fusion-column-wrapper fusion-column-has-shadow fusion-flex-justify-content-center fusion-content-layout-column\"><div class=\"fusion-title title fusion-title-1 fusion-sep-none fusion-title-text fusion-title-size-six\" style=\"--awb-margin-top:0px;--awb-margin-bottom:10px;--awb-margin-bottom-small:10px;\"><h6 class=\"fusion-title-heading title-heading-left md-text-align-center sm-text-align-center fusion-responsive-typography-calculated\" style=\"margin:0;text-transform:var(--awb-typography2-text-transform);--fontSize:12;--minFontSize:12;line-height:var(--awb-typography2-line-height);\">desde 1820<\/h6><\/div><div class=\"fusion-title title fusion-title-2 fusion-sep-none fusion-title-text fusion-title-size-two\" style=\"--awb-margin-bottom:32px;--awb-margin-bottom-medium:20px;\"><h2 class=\"fusion-title-heading title-heading-left md-text-align-center sm-text-align-center fusion-responsive-typography-calculated\" style=\"margin:0;--fontSize:44;line-height:1.26;\">La tienda de muebles m\u00e1s antigua de Catalu\u00f1a<\/h2><\/div><div class=\"fusion-text fusion-text-1 md-text-align-center sm-text-align-center\"><p>Desde nuestros or\u00edgenes, en 1820, como fabricantes de muebles hasta la actualidad, en Mobles G\u00fcell, una tienda de muebles situada en Maslloren\u00e7 (Tarragona), hemos aprendido de nuestras experiencias, lo que nos ha permitido dominar los diferentes estilos de mobiliario. Aportamos al mundo del dise\u00f1o de interiores nuestra experiencia y el prestigio de ser la tienda de muebles m\u00e1s antigua de Catalu\u00f1a.<\/p>\n<\/div><\/div><\/div><div class=\"fusion-layout-column fusion_builder_column fusion-builder-column-1 fusion_builder_column_2_3 2_3 fusion-flex-column\" style=\"--awb-bg-size:cover;--awb-width-large:66.666666666667%;--awb-margin-top-large:0px;--awb-spacing-right-large:2.88%;--awb-margin-bottom-large:50px;--awb-spacing-left-large:8.64%;--awb-width-medium:100%;--awb-spacing-right-medium:1.92%;--awb-spacing-left-medium:1.92%;--awb-width-small:100%;--awb-spacing-right-small:1.92%;--awb-spacing-left-small:1.92%;\"><div class=\"fusion-column-wrapper fusion-column-has-shadow fusion-flex-justify-content-flex-start fusion-content-layout-column\"><div class=\"fusion-image-element \" style=\"--awb-caption-title-font-family:var(--h2_typography-font-family);--awb-caption-title-font-weight:var(--h2_typography-font-weight);--awb-caption-title-font-style:var(--h2_typography-font-style);--awb-caption-title-size:var(--h2_typography-font-size);--awb-caption-title-transform:var(--h2_typography-text-transform);--awb-caption-title-line-height:var(--h2_typography-line-height);--awb-caption-title-letter-spacing:var(--h2_typography-letter-spacing);\"><span class=\" fusion-imageframe imageframe-none imageframe-1 hover-type-zoomin\"><img decoding=\"async\" width=\"1264\" height=\"1277\" title=\"MG-Drone-21-1\" src=\"https:\/\/mobles-guell.com\/wp-content\/uploads\/2025\/10\/MG-Drone-21-1-e1760962173606.webp\" data-orig-src=\"https:\/\/mobles-guell.com\/wp-content\/uploads\/2025\/10\/MG-Drone-21-1-e1760962173606.webp\" alt class=\"lazyload img-responsive wp-image-5483\" srcset=\"data:image\/svg+xml,%3Csvg%20xmlns%3D%27http%3A%2F%2Fwww.w3.org%2F2000%2Fsvg%27%20width%3D%271264%27%20height%3D%271277%27%20viewBox%3D%270%200%201264%201277%27%3E%3Crect%20width%3D%271264%27%20height%3D%271277%27%20fill-opacity%3D%220%22%2F%3E%3C%2Fsvg%3E\" data-srcset=\"https:\/\/mobles-guell.com\/wp-content\/uploads\/2025\/10\/MG-Drone-21-1-e1760962173606-66x66.webp 66w, https:\/\/mobles-guell.com\/wp-content\/uploads\/2025\/10\/MG-Drone-21-1-e1760962173606-100x100.webp 100w, https:\/\/mobles-guell.com\/wp-content\/uploads\/2025\/10\/MG-Drone-21-1-e1760962173606-200x202.webp 200w, https:\/\/mobles-guell.com\/wp-content\/uploads\/2025\/10\/MG-Drone-21-1-e1760962173606-297x300.webp 297w, https:\/\/mobles-guell.com\/wp-content\/uploads\/2025\/10\/MG-Drone-21-1-e1760962173606-400x404.webp 400w, https:\/\/mobles-guell.com\/wp-content\/uploads\/2025\/10\/MG-Drone-21-1-e1760962173606-500x505.webp 500w, https:\/\/mobles-guell.com\/wp-content\/uploads\/2025\/10\/MG-Drone-21-1-e1760962173606-600x606.webp 600w, https:\/\/mobles-guell.com\/wp-content\/uploads\/2025\/10\/MG-Drone-21-1-e1760962173606-700x707.webp 700w, https:\/\/mobles-guell.com\/wp-content\/uploads\/2025\/10\/MG-Drone-21-1-e1760962173606-768x776.webp 768w, https:\/\/mobles-guell.com\/wp-content\/uploads\/2025\/10\/MG-Drone-21-1-e1760962173606-800x808.webp 800w, https:\/\/mobles-guell.com\/wp-content\/uploads\/2025\/10\/MG-Drone-21-1-e1760962173606-1014x1024.webp 1014w, https:\/\/mobles-guell.com\/wp-content\/uploads\/2025\/10\/MG-Drone-21-1-e1760962173606-1200x1212.webp 1200w, https:\/\/mobles-guell.com\/wp-content\/uploads\/2025\/10\/MG-Drone-21-1-e1760962173606.webp 1264w\" data-sizes=\"auto\" data-orig-sizes=\"(max-width: 1024px) 100vw, (max-width: 640px) 100vw, 800px\" \/><\/span><\/div><div class=\"fusion-builder-row fusion-builder-row-inner fusion-row fusion-flex-align-items-center fusion-flex-content-wrap\" style=\"width:104% !important;max-width:104% !important;margin-left: calc(-4% \/ 2 );margin-right: calc(-4% \/ 2 );\"><div class=\"fusion-layout-column fusion_builder_column_inner fusion-builder-nested-column-0 fusion_builder_column_inner_1_2 1_2 fusion-flex-column fusion-column-inner-bg-wrapper\" style=\"--awb-padding-top:100px;--awb-padding-bottom:100px;--awb-inner-bg-color:var(--awb-color7);--awb-inner-bg-color-hover:var(--awb-color7);--awb-inner-bg-position:center top;--awb-inner-bg-size:cover;--awb-width-large:50%;--awb-margin-top-large:0px;--awb-spacing-right-large:0px;--awb-margin-bottom-large:0px;--awb-spacing-left-large:3.84%;--awb-width-medium:50%;--awb-spacing-right-medium:0px;--awb-spacing-left-medium:3.84%;--awb-width-small:100%;--awb-spacing-right-small:1.92%;--awb-spacing-left-small:1.92%;\"><span class=\"fusion-column-inner-bg hover-type-zoomin\"><a class=\"fusion-column-anchor\" href=\"https:\/\/vimeo.com\/202173888\" target=\"_blank\" rel=\"noopener\"><span class=\"fusion-column-inner-bg-image lazyload\" data-bg=\"https:\/\/mobles-guell.com\/wp-content\/uploads\/2025\/10\/MG-Drone-12.webp\"><\/span><\/a><\/span><div class=\"fusion-column-wrapper fusion-column-has-shadow fusion-flex-justify-content-center fusion-content-layout-column fusion-empty-column-bg-image fusion-column-has-bg-image\" data-bg-url=\"https:\/\/mobles-guell.com\/wp-content\/uploads\/2025\/10\/MG-Drone-12.webp\"><img decoding=\"async\" class=\"fusion-empty-dims-img-placeholder\" aria-label=\"MG-Drone-12\" src=\"data:image\/svg+xml,%3Csvg%20xmlns%3D%27http%3A%2F%2Fwww.w3.org%2F2000%2Fsvg%27%20width%3D%27900%27%20height%3D%27600%27%20viewBox%3D%270%200%20900%20600%27%3E%3Crect%20width%3D%27900%27%20height%3D%27600%27%20fill-opacity%3D%220%22%2F%3E%3C%2Fsvg%3E\"><\/div><\/div><div class=\"fusion-layout-column fusion_builder_column_inner fusion-builder-nested-column-1 fusion_builder_column_inner_1_2 1_2 fusion-flex-column fusion-flex-align-self-flex-start fusion-column-no-min-height fusion-column-inner-bg-wrapper\" style=\"--awb-padding-top:28px;--awb-padding-right:40px;--awb-padding-bottom:28px;--awb-padding-left:40px;--awb-inner-bg-color:var(--awb-color7);--awb-inner-bg-color-hover:var(--awb-color7);--awb-inner-bg-size:cover;--awb-filter:opacity(100%);--awb-filter-transition:filter 0.3s ease;--awb-filter-hover:opacity(92%);--awb-width-large:50%;--awb-margin-top-large:0px;--awb-spacing-right-large:3.84%;--awb-margin-bottom-large:0px;--awb-spacing-left-large:0px;--awb-width-medium:50%;--awb-spacing-right-medium:3.84%;--awb-spacing-left-medium:0px;--awb-width-small:100%;--awb-spacing-right-small:1.92%;--awb-spacing-left-small:1.92%;\"><span class=\"fusion-column-inner-bg hover-type-zoomin\"><a class=\"fusion-column-anchor\" href=\"https:\/\/mobles-guell.com\/contact\/\"><span class=\"fusion-column-inner-bg-image\"><\/span><\/a><\/span><div class=\"fusion-column-wrapper fusion-column-has-shadow fusion-flex-justify-content-flex-start fusion-content-layout-block\"><div class=\"fusion-fa-align-right\"><i class=\"fb-icon-element-1 fb-icon-element fontawesome-icon icon-furniturearrow-right-solid circle-yes\" style=\"--awb-circlecolor:rgba(24,27,32,0);--awb-circlecolor-hover:rgba(24,27,32,0);--awb-circlebordersize:1px;--awb-font-size:14.08px;--awb-width:28.16px;--awb-height:28.16px;--awb-line-height:26.16px;--awb-margin-top:-2px;\"><\/i><\/div><div class=\"fusion-text fusion-text-2 fusion-text-no-margin paragraph-small\" style=\"--awb-font-size:16px;--awb-line-height:26px;--awb-letter-spacing:0px;--awb-text-transform:var(--awb-typography2-text-transform);--awb-text-color:var(--awb-color1);--awb-margin-bottom:0px;--awb-text-font-family:var(--awb-typography3-font-family);--awb-text-font-weight:var(--awb-typography3-font-weight);--awb-text-font-style:var(--awb-typography3-font-style);\"><p>Cont\u00e1ctanos<\/p>\n<\/div><\/div><\/div><\/div><\/div><\/div><\/div><\/div><div class=\"fusion-fullwidth fullwidth-box fusion-builder-row-2 fusion-flex-container has-pattern-background has-mask-background nonhundred-percent-fullwidth non-hundred-percent-height-scrolling\" style=\"--awb-border-radius-top-left:0px;--awb-border-radius-top-right:0px;--awb-border-radius-bottom-right:0px;--awb-border-radius-bottom-left:0px;--awb-padding-top:0%;--awb-padding-bottom:0%;--awb-flex-wrap:wrap;\" ><div class=\"fusion-builder-row fusion-row fusion-flex-align-items-flex-start fusion-flex-content-wrap\" style=\"max-width:1320.8px;margin-left: calc(-4% \/ 2 );margin-right: calc(-4% \/ 2 );\"><div class=\"fusion-layout-column fusion_builder_column fusion-builder-column-2 fusion_builder_column_1_1 1_1 fusion-flex-column\" style=\"--awb-bg-size:cover;--awb-width-large:100%;--awb-margin-top-large:25px;--awb-spacing-right-large:0.096%;--awb-margin-bottom-large:25px;--awb-spacing-left-large:0%;--awb-width-medium:100%;--awb-order-medium:0;--awb-spacing-right-medium:1.92%;--awb-spacing-left-medium:1.92%;--awb-width-small:100%;--awb-order-small:0;--awb-spacing-right-small:1.92%;--awb-spacing-left-small:1.92%;\"><div class=\"fusion-column-wrapper fusion-column-has-shadow fusion-flex-justify-content-flex-start fusion-content-layout-column\"><div class=\"fusion-image-element \" style=\"--awb-caption-title-font-family:var(--h2_typography-font-family);--awb-caption-title-font-weight:var(--h2_typography-font-weight);--awb-caption-title-font-style:var(--h2_typography-font-style);--awb-caption-title-size:var(--h2_typography-font-size);--awb-caption-title-transform:var(--h2_typography-text-transform);--awb-caption-title-line-height:var(--h2_typography-line-height);--awb-caption-title-letter-spacing:var(--h2_typography-letter-spacing);\"><span class=\" fusion-imageframe imageframe-none imageframe-2 hover-type-none\"><img decoding=\"async\" width=\"2560\" height=\"280\" title=\"Captura-de-pantalla-2021-11-08-a-las-14.46.40\" src=\"https:\/\/mobles-guell.com\/wp-content\/uploads\/2025\/10\/Captura-de-pantalla-2021-11-08-a-las-14.46.40-scaled.png\" data-orig-src=\"https:\/\/mobles-guell.com\/wp-content\/uploads\/2025\/10\/Captura-de-pantalla-2021-11-08-a-las-14.46.40-scaled.png\" alt class=\"lazyload img-responsive wp-image-5484\" srcset=\"data:image\/svg+xml,%3Csvg%20xmlns%3D%27http%3A%2F%2Fwww.w3.org%2F2000%2Fsvg%27%20width%3D%272560%27%20height%3D%27280%27%20viewBox%3D%270%200%202560%20280%27%3E%3Crect%20width%3D%272560%27%20height%3D%27280%27%20fill-opacity%3D%220%22%2F%3E%3C%2Fsvg%3E\" data-srcset=\"https:\/\/mobles-guell.com\/wp-content\/uploads\/2025\/10\/Captura-de-pantalla-2021-11-08-a-las-14.46.40-200x22.png 200w, https:\/\/mobles-guell.com\/wp-content\/uploads\/2025\/10\/Captura-de-pantalla-2021-11-08-a-las-14.46.40-400x44.png 400w, https:\/\/mobles-guell.com\/wp-content\/uploads\/2025\/10\/Captura-de-pantalla-2021-11-08-a-las-14.46.40-600x66.png 600w, https:\/\/mobles-guell.com\/wp-content\/uploads\/2025\/10\/Captura-de-pantalla-2021-11-08-a-las-14.46.40-800x88.png 800w, https:\/\/mobles-guell.com\/wp-content\/uploads\/2025\/10\/Captura-de-pantalla-2021-11-08-a-las-14.46.40-1200x131.png 1200w, https:\/\/mobles-guell.com\/wp-content\/uploads\/2025\/10\/Captura-de-pantalla-2021-11-08-a-las-14.46.40-scaled.png 2560w\" data-sizes=\"auto\" data-orig-sizes=\"(max-width: 1024px) 100vw, (max-width: 640px) 100vw, 2560px\" \/><\/span><\/div><\/div><\/div><\/div><\/div><div class=\"fusion-fullwidth fullwidth-box fusion-builder-row-3 fusion-flex-container nonhundred-percent-fullwidth non-hundred-percent-height-scrolling\" style=\"--awb-border-radius-top-left:0px;--awb-border-radius-top-right:0px;--awb-border-radius-bottom-right:0px;--awb-border-radius-bottom-left:0px;--awb-padding-top:6%;--awb-background-color:var(--awb-color2);--awb-flex-wrap:wrap;\" ><div class=\"fusion-builder-row fusion-row fusion-flex-align-items-center fusion-flex-content-wrap\" style=\"max-width:1320.8px;margin-left: calc(-4% \/ 2 );margin-right: calc(-4% \/ 2 );\"><div class=\"fusion-layout-column fusion_builder_column fusion-builder-column-3 fusion_builder_column_3_5 3_5 fusion-flex-column\" style=\"--awb-bg-size:cover;--awb-width-large:60%;--awb-margin-top-large:25px;--awb-spacing-right-large:9.6%;--awb-margin-bottom-large:5px;--awb-spacing-left-large:3.2%;--awb-width-medium:100%;--awb-spacing-right-medium:1.92%;--awb-spacing-left-medium:1.92%;--awb-width-small:100%;--awb-spacing-right-small:1.92%;--awb-spacing-left-small:1.92%;\"><div class=\"fusion-column-wrapper fusion-column-has-shadow fusion-flex-justify-content-center fusion-content-layout-column\"><div class=\"fusion-builder-row fusion-builder-row-inner fusion-row fusion-flex-align-items-center fusion-flex-content-wrap\" style=\"width:104% !important;max-width:104% !important;margin-left: calc(-4% \/ 2 );margin-right: calc(-4% \/ 2 );\"><div class=\"fusion-layout-column fusion_builder_column_inner fusion-builder-nested-column-2 fusion_builder_column_inner_1_2 1_2 fusion-flex-column\" style=\"--awb-bg-size:cover;--awb-width-large:50%;--awb-margin-top-large:25px;--awb-spacing-right-large:3.84%;--awb-margin-bottom-large:25px;--awb-spacing-left-large:3.84%;--awb-width-medium:50%;--awb-spacing-right-medium:3.84%;--awb-spacing-left-medium:3.84%;--awb-width-small:50%;--awb-margin-top-small:0px;--awb-spacing-right-small:3.84%;--awb-margin-bottom-small:0px;--awb-spacing-left-small:3.84%;\"><div class=\"fusion-column-wrapper fusion-column-has-shadow fusion-flex-justify-content-flex-start fusion-content-layout-column\"><div class=\"fusion-image-element \" style=\"--awb-caption-title-font-family:var(--h2_typography-font-family);--awb-caption-title-font-weight:var(--h2_typography-font-weight);--awb-caption-title-font-style:var(--h2_typography-font-style);--awb-caption-title-size:var(--h2_typography-font-size);--awb-caption-title-transform:var(--h2_typography-text-transform);--awb-caption-title-line-height:var(--h2_typography-line-height);--awb-caption-title-letter-spacing:var(--h2_typography-letter-spacing);\"><span class=\" fusion-imageframe imageframe-none imageframe-3 hover-type-zoomin\"><img decoding=\"async\" width=\"994\" height=\"1321\" alt=\"exposici\u00f3n muebles de oficina en Tarragona\" title=\"exposici\u00f3n muebles de oficina en Tarragona\" src=\"https:\/\/mobles-guell.com\/wp-content\/uploads\/2025\/10\/DSC08762_resultat.webp\" data-orig-src=\"https:\/\/mobles-guell.com\/wp-content\/uploads\/2025\/10\/DSC08762_resultat.webp\" class=\"lazyload img-responsive wp-image-5423\" srcset=\"data:image\/svg+xml,%3Csvg%20xmlns%3D%27http%3A%2F%2Fwww.w3.org%2F2000%2Fsvg%27%20width%3D%27994%27%20height%3D%271321%27%20viewBox%3D%270%200%20994%201321%27%3E%3Crect%20width%3D%27994%27%20height%3D%271321%27%20fill-opacity%3D%220%22%2F%3E%3C%2Fsvg%3E\" data-srcset=\"https:\/\/mobles-guell.com\/wp-content\/uploads\/2025\/10\/DSC08762_resultat-200x266.webp 200w, https:\/\/mobles-guell.com\/wp-content\/uploads\/2025\/10\/DSC08762_resultat-226x300.webp 226w, https:\/\/mobles-guell.com\/wp-content\/uploads\/2025\/10\/DSC08762_resultat-400x532.webp 400w, https:\/\/mobles-guell.com\/wp-content\/uploads\/2025\/10\/DSC08762_resultat-500x664.webp 500w, https:\/\/mobles-guell.com\/wp-content\/uploads\/2025\/10\/DSC08762_resultat-600x797.webp 600w, https:\/\/mobles-guell.com\/wp-content\/uploads\/2025\/10\/DSC08762_resultat-700x930.webp 700w, https:\/\/mobles-guell.com\/wp-content\/uploads\/2025\/10\/DSC08762_resultat-768x1021.webp 768w, https:\/\/mobles-guell.com\/wp-content\/uploads\/2025\/10\/DSC08762_resultat-771x1024.webp 771w, https:\/\/mobles-guell.com\/wp-content\/uploads\/2025\/10\/DSC08762_resultat-800x1063.webp 800w, https:\/\/mobles-guell.com\/wp-content\/uploads\/2025\/10\/DSC08762_resultat.webp 994w\" data-sizes=\"auto\" data-orig-sizes=\"(max-width: 1024px) 100vw, (max-width: 640px) 100vw, 600px\" \/><\/span><\/div><div class=\"fusion-separator fusion-full-width-sep\" style=\"align-self: center;margin-left: auto;margin-right: auto;margin-top:20px;width:100%;\"><\/div><div class=\"fusion-image-element \" style=\"--awb-caption-title-font-family:var(--h2_typography-font-family);--awb-caption-title-font-weight:var(--h2_typography-font-weight);--awb-caption-title-font-style:var(--h2_typography-font-style);--awb-caption-title-size:var(--h2_typography-font-size);--awb-caption-title-transform:var(--h2_typography-text-transform);--awb-caption-title-line-height:var(--h2_typography-line-height);--awb-caption-title-letter-spacing:var(--h2_typography-letter-spacing);\"><span class=\" fusion-imageframe imageframe-none imageframe-4 hover-type-zoomin\"><img decoding=\"async\" width=\"1057\" height=\"896\" title=\"DSC08993_resultado\" src=\"https:\/\/mobles-guell.com\/wp-content\/uploads\/2025\/10\/DSC08993_resultat-e1760962916145.webp\" data-orig-src=\"https:\/\/mobles-guell.com\/wp-content\/uploads\/2025\/10\/DSC08993_resultat-e1760962916145.webp\" alt class=\"lazyload img-responsive wp-image-5520\" srcset=\"data:image\/svg+xml,%3Csvg%20xmlns%3D%27http%3A%2F%2Fwww.w3.org%2F2000%2Fsvg%27%20width%3D%271057%27%20height%3D%27896%27%20viewBox%3D%270%200%201057%20896%27%3E%3Crect%20width%3D%271057%27%20height%3D%27896%27%20fill-opacity%3D%220%22%2F%3E%3C%2Fsvg%3E\" data-srcset=\"https:\/\/mobles-guell.com\/wp-content\/uploads\/2025\/10\/DSC08993_resultat-e1760962916145-200x170.webp 200w, https:\/\/mobles-guell.com\/wp-content\/uploads\/2025\/10\/DSC08993_resultat-e1760962916145-300x254.webp 300w, https:\/\/mobles-guell.com\/wp-content\/uploads\/2025\/10\/DSC08993_resultat-e1760962916145-400x339.webp 400w, https:\/\/mobles-guell.com\/wp-content\/uploads\/2025\/10\/DSC08993_resultat-e1760962916145-500x424.webp 500w, https:\/\/mobles-guell.com\/wp-content\/uploads\/2025\/10\/DSC08993_resultat-e1760962916145-600x509.webp 600w, https:\/\/mobles-guell.com\/wp-content\/uploads\/2025\/10\/DSC08993_resultat-e1760962916145-700x593.webp 700w, https:\/\/mobles-guell.com\/wp-content\/uploads\/2025\/10\/DSC08993_resultat-e1760962916145-768x651.webp 768w, https:\/\/mobles-guell.com\/wp-content\/uploads\/2025\/10\/DSC08993_resultat-e1760962916145-800x678.webp 800w, https:\/\/mobles-guell.com\/wp-content\/uploads\/2025\/10\/DSC08993_resultat-e1760962916145-1024x868.webp 1024w, https:\/\/mobles-guell.com\/wp-content\/uploads\/2025\/10\/DSC08993_resultat-e1760962916145.webp 1057w\" data-sizes=\"auto\" data-orig-sizes=\"(max-width: 1024px) 100vw, (max-width: 640px) 100vw, 600px\" \/><\/span><\/div><\/div><\/div><div class=\"fusion-layout-column fusion_builder_column_inner fusion-builder-nested-column-3 fusion_builder_column_inner_1_2 1_2 fusion-flex-column\" style=\"--awb-bg-size:cover;--awb-width-large:50%;--awb-margin-top-large:25px;--awb-spacing-right-large:3.84%;--awb-margin-bottom-large:25px;--awb-spacing-left-large:3.84%;--awb-width-medium:50%;--awb-spacing-right-medium:3.84%;--awb-spacing-left-medium:3.84%;--awb-width-small:50%;--awb-spacing-right-small:3.84%;--awb-spacing-left-small:3.84%;\"><div class=\"fusion-column-wrapper fusion-column-has-shadow fusion-flex-justify-content-center fusion-content-layout-column\"><div class=\"fusion-image-element \" style=\"--awb-caption-title-font-family:var(--h2_typography-font-family);--awb-caption-title-font-weight:var(--h2_typography-font-weight);--awb-caption-title-font-style:var(--h2_typography-font-style);--awb-caption-title-size:var(--h2_typography-font-size);--awb-caption-title-transform:var(--h2_typography-text-transform);--awb-caption-title-line-height:var(--h2_typography-line-height);--awb-caption-title-letter-spacing:var(--h2_typography-letter-spacing);\"><span class=\" fusion-imageframe imageframe-none imageframe-5 hover-type-zoomin\"><img decoding=\"async\" width=\"1061\" height=\"1590\" title=\"DSC09036_resultado\" src=\"https:\/\/mobles-guell.com\/wp-content\/uploads\/2025\/10\/DSC09036_resultat.webp\" data-orig-src=\"https:\/\/mobles-guell.com\/wp-content\/uploads\/2025\/10\/DSC09036_resultat.webp\" alt class=\"lazyload img-responsive wp-image-5521\" srcset=\"data:image\/svg+xml,%3Csvg%20xmlns%3D%27http%3A%2F%2Fwww.w3.org%2F2000%2Fsvg%27%20width%3D%271061%27%20height%3D%271590%27%20viewBox%3D%270%200%201061%201590%27%3E%3Crect%20width%3D%271061%27%20height%3D%271590%27%20fill-opacity%3D%220%22%2F%3E%3C%2Fsvg%3E\" data-srcset=\"https:\/\/mobles-guell.com\/wp-content\/uploads\/2025\/10\/DSC09036_resultat-200x300.webp 200w, https:\/\/mobles-guell.com\/wp-content\/uploads\/2025\/10\/DSC09036_resultat-400x599.webp 400w, https:\/\/mobles-guell.com\/wp-content\/uploads\/2025\/10\/DSC09036_resultat-500x749.webp 500w, https:\/\/mobles-guell.com\/wp-content\/uploads\/2025\/10\/DSC09036_resultat-600x899.webp 600w, https:\/\/mobles-guell.com\/wp-content\/uploads\/2025\/10\/DSC09036_resultat-683x1024.webp 683w, https:\/\/mobles-guell.com\/wp-content\/uploads\/2025\/10\/DSC09036_resultat-700x1049.webp 700w, https:\/\/mobles-guell.com\/wp-content\/uploads\/2025\/10\/DSC09036_resultat-768x1151.webp 768w, https:\/\/mobles-guell.com\/wp-content\/uploads\/2025\/10\/DSC09036_resultat-800x1199.webp 800w, https:\/\/mobles-guell.com\/wp-content\/uploads\/2025\/10\/DSC09036_resultat-1025x1536.webp 1025w, https:\/\/mobles-guell.com\/wp-content\/uploads\/2025\/10\/DSC09036_resultat.webp 1061w\" data-sizes=\"auto\" data-orig-sizes=\"(max-width: 1024px) 100vw, (max-width: 640px) 100vw, 600px\" \/><\/span><\/div><\/div><\/div><\/div><\/div><\/div><div class=\"fusion-layout-column fusion_builder_column fusion-builder-column-4 fusion_builder_column_2_5 2_5 fusion-flex-column\" style=\"--awb-bg-size:cover;--awb-width-large:40%;--awb-margin-top-large:25px;--awb-spacing-right-large:4.8%;--awb-margin-bottom-large:25px;--awb-spacing-left-large:9.6%;--awb-width-medium:100%;--awb-spacing-right-medium:1.92%;--awb-spacing-left-medium:1.92%;--awb-width-small:100%;--awb-spacing-right-small:1.92%;--awb-spacing-left-small:1.92%;\"><div class=\"fusion-column-wrapper fusion-column-has-shadow fusion-flex-justify-content-center fusion-content-layout-column\"><div class=\"fusion-title title fusion-title-3 fusion-sep-none fusion-title-text fusion-title-size-six\" style=\"--awb-margin-top:0px;--awb-margin-bottom:10px;--awb-margin-bottom-small:10PX;\"><h6 class=\"fusion-title-heading title-heading-left fusion-responsive-typography-calculated\" style=\"margin:0;text-transform:var(--awb-typography2-text-transform);--fontSize:12;--minFontSize:12;line-height:var(--awb-typography2-line-height);\">Nuestra historia<\/h6><\/div><div class=\"fusion-title title fusion-title-4 fusion-sep-none fusion-title-text fusion-title-size-two\" style=\"--awb-margin-bottom:36px;\"><h2 class=\"fusion-title-heading title-heading-left fusion-responsive-typography-calculated\" style=\"margin:0;--fontSize:44;line-height:1.26;\">Mobles G\u00fcell, 200 a\u00f1os de historia<\/h2><\/div><div class=\"fusion-text fusion-text-3\"><p>Dos siglos de historia como referente en el sector del mueble en Catalu\u00f1a. Mobles G\u00fcell, la tienda de muebles m\u00e1s antigua de Catalu\u00f1a, cumple 200 a\u00f1os. Esta trayectoria comenz\u00f3 en el peque\u00f1o taller de Cal Fuster, cuna de un gran linaje familiar dedicado al mundo del mueble. Siete generaciones de la familia han dedicado todos sus esfuerzos a la empresa, en un recorrido en el que se han visto obligadas a cambiar y adaptarse a las nuevas tendencias del sector sin olvidar una premisa: la personalizaci\u00f3n. 200 a\u00f1os despu\u00e9s, aquel peque\u00f1o taller de ebanister\u00eda es hoy una marca consolidada, con una s\u00f3lida estructura empresarial que dedica sus esfuerzos a la distribuci\u00f3n de muebles de m\u00e1xima calidad y a la personalizaci\u00f3n y el dise\u00f1o de interiores en las amplias salas de exposici\u00f3n de Maslloren\u00e7 y El Vendrell.<\/p>\n<\/div><div class=\"fusion-separator fusion-no-small-visibility fusion-no-medium-visibility fusion-full-width-sep\" style=\"align-self: center;margin-left: auto;margin-right: auto;margin-top:6%;width:100%;\"><\/div><\/div><\/div><\/div><\/div><div class=\"fusion-fullwidth fullwidth-box fusion-builder-row-4 fusion-flex-container nonhundred-percent-fullwidth non-hundred-percent-height-scrolling\" style=\"--awb-border-radius-top-left:0px;--awb-border-radius-top-right:0px;--awb-border-radius-bottom-right:0px;--awb-border-radius-bottom-left:0px;--awb-padding-top:4%;--awb-padding-bottom:0%;--awb-padding-top-medium:30px;--awb-padding-bottom-medium:20px;--awb-padding-top-small:20px;--awb-flex-wrap:wrap;\" ><div class=\"fusion-builder-row fusion-row fusion-flex-align-items-flex-start fusion-flex-content-wrap\" style=\"max-width:1320.8px;margin-left: calc(-4% \/ 2 );margin-right: calc(-4% \/ 2 );\"><div class=\"fusion-layout-column fusion_builder_column fusion-builder-column-5 fusion_builder_column_2_5 2_5 fusion-flex-column fusion-column-inner-bg-wrapper fusion-animated\" style=\"--awb-inner-bg-size:cover;--awb-width-large:40%;--awb-margin-top-large:7%;--awb-spacing-right-large:-6.72%;--awb-margin-bottom-large:40px;--awb-spacing-left-large:4.8%;--awb-width-medium:100%;--awb-margin-top-medium:40px;--awb-spacing-right-medium:1.92%;--awb-margin-bottom-medium:20px;--awb-spacing-left-medium:1.92%;--awb-width-small:100%;--awb-margin-top-small:12px;--awb-spacing-right-small:1.92%;--awb-spacing-left-small:1.92%;\" data-animationType=\"fadeIn\" data-animationDuration=\"0.8\" data-animationOffset=\"top-into-view\"><span class=\"fusion-column-inner-bg hover-type-none\"><a class=\"fusion-column-anchor\" href=\"#\"><span class=\"fusion-column-inner-bg-image\"><\/span><\/a><\/span><div class=\"fusion-column-wrapper fusion-column-has-shadow fusion-flex-justify-content-flex-start fusion-content-layout-column\"><div class=\"fusion-image-element \" style=\"--awb-caption-title-font-family:var(--h2_typography-font-family);--awb-caption-title-font-weight:var(--h2_typography-font-weight);--awb-caption-title-font-style:var(--h2_typography-font-style);--awb-caption-title-size:var(--h2_typography-font-size);--awb-caption-title-transform:var(--h2_typography-text-transform);--awb-caption-title-line-height:var(--h2_typography-line-height);--awb-caption-title-letter-spacing:var(--h2_typography-letter-spacing);\"><span class=\" fusion-imageframe imageframe-none imageframe-6 hover-type-zoomin\"><img decoding=\"async\" width=\"1060\" height=\"1060\" title=\"DSC09030_resultado\" src=\"https:\/\/mobles-guell.com\/wp-content\/uploads\/2025\/10\/DSC09030_resultat-e1760963087670.webp\" data-orig-src=\"https:\/\/mobles-guell.com\/wp-content\/uploads\/2025\/10\/DSC09030_resultat-e1760963087670.webp\" alt class=\"lazyload img-responsive wp-image-5522\" srcset=\"data:image\/svg+xml,%3Csvg%20xmlns%3D%27http%3A%2F%2Fwww.w3.org%2F2000%2Fsvg%27%20width%3D%271060%27%20height%3D%271060%27%20viewBox%3D%270%200%201060%201060%27%3E%3Crect%20width%3D%271060%27%20height%3D%271060%27%20fill-opacity%3D%220%22%2F%3E%3C%2Fsvg%3E\" data-srcset=\"https:\/\/mobles-guell.com\/wp-content\/uploads\/2025\/10\/DSC09030_resultat-e1760963087670-66x66.webp 66w, https:\/\/mobles-guell.com\/wp-content\/uploads\/2025\/10\/DSC09030_resultat-e1760963087670-100x100.webp 100w, https:\/\/mobles-guell.com\/wp-content\/uploads\/2025\/10\/DSC09030_resultat-e1760963087670-150x150.webp 150w, https:\/\/mobles-guell.com\/wp-content\/uploads\/2025\/10\/DSC09030_resultat-e1760963087670-200x200.webp 200w, https:\/\/mobles-guell.com\/wp-content\/uploads\/2025\/10\/DSC09030_resultat-e1760963087670-300x300.webp 300w, https:\/\/mobles-guell.com\/wp-content\/uploads\/2025\/10\/DSC09030_resultat-e1760963087670-400x400.webp 400w, https:\/\/mobles-guell.com\/wp-content\/uploads\/2025\/10\/DSC09030_resultat-e1760963087670-500x500.webp 500w, https:\/\/mobles-guell.com\/wp-content\/uploads\/2025\/10\/DSC09030_resultat-e1760963087670-600x600.webp 600w, https:\/\/mobles-guell.com\/wp-content\/uploads\/2025\/10\/DSC09030_resultat-e1760963087670-700x700.webp 700w, https:\/\/mobles-guell.com\/wp-content\/uploads\/2025\/10\/DSC09030_resultat-e1760963087670-768x768.webp 768w, https:\/\/mobles-guell.com\/wp-content\/uploads\/2025\/10\/DSC09030_resultat-e1760963087670-800x800.webp 800w, https:\/\/mobles-guell.com\/wp-content\/uploads\/2025\/10\/DSC09030_resultat-e1760963087670-1024x1024.webp 1024w, https:\/\/mobles-guell.com\/wp-content\/uploads\/2025\/10\/DSC09030_resultat-e1760963087670.webp 1060w\" data-sizes=\"auto\" data-orig-sizes=\"(max-width: 1024px) 100vw, (max-width: 640px) 100vw, 600px\" \/><\/span><\/div><\/div><\/div><div class=\"fusion-layout-column fusion_builder_column fusion-builder-column-6 fusion_builder_column_3_5 3_5 fusion-flex-column\" style=\"--awb-padding-top:12%;--awb-padding-right:30px;--awb-padding-bottom:12%;--awb-padding-left:30px;--awb-padding-top-medium:70px;--awb-padding-bottom-medium:70px;--awb-padding-top-small:40px;--awb-padding-bottom-small:40px;--awb-bg-image:linear-gradient(240deg, hsla(var(--awb-color7-h),var(--awb-color7-s),var(--awb-color7-l),calc( var(--awb-color7-a) - 95% )) 0%,var(--awb-color1) 82%);--awb-bg-size:cover;--awb-width-large:60%;--awb-margin-top-large:0px;--awb-spacing-right-large:3.2%;--awb-margin-bottom-large:25px;--awb-spacing-left-large:-6.72%;--awb-width-medium:100%;--awb-spacing-right-medium:1.92%;--awb-spacing-left-medium:1.92%;--awb-width-small:100%;--awb-spacing-right-small:1.92%;--awb-spacing-left-small:1.92%;\"><div class=\"fusion-column-wrapper fusion-column-has-shadow fusion-flex-justify-content-flex-start fusion-content-layout-column\"><div class=\"fusion-builder-row fusion-builder-row-inner fusion-row fusion-flex-align-items-flex-start fusion-flex-content-wrap\" style=\"width:104% !important;max-width:104% !important;margin-left: calc(-4% \/ 2 );margin-right: calc(-4% \/ 2 );\"><div class=\"fusion-layout-column fusion_builder_column_inner fusion-builder-nested-column-4 fusion_builder_column_inner_1_3 1_3 fusion-flex-column\" style=\"--awb-bg-size:cover;--awb-width-large:33.333333333333%;--awb-margin-top-large:0px;--awb-spacing-right-large:0%;--awb-margin-bottom-large:5px;--awb-spacing-left-large:5.76%;--awb-width-medium:16.666666666667%;--awb-spacing-right-medium:0%;--awb-spacing-left-medium:11.52%;--awb-width-small:100%;--awb-spacing-right-small:1.92%;--awb-spacing-left-small:1.92%;\"><div class=\"fusion-column-wrapper fusion-column-has-shadow fusion-flex-justify-content-flex-start fusion-content-layout-column\"><\/div><\/div><div class=\"fusion-layout-column fusion_builder_column_inner fusion-builder-nested-column-5 fusion_builder_column_inner_1_2 1_2 fusion-flex-column\" style=\"--awb-bg-size:cover;--awb-width-large:50%;--awb-margin-top-large:0px;--awb-spacing-right-large:0%;--awb-margin-bottom-large:0px;--awb-spacing-left-large:0%;--awb-width-medium:66.666666666667%;--awb-spacing-right-medium:0%;--awb-spacing-left-medium:0%;--awb-width-small:100%;--awb-spacing-right-small:40px;--awb-spacing-left-small:40px;\"><div class=\"fusion-column-wrapper fusion-column-has-shadow fusion-flex-justify-content-flex-start fusion-content-layout-column\"><div class=\"fusion-title title fusion-title-5 fusion-sep-none fusion-title-text fusion-title-size-two\" style=\"--awb-margin-top:30px;--awb-margin-bottom:30px;--awb-margin-top-small:24px;\"><h2 class=\"fusion-title-heading title-heading-left fusion-responsive-typography-calculated\" style=\"margin:0;--fontSize:44;line-height:1.26;\">Ponemos toda nuestra experiencia a tu servicio<\/h2><\/div><div class=\"fusion-text fusion-text-4\"><p>Nuestro equipo de profesionales, con m\u00e1s de 25 a\u00f1os de experiencia en ventas e instalaci\u00f3n, garantiza un servicio impecable. Te ayudamos a satisfacer tus necesidades en materia de mobiliario, creando espacios funcionales y c\u00f3modos que reflejan la personalidad de cada persona.<\/p>\n<\/div><\/div><\/div><div class=\"fusion-layout-column fusion_builder_column_inner fusion-builder-nested-column-6 fusion_builder_column_inner_1_6 1_6 fusion-flex-column\" style=\"--awb-bg-size:cover;--awb-width-large:16.666666666667%;--awb-margin-top-large:0px;--awb-spacing-right-large:11.52%;--awb-margin-bottom-large:5px;--awb-spacing-left-large:11.52%;--awb-width-medium:16.666666666667%;--awb-spacing-right-medium:11.52%;--awb-spacing-left-medium:11.52%;--awb-width-small:100%;--awb-spacing-right-small:1.92%;--awb-spacing-left-small:1.92%;\"><div class=\"fusion-column-wrapper fusion-column-has-shadow fusion-flex-justify-content-flex-start fusion-content-layout-column\"><\/div><\/div><\/div><\/div><\/div><\/div><\/div><div class=\"fusion-fullwidth fullwidth-box fusion-builder-row-5 fusion-flex-container nonhundred-percent-fullwidth non-hundred-percent-height-scrolling\" style=\"--awb-border-radius-top-left:0px;--awb-border-radius-top-right:0px;--awb-border-radius-bottom-right:0px;--awb-border-radius-bottom-left:0px;--awb-padding-top:0%;--awb-padding-bottom:0%;--awb-padding-top-medium:20px;--awb-padding-bottom-medium:30px;--awb-flex-wrap:wrap;\" ><div class=\"fusion-builder-row fusion-row fusion-flex-align-items-flex-start fusion-flex-content-wrap\" style=\"max-width:1320.8px;margin-left: calc(-4% \/ 2 );margin-right: calc(-4% \/ 2 );\"><div class=\"fusion-layout-column fusion_builder_column fusion-builder-column-7 fusion_builder_column_3_5 3_5 fusion-flex-column\" style=\"--awb-padding-top:12%;--awb-padding-right:30px;--awb-padding-bottom:12%;--awb-padding-left:30px;--awb-padding-top-medium:70px;--awb-padding-bottom-medium:70px;--awb-padding-top-small:40px;--awb-padding-bottom-small:40px;--awb-bg-image:linear-gradient(120deg, hsla(var(--awb-color7-h),var(--awb-color7-s),var(--awb-color7-l),calc( var(--awb-color7-a) - 95% )) 0%,var(--awb-color1) 82%);--awb-bg-size:cover;--awb-width-large:60%;--awb-margin-top-large:0px;--awb-spacing-right-large:-6.72%;--awb-margin-bottom-large:0px;--awb-spacing-left-large:3.2%;--awb-width-medium:100%;--awb-spacing-right-medium:1.92%;--awb-spacing-left-medium:1.92%;--awb-width-small:100%;--awb-spacing-right-small:1.92%;--awb-spacing-left-small:1.92%;\"><div class=\"fusion-column-wrapper fusion-column-has-shadow fusion-flex-justify-content-flex-start fusion-content-layout-column\"><div class=\"fusion-builder-row fusion-builder-row-inner fusion-row fusion-flex-align-items-flex-start fusion-flex-content-wrap\" style=\"width:104% !important;max-width:104% !important;margin-left: calc(-4% \/ 2 );margin-right: calc(-4% \/ 2 );\"><div class=\"fusion-layout-column fusion_builder_column_inner fusion-builder-nested-column-7 fusion_builder_column_inner_1_6 1_6 fusion-flex-column\" style=\"--awb-bg-size:cover;--awb-width-large:16.666666666667%;--awb-margin-top-large:0px;--awb-spacing-right-large:11.52%;--awb-margin-bottom-large:5px;--awb-spacing-left-large:11.52%;--awb-width-medium:16.666666666667%;--awb-spacing-right-medium:11.52%;--awb-spacing-left-medium:11.52%;--awb-width-small:100%;--awb-spacing-right-small:1.92%;--awb-spacing-left-small:1.92%;\"><div class=\"fusion-column-wrapper fusion-column-has-shadow fusion-flex-justify-content-flex-start fusion-content-layout-column\"><\/div><\/div><div class=\"fusion-layout-column fusion_builder_column_inner fusion-builder-nested-column-8 fusion_builder_column_inner_1_2 1_2 fusion-flex-column\" style=\"--awb-bg-size:cover;--awb-width-large:50%;--awb-margin-top-large:0px;--awb-spacing-right-large:0%;--awb-margin-bottom-large:0px;--awb-spacing-left-large:3.84%;--awb-width-medium:66.666666666667%;--awb-spacing-right-medium:0%;--awb-spacing-left-medium:2.88%;--awb-width-small:100%;--awb-spacing-right-small:40px;--awb-spacing-left-small:40px;\"><div class=\"fusion-column-wrapper fusion-column-has-shadow fusion-flex-justify-content-flex-start fusion-content-layout-column\"><div class=\"fusion-title title fusion-title-6 fusion-sep-none fusion-title-text fusion-title-size-two\" style=\"--awb-margin-top:30px;--awb-margin-bottom:30px;--awb-margin-top-small:24px;\"><h2 class=\"fusion-title-heading title-heading-left fusion-responsive-typography-calculated\" style=\"margin:0;--fontSize:44;line-height:1.26;\">Dise\u00f1amos los muebles<\/h2><\/div><div class=\"fusion-text fusion-text-5\"><p>Decorar tu hogar como si fuera un traje a medida. Aportamos a los hogares de nuestros clientes la modernidad, la seriedad y la elegancia que exigen, buscando siempre la singularidad y la personalizaci\u00f3n. Ahora nos complace presentar nuestra nueva marca de mobiliario, Movint. La marca se cre\u00f3 con el objetivo de fabricar muebles que destaquen por su funcionalidad y su dise\u00f1o distintivo. Piezas que se adaptan a las \u00faltimas tendencias en dise\u00f1o de interiores<\/p>\n<\/div><\/div><\/div><div class=\"fusion-layout-column fusion_builder_column_inner fusion-builder-nested-column-9 fusion_builder_column_inner_1_3 1_3 fusion-flex-column\" style=\"--awb-bg-size:cover;--awb-width-large:33.333333333333%;--awb-margin-top-large:0px;--awb-spacing-right-large:5.76%;--awb-margin-bottom-large:5px;--awb-spacing-left-large:0%;--awb-width-medium:16.666666666667%;--awb-spacing-right-medium:11.52%;--awb-spacing-left-medium:0%;--awb-width-small:100%;--awb-spacing-right-small:1.92%;--awb-spacing-left-small:1.92%;\"><div class=\"fusion-column-wrapper fusion-column-has-shadow fusion-flex-justify-content-flex-start fusion-content-layout-column\"><\/div><\/div><\/div><\/div><\/div><div class=\"fusion-layout-column fusion_builder_column fusion-builder-column-8 fusion_builder_column_2_5 2_5 fusion-flex-column fusion-column-inner-bg-wrapper fusion-animated\" style=\"--awb-inner-bg-size:cover;--awb-width-large:40%;--awb-margin-top-large:7%;--awb-spacing-right-large:4.8%;--awb-margin-bottom-large:0px;--awb-spacing-left-large:-6.72%;--awb-width-medium:100%;--awb-margin-top-medium:20px;--awb-spacing-right-medium:1.92%;--awb-spacing-left-medium:1.92%;--awb-width-small:100%;--awb-spacing-right-small:1.92%;--awb-spacing-left-small:1.92%;\" data-animationType=\"fadeIn\" data-animationDuration=\"0.8\" data-animationOffset=\"top-into-view\"><span class=\"fusion-column-inner-bg hover-type-none\"><a class=\"fusion-column-anchor\" href=\"#\"><span class=\"fusion-column-inner-bg-image\"><\/span><\/a><\/span><div class=\"fusion-column-wrapper fusion-column-has-shadow fusion-flex-justify-content-flex-start fusion-content-layout-column\"><div class=\"fusion-image-element \" style=\"--awb-caption-title-font-family:var(--h2_typography-font-family);--awb-caption-title-font-weight:var(--h2_typography-font-weight);--awb-caption-title-font-style:var(--h2_typography-font-style);--awb-caption-title-size:var(--h2_typography-font-size);--awb-caption-title-transform:var(--h2_typography-text-transform);--awb-caption-title-line-height:var(--h2_typography-line-height);--awb-caption-title-letter-spacing:var(--h2_typography-letter-spacing);\"><span class=\" fusion-imageframe imageframe-none imageframe-7 hover-type-zoomin\"><img decoding=\"async\" width=\"1035\" height=\"1035\" title=\"MG &#8211; Fotos Marc\u0327 -52_resultado\" src=\"https:\/\/mobles-guell.com\/wp-content\/uploads\/2025\/10\/MG-Fotos-Marc-52_resultat-e1760963248421.webp\" data-orig-src=\"https:\/\/mobles-guell.com\/wp-content\/uploads\/2025\/10\/MG-Fotos-Marc-52_resultat-e1760963248421.webp\" alt class=\"lazyload img-responsive wp-image-5523\" srcset=\"data:image\/svg+xml,%3Csvg%20xmlns%3D%27http%3A%2F%2Fwww.w3.org%2F2000%2Fsvg%27%20width%3D%271035%27%20height%3D%271035%27%20viewBox%3D%270%200%201035%201035%27%3E%3Crect%20width%3D%271035%27%20height%3D%271035%27%20fill-opacity%3D%220%22%2F%3E%3C%2Fsvg%3E\" data-srcset=\"https:\/\/mobles-guell.com\/wp-content\/uploads\/2025\/10\/MG-Fotos-Marc-52_resultat-e1760963248421-66x66.webp 66w, https:\/\/mobles-guell.com\/wp-content\/uploads\/2025\/10\/MG-Fotos-Marc-52_resultat-e1760963248421-100x100.webp 100w, https:\/\/mobles-guell.com\/wp-content\/uploads\/2025\/10\/MG-Fotos-Marc-52_resultat-e1760963248421-150x150.webp 150w, https:\/\/mobles-guell.com\/wp-content\/uploads\/2025\/10\/MG-Fotos-Marc-52_resultat-e1760963248421-200x200.webp 200w, https:\/\/mobles-guell.com\/wp-content\/uploads\/2025\/10\/MG-Fotos-Marc-52_resultat-e1760963248421-300x300.webp 300w, https:\/\/mobles-guell.com\/wp-content\/uploads\/2025\/10\/MG-Fotos-Marc-52_resultat-e1760963248421-400x400.webp 400w, https:\/\/mobles-guell.com\/wp-content\/uploads\/2025\/10\/MG-Fotos-Marc-52_resultat-e1760963248421-500x500.webp 500w, https:\/\/mobles-guell.com\/wp-content\/uploads\/2025\/10\/MG-Fotos-Marc-52_resultat-e1760963248421-600x600.webp 600w, https:\/\/mobles-guell.com\/wp-content\/uploads\/2025\/10\/MG-Fotos-Marc-52_resultat-e1760963248421-700x700.webp 700w, https:\/\/mobles-guell.com\/wp-content\/uploads\/2025\/10\/MG-Fotos-Marc-52_resultat-e1760963248421-768x768.webp 768w, https:\/\/mobles-guell.com\/wp-content\/uploads\/2025\/10\/MG-Fotos-Marc-52_resultat-e1760963248421-800x800.webp 800w, https:\/\/mobles-guell.com\/wp-content\/uploads\/2025\/10\/MG-Fotos-Marc-52_resultat-e1760963248421-1024x1024.webp 1024w, https:\/\/mobles-guell.com\/wp-content\/uploads\/2025\/10\/MG-Fotos-Marc-52_resultat-e1760963248421.webp 1035w\" data-sizes=\"auto\" data-orig-sizes=\"(max-width: 1024px) 100vw, (max-width: 640px) 100vw, 600px\" \/><\/span><\/div><\/div><\/div><\/div><\/div><div class=\"fusion-fullwidth fullwidth-box fusion-builder-row-6 fusion-flex-container nonhundred-percent-fullwidth non-hundred-percent-height-scrolling\" style=\"--awb-border-radius-top-left:0px;--awb-border-radius-top-right:0px;--awb-border-radius-bottom-right:0px;--awb-border-radius-bottom-left:0px;--awb-padding-top:6%;--awb-padding-bottom:6%;--awb-padding-top-medium:42px;--awb-background-color:var(--awb-color2);--awb-flex-wrap:wrap;\" ><div class=\"fusion-builder-row fusion-row fusion-flex-align-items-stretch fusion-flex-content-wrap\" style=\"max-width:1320.8px;margin-left: calc(-4% \/ 2 );margin-right: calc(-4% \/ 2 );\"><div class=\"fusion-layout-column fusion_builder_column fusion-builder-column-9 fusion_builder_column_1_1 1_1 fusion-flex-column\" style=\"--awb-bg-size:cover;--awb-width-large:100%;--awb-margin-top-large:25px;--awb-spacing-right-large:1.92%;--awb-margin-bottom-large:0px;--awb-spacing-left-large:1.92%;--awb-width-medium:100%;--awb-spacing-right-medium:1.92%;--awb-spacing-left-medium:1.92%;--awb-width-small:100%;--awb-spacing-right-small:1.92%;--awb-spacing-left-small:1.92%;\"><div class=\"fusion-column-wrapper fusion-column-has-shadow fusion-flex-justify-content-flex-start fusion-content-layout-column\"><div class=\"fusion-title title fusion-title-7 fusion-sep-none fusion-title-text fusion-title-size-six\" style=\"--awb-margin-bottom:10px;--awb-margin-bottom-small:10px;\"><h6 class=\"fusion-title-heading title-heading-left fusion-responsive-typography-calculated\" style=\"margin:0;text-transform:var(--awb-typography2-text-transform);--fontSize:12;--minFontSize:12;line-height:var(--awb-typography2-line-height);\">Te ayudamos<\/h6><\/div><\/div><\/div><div class=\"fusion-layout-column fusion_builder_column fusion-builder-column-10 fusion_builder_column_1_2 1_2 fusion-flex-column fusion-animated\" style=\"--awb-bg-size:cover;--awb-width-large:50%;--awb-margin-top-large:0px;--awb-spacing-right-large:3.84%;--awb-margin-bottom-large:1px;--awb-spacing-left-large:3.84%;--awb-width-medium:60%;--awb-spacing-right-medium:3.2%;--awb-spacing-left-medium:3.2%;--awb-width-small:100%;--awb-spacing-right-small:1.92%;--awb-spacing-left-small:1.92%;\" data-animationType=\"fadeIn\" data-animationDuration=\"0.8\" data-animationOffset=\"top-into-view\"><div class=\"fusion-column-wrapper fusion-column-has-shadow fusion-flex-justify-content-flex-start fusion-content-layout-column\"><div class=\"fusion-title title fusion-title-8 fusion-sep-none fusion-title-text fusion-title-size-two\"><h2 class=\"fusion-title-heading title-heading-left fusion-responsive-typography-calculated\" style=\"margin:0;--fontSize:44;line-height:1.26;\">Nuestros servicios<\/h2><\/div><\/div><\/div><div class=\"fusion-layout-column fusion_builder_column fusion-builder-column-11 fusion_builder_column_1_4 1_4 fusion-flex-column fusion-no-small-visibility fusion-no-medium-visibility\" style=\"--awb-bg-size:cover;--awb-width-large:25%;--awb-margin-top-large:0px;--awb-spacing-right-large:21px;--awb-margin-bottom-large:10px;--awb-spacing-left-large:7.68%;--awb-width-medium:100%;--awb-spacing-right-medium:1.92%;--awb-spacing-left-medium:1.92%;--awb-width-small:100%;--awb-spacing-right-small:1.92%;--awb-spacing-left-small:1.92%;\"><div class=\"fusion-column-wrapper fusion-column-has-shadow fusion-flex-justify-content-flex-start fusion-content-layout-column\"><\/div><\/div><div class=\"fusion-layout-column fusion_builder_column fusion-builder-column-12 fusion_builder_column_1_4 1_4 fusion-flex-column fusion-animated\" style=\"--awb-bg-size:cover;--awb-width-large:25%;--awb-margin-top-large:18px;--awb-spacing-right-large:7.68%;--awb-margin-bottom-large:25px;--awb-spacing-left-large:21px;--awb-width-medium:40%;--awb-spacing-right-medium:4.8%;--awb-margin-bottom-medium:30px;--awb-spacing-left-medium:21px;--awb-width-small:100%;--awb-spacing-right-small:1.92%;--awb-spacing-left-small:1.92%;\" data-animationType=\"fadeIn\" data-animationDuration=\"0.8\" data-animationOffset=\"top-into-view\"><div class=\"fusion-column-wrapper fusion-column-has-shadow fusion-flex-justify-content-flex-start fusion-content-layout-column\"><div ><a class=\"fusion-button button-flat fusion-button-default-size button-default fusion-button-default button-1 fusion-button-span-yes fusion-button-default-type\" target=\"_self\" href=\"https:\/\/mobles-guell.com\/serveis\/\"><span class=\"fusion-button-text awb-button__text awb-button__text--default\">M\u00e1s informaci\u00f3n<\/span><\/a><\/div><\/div><\/div><div class=\"fusion-layout-column fusion_builder_column fusion-builder-column-13 fusion_builder_column_1_4 1_4 fusion-flex-column fusion-animated\" style=\"--awb-padding-top:11%;--awb-padding-right:11%;--awb-padding-bottom:8%;--awb-padding-left:11%;--awb-padding-top-medium:60px;--awb-padding-right-medium:50px;--awb-padding-bottom-medium:60px;--awb-padding-left-medium:50px;--awb-bg-color:var(--awb-color1);--awb-bg-color-hover:var(--awb-color1);--awb-bg-size:cover;--awb-width-large:25%;--awb-margin-top-large:25px;--awb-spacing-right-large:20px;--awb-margin-bottom-large:25px;--awb-spacing-left-large:7.68%;--awb-width-medium:100%;--awb-spacing-right-medium:1.92%;--awb-margin-bottom-medium:16px;--awb-spacing-left-medium:1.92%;--awb-width-small:100%;--awb-spacing-right-small:1.92%;--awb-spacing-left-small:1.92%;\" data-animationType=\"fadeIn\" data-animationDuration=\"0.8\" data-animationOffset=\"top-into-view\"><div class=\"fusion-column-wrapper fusion-column-has-shadow fusion-flex-justify-content-flex-start fusion-content-layout-column\"><i class=\"fb-icon-element-2 fb-icon-element fontawesome-icon fa-hammer fas circle-no fusion-text-flow icon-hover-animation-slide\" style=\"--awb-iconcolor:var(--awb-color7);--awb-iconcolor-hover:var(--awb-color7);--awb-circlecolor:rgba(250,250,250,0);--awb-font-size:36px;--awb-margin-right:18px;\"><\/i><div class=\"fusion-separator fusion-full-width-sep\" style=\"align-self: center;margin-left: auto;margin-right: auto;margin-bottom:42px;width:100%;\"><\/div><div class=\"fusion-title title fusion-title-9 fusion-sep-none fusion-title-text fusion-title-size-five\"><h5 class=\"fusion-title-heading title-heading-left fusion-responsive-typography-calculated\" style=\"margin:0;--fontSize:18;--minFontSize:18;line-height:1.68;\"><strong>Instaladores propios<\/strong><\/h5><\/div><div class=\"fusion-text fusion-text-6\"><p>No te preocupes por qui\u00e9n montar\u00e1 tus muebles. Contamos con un equipo de profesionales con a\u00f1os de experiencia. <\/p>\n<p>Para nosotros, tu tranquilidad es lo m\u00e1s importante.<\/p>\n<\/div><\/div><\/div><div class=\"fusion-layout-column fusion_builder_column fusion-builder-column-14 fusion_builder_column_1_4 1_4 fusion-flex-column fusion-animated\" style=\"--awb-padding-top:11%;--awb-padding-right:11%;--awb-padding-bottom:8%;--awb-padding-left:11%;--awb-padding-top-medium:60px;--awb-padding-right-medium:50px;--awb-padding-bottom-medium:60px;--awb-padding-left-medium:50px;--awb-bg-color:var(--awb-color1);--awb-bg-color-hover:var(--awb-color1);--awb-bg-size:cover;--awb-width-large:25%;--awb-margin-top-large:25px;--awb-spacing-right-large:20px;--awb-margin-bottom-large:25px;--awb-spacing-left-large:20px;--awb-width-medium:100%;--awb-margin-top-medium:10px;--awb-spacing-right-medium:1.92%;--awb-margin-bottom-medium:16px;--awb-spacing-left-medium:1.92%;--awb-width-small:100%;--awb-spacing-right-small:1.92%;--awb-spacing-left-small:1.92%;\" data-animationType=\"fadeIn\" data-animationDuration=\"0.8\" data-animationOffset=\"top-into-view\"><div class=\"fusion-column-wrapper fusion-column-has-shadow fusion-flex-justify-content-flex-start fusion-content-layout-column\"><i class=\"fb-icon-element-3 fb-icon-element fontawesome-icon icon-furnituresofa-bold circle-no fusion-text-flow icon-hover-animation-slide\" style=\"--awb-iconcolor:var(--awb-color7);--awb-iconcolor-hover:var(--awb-color7);--awb-circlecolor:rgba(250,250,250,0);--awb-font-size:36px;--awb-margin-right:18px;\"><\/i><div class=\"fusion-separator fusion-full-width-sep\" style=\"align-self: center;margin-left: auto;margin-right: auto;margin-bottom:42px;width:100%;\"><\/div><div class=\"fusion-title title fusion-title-10 fusion-sep-none fusion-title-text fusion-title-size-five\"><h5 class=\"fusion-title-heading title-heading-left fusion-responsive-typography-calculated\" style=\"margin:0;--fontSize:18;--minFontSize:18;line-height:1.68;\"><strong>Muebles a medida<\/strong><\/h5><\/div><div class=\"fusion-text fusion-text-7\"><p>Como si fuera un traje a medida. Cu\u00e9ntanos qu\u00e9 necesitas y c\u00f3mo te imaginas tu hogar. <\/p>\n<p>Y nuestros dise\u00f1adores de interiores se encargar\u00e1n de hacer realidad los muebles de tus sue\u00f1os.<\/p>\n<\/div><\/div><\/div><div class=\"fusion-layout-column fusion_builder_column fusion-builder-column-15 fusion_builder_column_1_4 1_4 fusion-flex-column fusion-animated\" style=\"--awb-padding-top:11%;--awb-padding-right:11%;--awb-padding-bottom:8%;--awb-padding-left:11%;--awb-padding-top-medium:60px;--awb-padding-right-medium:50px;--awb-padding-bottom-medium:60px;--awb-padding-left-medium:50px;--awb-bg-color:var(--awb-color1);--awb-bg-color-hover:var(--awb-color1);--awb-bg-size:cover;--awb-width-large:25%;--awb-margin-top-large:25px;--awb-spacing-right-large:7.68%;--awb-margin-bottom-large:25px;--awb-spacing-left-large:20px;--awb-width-medium:100%;--awb-margin-top-medium:10px;--awb-spacing-right-medium:1.92%;--awb-margin-bottom-medium:16px;--awb-spacing-left-medium:1.92%;--awb-width-small:100%;--awb-spacing-right-small:1.92%;--awb-spacing-left-small:1.92%;\" data-animationType=\"fadeIn\" data-animationDuration=\"0.8\" data-animationOffset=\"top-into-view\"><div class=\"fusion-column-wrapper fusion-column-has-shadow fusion-flex-justify-content-flex-start fusion-content-layout-column\"><i class=\"fb-icon-element-4 fb-icon-element fontawesome-icon fa-shuttle-van fas circle-no fusion-text-flow icon-hover-animation-slide\" style=\"--awb-iconcolor:var(--awb-color7);--awb-iconcolor-hover:var(--awb-color7);--awb-circlecolor:rgba(250,250,250,0);--awb-font-size:36px;--awb-margin-right:18px;\"><\/i><div class=\"fusion-separator fusion-full-width-sep\" style=\"align-self: center;margin-left: auto;margin-right: auto;margin-bottom:42px;width:100%;\"><\/div><div class=\"fusion-title title fusion-title-11 fusion-sep-none fusion-title-text fusion-title-size-five\"><h5 class=\"fusion-title-heading title-heading-left fusion-responsive-typography-calculated\" style=\"margin:0;--fontSize:18;--minFontSize:18;line-height:1.68;\"><strong>Transporte gratuito<\/strong><\/h5><\/div><div class=\"fusion-text fusion-text-8\"><p>No te preocupes por recoger tus muebles; nosotros nos encargaremos de todo. Te los entregaremos, los montaremos y responderemos a cualquier pregunta que puedas tener. Este servicio es totalmente gratuito.<\/p>\n<\/div><\/div><\/div><div class=\"fusion-layout-column fusion_builder_column fusion-builder-column-16 fusion_builder_column_1_4 1_4 fusion-flex-column fusion-animated\" style=\"--awb-padding-top:11%;--awb-padding-right:11%;--awb-padding-bottom:8%;--awb-padding-left:11%;--awb-padding-top-medium:60px;--awb-padding-right-medium:50px;--awb-padding-bottom-medium:60px;--awb-padding-left-medium:50px;--awb-bg-color:var(--awb-color1);--awb-bg-color-hover:var(--awb-color1);--awb-bg-size:cover;--awb-width-large:25%;--awb-margin-top-large:25px;--awb-spacing-right-large:7.68%;--awb-margin-bottom-large:25px;--awb-spacing-left-large:20px;--awb-width-medium:100%;--awb-margin-top-medium:10px;--awb-spacing-right-medium:1.92%;--awb-margin-bottom-medium:16px;--awb-spacing-left-medium:1.92%;--awb-width-small:100%;--awb-spacing-right-small:1.92%;--awb-spacing-left-small:1.92%;\" data-animationType=\"fadeIn\" data-animationDuration=\"0.8\" data-animationOffset=\"top-into-view\"><div class=\"fusion-column-wrapper fusion-column-has-shadow fusion-flex-justify-content-flex-start fusion-content-layout-column\"><i class=\"fb-icon-element-5 fb-icon-element fontawesome-icon fa-feather-alt fas circle-no fusion-text-flow icon-hover-animation-slide\" style=\"--awb-iconcolor:var(--awb-color7);--awb-iconcolor-hover:var(--awb-color7);--awb-circlecolor:rgba(250,250,250,0);--awb-font-size:36px;--awb-margin-right:18px;\"><\/i><div class=\"fusion-separator fusion-full-width-sep\" style=\"align-self: center;margin-left: auto;margin-right: auto;margin-bottom:42px;width:100%;\"><\/div><div class=\"fusion-title title fusion-title-12 fusion-sep-none fusion-title-text fusion-title-size-five\"><h5 class=\"fusion-title-heading title-heading-left fusion-responsive-typography-calculated\" style=\"margin:0;--fontSize:18;--minFontSize:18;line-height:1.68;\"><strong>Interiorismo<\/strong><\/h5><\/div><div class=\"fusion-text fusion-text-9\"><p>Ofrecemos un servicio de dise\u00f1o de interiores y te ayudamos a dise\u00f1ar el interior de tus estancias, adaptando cada espacio a tu estilo, tus necesidades y tu personalidad para que resulte funcional, acogedor y \u00fanico.<\/p>\n<\/div><\/div><\/div><\/div><\/div><div class=\"fusion-fullwidth fullwidth-box fusion-builder-row-7 fusion-flex-container nonhundred-percent-fullwidth non-hundred-percent-height-scrolling\" style=\"--awb-border-radius-top-left:0px;--awb-border-radius-top-right:0px;--awb-border-radius-bottom-right:0px;--awb-border-radius-bottom-left:0px;--awb-padding-bottom:4%;--awb-padding-top-medium:40px;--awb-flex-wrap:wrap;\" ><div class=\"fusion-builder-row fusion-row fusion-flex-align-items-flex-start fusion-flex-content-wrap\" style=\"max-width:1320.8px;margin-left: calc(-4% \/ 2 );margin-right: calc(-4% \/ 2 );\"><div class=\"fusion-layout-column fusion_builder_column fusion-builder-column-17 fusion_builder_column_1_1 1_1 fusion-flex-column\" style=\"--awb-padding-top:0%;--awb-bg-size:cover;--awb-transition:filter 0ms ease, transform 0ms ease, background-color 0ms ease, border-color 0ms ease;--awb-width-large:100%;--awb-margin-top-large:25px;--awb-spacing-right-large:1.92%;--awb-margin-bottom-large:0px;--awb-spacing-left-large:1.92%;--awb-width-medium:100%;--awb-spacing-right-medium:1.92%;--awb-spacing-left-medium:1.92%;--awb-width-small:100%;--awb-spacing-right-small:1.92%;--awb-spacing-left-small:1.92%;\"><div class=\"fusion-column-wrapper fusion-column-has-shadow fusion-flex-justify-content-flex-start fusion-content-layout-column\"><div class=\"fusion-title title fusion-title-13 fusion-sep-none fusion-title-text fusion-title-size-two\" style=\"--awb-margin-bottom:60px;\"><h2 class=\"fusion-title-heading title-heading-left fusion-responsive-typography-calculated\" style=\"margin:0;--fontSize:44;line-height:1.26;\">Nuestras marcas<\/h2><\/div><div class=\"fusion-image-carousel fusion-image-carousel-auto fusion-image-carousel-1\"><div class=\"awb-carousel awb-swiper awb-swiper-carousel awb-swiper-dots-position-bottom awb-carousel--carousel\" data-layout=\"carousel\" data-autoplay=\"no\" data-autoplayspeed=\"2500\" data-autoplaypause=\"no\" data-columns=\"6\" data-itemmargin=\"116\" data-itemwidth=\"180\" data-touchscroll=\"drag\" data-freemode=\"no\" data-imagesize=\"auto\" data-scrollitems=\"1\" data-centeredslides=\"no\" data-rotationangle=\"50\" data-depth=\"100\" data-speed=\"500\" data-shadow=\"no\" style=\"--awb-columns:6;--awb-column-spacing:116px;\"><div class=\"swiper-wrapper awb-image-carousel-wrapper fusion-flex-align-items-center\"><div class=\"swiper-slide\"><div class=\"fusion-carousel-item-wrapper\"><div class=\"fusion-image-wrapper hover-type-none\"><img decoding=\"async\" width=\"278\" height=\"200\" src=\"https:\/\/mobles-guell.com\/wp-content\/uploads\/2025\/10\/logo-abrito.jpg\" class=\"attachment-full size-full lazyload\" alt=\"\" srcset=\"data:image\/svg+xml,%3Csvg%20xmlns%3D%27http%3A%2F%2Fwww.w3.org%2F2000%2Fsvg%27%20width%3D%27278%27%20height%3D%27200%27%20viewBox%3D%270%200%20278%20200%27%3E%3Crect%20width%3D%27278%27%20height%3D%27200%27%20fill-opacity%3D%220%22%2F%3E%3C%2Fsvg%3E\" data-orig-src=\"https:\/\/mobles-guell.com\/wp-content\/uploads\/2025\/10\/logo-abrito.jpg\" data-srcset=\"https:\/\/mobles-guell.com\/wp-content\/uploads\/2025\/10\/logo-abrito-200x144.jpg 200w, https:\/\/mobles-guell.com\/wp-content\/uploads\/2025\/10\/logo-abrito.jpg 278w\" data-sizes=\"auto\" \/><\/div><\/div><\/div><div class=\"swiper-slide\"><div class=\"fusion-carousel-item-wrapper\"><div class=\"fusion-image-wrapper hover-type-none\"><img decoding=\"async\" width=\"78\" height=\"15\" src=\"data:image\/svg+xml,%3Csvg%20xmlns%3D%27http%3A%2F%2Fwww.w3.org%2F2000%2Fsvg%27%20width%3D%2778%27%20height%3D%2715%27%20viewBox%3D%270%200%2078%2015%27%3E%3Crect%20width%3D%2778%27%20height%3D%2715%27%20fill-opacity%3D%220%22%2F%3E%3C%2Fsvg%3E\" class=\"attachment-full size-full lazyload\" alt=\"\" data-orig-src=\"https:\/\/mobles-guell.com\/wp-content\/uploads\/2025\/10\/actiu-logo-1614871021_resultat.webp\" \/><\/div><\/div><\/div><div class=\"swiper-slide\"><div class=\"fusion-carousel-item-wrapper\"><div class=\"fusion-image-wrapper hover-type-none\"><img decoding=\"async\" width=\"672\" height=\"392\" src=\"https:\/\/mobles-guell.com\/wp-content\/uploads\/2025\/10\/logotipo-funcional-mobiliario-altair_resultat.webp\" class=\"attachment-full size-full lazyload\" alt=\"\" srcset=\"data:image\/svg+xml,%3Csvg%20xmlns%3D%27http%3A%2F%2Fwww.w3.org%2F2000%2Fsvg%27%20width%3D%27672%27%20height%3D%27392%27%20viewBox%3D%270%200%20672%20392%27%3E%3Crect%20width%3D%27672%27%20height%3D%27392%27%20fill-opacity%3D%220%22%2F%3E%3C%2Fsvg%3E\" data-orig-src=\"https:\/\/mobles-guell.com\/wp-content\/uploads\/2025\/10\/logotipo-funcional-mobiliario-altair_resultat.webp\" data-srcset=\"https:\/\/mobles-guell.com\/wp-content\/uploads\/2025\/10\/logotipo-funcional-mobiliario-altair_resultat-200x117.webp 200w, https:\/\/mobles-guell.com\/wp-content\/uploads\/2025\/10\/logotipo-funcional-mobiliario-altair_resultat-300x175.webp 300w, https:\/\/mobles-guell.com\/wp-content\/uploads\/2025\/10\/logotipo-funcional-mobiliario-altair_resultat-400x233.webp 400w, https:\/\/mobles-guell.com\/wp-content\/uploads\/2025\/10\/logotipo-funcional-mobiliario-altair_resultat-500x292.webp 500w, https:\/\/mobles-guell.com\/wp-content\/uploads\/2025\/10\/logotipo-funcional-mobiliario-altair_resultat-600x350.webp 600w, https:\/\/mobles-guell.com\/wp-content\/uploads\/2025\/10\/logotipo-funcional-mobiliario-altair_resultat.webp 672w\" data-sizes=\"auto\" \/><\/div><\/div><\/div><div class=\"swiper-slide\"><div class=\"fusion-carousel-item-wrapper\"><div class=\"fusion-image-wrapper hover-type-none\"><img decoding=\"async\" width=\"350\" height=\"350\" src=\"https:\/\/mobles-guell.com\/wp-content\/uploads\/2025\/10\/Andreu-World-logo_resultat.webp\" class=\"attachment-full size-full lazyload\" alt=\"\" srcset=\"data:image\/svg+xml,%3Csvg%20xmlns%3D%27http%3A%2F%2Fwww.w3.org%2F2000%2Fsvg%27%20width%3D%27350%27%20height%3D%27350%27%20viewBox%3D%270%200%20350%20350%27%3E%3Crect%20width%3D%27350%27%20height%3D%27350%27%20fill-opacity%3D%220%22%2F%3E%3C%2Fsvg%3E\" data-orig-src=\"https:\/\/mobles-guell.com\/wp-content\/uploads\/2025\/10\/Andreu-World-logo_resultat.webp\" data-srcset=\"https:\/\/mobles-guell.com\/wp-content\/uploads\/2025\/10\/Andreu-World-logo_resultat-66x66.webp 66w, https:\/\/mobles-guell.com\/wp-content\/uploads\/2025\/10\/Andreu-World-logo_resultat-100x100.webp 100w, https:\/\/mobles-guell.com\/wp-content\/uploads\/2025\/10\/Andreu-World-logo_resultat-150x150.webp 150w, https:\/\/mobles-guell.com\/wp-content\/uploads\/2025\/10\/Andreu-World-logo_resultat-200x200.webp 200w, https:\/\/mobles-guell.com\/wp-content\/uploads\/2025\/10\/Andreu-World-logo_resultat-300x300.webp 300w, https:\/\/mobles-guell.com\/wp-content\/uploads\/2025\/10\/Andreu-World-logo_resultat.webp 350w\" data-sizes=\"auto\" \/><\/div><\/div><\/div><div class=\"swiper-slide\"><div class=\"fusion-carousel-item-wrapper\"><div class=\"fusion-image-wrapper hover-type-none\"><img decoding=\"async\" width=\"437\" height=\"92\" src=\"https:\/\/mobles-guell.com\/wp-content\/uploads\/2025\/10\/Logo-piedra-mes_resultat.webp\" class=\"attachment-full size-full lazyload\" alt=\"\" srcset=\"data:image\/svg+xml,%3Csvg%20xmlns%3D%27http%3A%2F%2Fwww.w3.org%2F2000%2Fsvg%27%20width%3D%27437%27%20height%3D%2792%27%20viewBox%3D%270%200%20437%2092%27%3E%3Crect%20width%3D%27437%27%20height%3D%2792%27%20fill-opacity%3D%220%22%2F%3E%3C%2Fsvg%3E\" data-orig-src=\"https:\/\/mobles-guell.com\/wp-content\/uploads\/2025\/10\/Logo-piedra-mes_resultat.webp\" data-srcset=\"https:\/\/mobles-guell.com\/wp-content\/uploads\/2025\/10\/Logo-piedra-mes_resultat-200x42.webp 200w, https:\/\/mobles-guell.com\/wp-content\/uploads\/2025\/10\/Logo-piedra-mes_resultat-300x63.webp 300w, https:\/\/mobles-guell.com\/wp-content\/uploads\/2025\/10\/Logo-piedra-mes_resultat-400x84.webp 400w, https:\/\/mobles-guell.com\/wp-content\/uploads\/2025\/10\/Logo-piedra-mes_resultat.webp 437w\" data-sizes=\"auto\" \/><\/div><\/div><\/div><div class=\"swiper-slide\"><div class=\"fusion-carousel-item-wrapper\"><div class=\"fusion-image-wrapper hover-type-none\"><img decoding=\"async\" width=\"728\" height=\"536\" src=\"https:\/\/mobles-guell.com\/wp-content\/uploads\/2025\/10\/Captura-de-Pantalla-2025-10-20-a-las-13.15.44_resultat.webp\" class=\"attachment-full size-full lazyload\" alt=\"\" srcset=\"data:image\/svg+xml,%3Csvg%20xmlns%3D%27http%3A%2F%2Fwww.w3.org%2F2000%2Fsvg%27%20width%3D%27728%27%20height%3D%27536%27%20viewBox%3D%270%200%20728%20536%27%3E%3Crect%20width%3D%27728%27%20height%3D%27536%27%20fill-opacity%3D%220%22%2F%3E%3C%2Fsvg%3E\" data-orig-src=\"https:\/\/mobles-guell.com\/wp-content\/uploads\/2025\/10\/Captura-de-Pantalla-2025-10-20-a-las-13.15.44_resultat.webp\" data-srcset=\"https:\/\/mobles-guell.com\/wp-content\/uploads\/2025\/10\/Captura-de-Pantalla-2025-10-20-a-las-13.15.44_resultat-200x147.webp 200w, https:\/\/mobles-guell.com\/wp-content\/uploads\/2025\/10\/Captura-de-Pantalla-2025-10-20-a-las-13.15.44_resultat-300x221.webp 300w, https:\/\/mobles-guell.com\/wp-content\/uploads\/2025\/10\/Captura-de-Pantalla-2025-10-20-a-las-13.15.44_resultat-400x295.webp 400w, https:\/\/mobles-guell.com\/wp-content\/uploads\/2025\/10\/Captura-de-Pantalla-2025-10-20-a-las-13.15.44_resultat-500x368.webp 500w, https:\/\/mobles-guell.com\/wp-content\/uploads\/2025\/10\/Captura-de-Pantalla-2025-10-20-a-las-13.15.44_resultat-600x442.webp 600w, https:\/\/mobles-guell.com\/wp-content\/uploads\/2025\/10\/Captura-de-Pantalla-2025-10-20-a-las-13.15.44_resultat-700x515.webp 700w, https:\/\/mobles-guell.com\/wp-content\/uploads\/2025\/10\/Captura-de-Pantalla-2025-10-20-a-las-13.15.44_resultat.webp 728w\" data-sizes=\"auto\" \/><\/div><\/div><\/div><div class=\"swiper-slide\"><div class=\"fusion-carousel-item-wrapper\"><div class=\"fusion-image-wrapper hover-type-none\"><img decoding=\"async\" width=\"200\" height=\"60\" src=\"data:image\/svg+xml,%3Csvg%20xmlns%3D%27http%3A%2F%2Fwww.w3.org%2F2000%2Fsvg%27%20width%3D%27200%27%20height%3D%2760%27%20viewBox%3D%270%200%20200%2060%27%3E%3Crect%20width%3D%27200%27%20height%3D%2760%27%20fill-opacity%3D%220%22%2F%3E%3C%2Fsvg%3E\" class=\"attachment-full size-full lazyload\" alt=\"Urbano\" data-orig-src=\"https:\/\/mobles-guell.com\/wp-content\/uploads\/2020\/01\/urbano.png\" \/><\/div><\/div><\/div><\/div><\/div><\/div><div ><a class=\"fusion-button button-flat fusion-button-default-size button-default fusion-button-default button-2 fusion-button-span-yes fusion-button-default-type\" target=\"_self\" href=\"https:\/\/mobles-guell.com\/es\/marques-de-mobles\/\"><span class=\"fusion-button-text awb-button__text awb-button__text--default\">Verlos todos<\/span><\/a><\/div><\/div><\/div><\/div><\/div><div class=\"fusion-fullwidth fullwidth-box fusion-builder-row-8 fusion-flex-container fusion-parallax-none nonhundred-percent-fullwidth non-hundred-percent-height-scrolling lazyload\" style=\"--awb-border-radius-top-left:0px;--awb-border-radius-top-right:0px;--awb-border-radius-bottom-right:0px;--awb-border-radius-bottom-left:0px;--awb-padding-top:6%;--awb-padding-bottom:5%;--awb-background-color:hsla(var(--awb-color7-h),var(--awb-color7-s),var(--awb-color7-l),calc( var(--awb-color7-a) - 50% ));--awb-background-image:linear-gradient(180deg, rgba(0,0,0,0.8) 0%,rgba(0,0,0,0.34) 100%);;--awb-background-size:cover;--awb-flex-wrap:wrap;\" data-bg=\"https:\/\/mobles-guell.com\/wp-content\/uploads\/2025\/12\/MG-Fotos-nov-011_resultat-scaled.webp\" data-bg-gradient=\"linear-gradient(180deg, rgba(0,0,0,0.8) 0%,rgba(0,0,0,0.34) 100%)\" ><div class=\"fusion-builder-row fusion-row fusion-flex-align-items-flex-start fusion-flex-content-wrap\" style=\"max-width:1320.8px;margin-left: calc(-4% \/ 2 );margin-right: calc(-4% \/ 2 );\"><div class=\"fusion-layout-column fusion_builder_column fusion-builder-column-18 fusion_builder_column_1_2 1_2 fusion-flex-column\" style=\"--awb-bg-size:cover;--awb-width-large:50%;--awb-margin-top-large:25px;--awb-spacing-right-large:6.72%;--awb-margin-bottom-large:25px;--awb-spacing-left-large:3.84%;--awb-width-medium:100%;--awb-spacing-right-medium:1.92%;--awb-spacing-left-medium:1.92%;--awb-width-small:100%;--awb-spacing-right-small:1.92%;--awb-spacing-left-small:1.92%;\"><div class=\"fusion-column-wrapper fusion-column-has-shadow fusion-flex-justify-content-flex-start fusion-content-layout-column\"><div class=\"fusion-title title fusion-title-14 fusion-sep-none fusion-title-text fusion-title-size-six\" style=\"--awb-text-color:var(--awb-color1);--awb-margin-bottom:10px;--awb-margin-bottom-small:10px;\"><h6 class=\"fusion-title-heading title-heading-left fusion-responsive-typography-calculated\" style=\"margin:0;text-transform:var(--awb-typography2-text-transform);--fontSize:12;--minFontSize:12;line-height:var(--awb-typography2-line-height);\">estigues al dia<\/h6><\/div><div class=\"fusion-title title fusion-title-15 fusion-sep-none fusion-title-text fusion-title-size-two\" style=\"--awb-text-color:var(--awb-color1);\"><h2 class=\"fusion-title-heading title-heading-left fusion-responsive-typography-calculated\" style=\"margin:0;--fontSize:44;line-height:1.26;\">Subscriu-te a la nostra newsletter<\/h2><\/div><div class=\"fusion-separator fusion-full-width-sep\" style=\"align-self: center;margin-left: auto;margin-right: auto;margin-top:6px;margin-bottom:12px;width:100%;\"><\/div><div class=\"fusion-form fusion-form-builder fusion-form-form-wrapper fusion-form-2777\" style=\"--awb-tooltip-text-color:#ffffff;--awb-tooltip-background-color:#333333;--awb-field-margin-top:15px;--awb-field-margin-bottom:15px;\" data-form-id=\"2777\" data-config=\"{&quot;form_id&quot;:2777,&quot;form_post_id&quot;:2777,&quot;post_id&quot;:5524,&quot;form_type&quot;:&quot;ajax&quot;,&quot;confirmation_type&quot;:&quot;&quot;,&quot;redirect_url&quot;:&quot;&quot;,&quot;field_labels&quot;:{&quot;email&quot;:&quot;&quot;},&quot;field_logics&quot;:{&quot;email&quot;:&quot;&quot;,&quot;notice_1&quot;:&quot;&quot;},&quot;field_types&quot;:{&quot;email&quot;:&quot;email&quot;,&quot;submit_1&quot;:&quot;submit&quot;,&quot;notice_1&quot;:&quot;notice&quot;},&quot;nonce_method&quot;:&quot;ajax&quot;}\"><form action=\"https:\/\/mobles-guell.com\/es\/quienes-somos\/\" method=\"method\" class=\"fusion-form fusion-form-2777\"><div class=\"fusion-fullwidth fullwidth-box fusion-builder-row-8-1 fusion-flex-container nonhundred-percent-fullwidth non-hundred-percent-height-scrolling\" style=\"--awb-border-radius-top-left:0px;--awb-border-radius-top-right:0px;--awb-border-radius-bottom-right:0px;--awb-border-radius-bottom-left:0px;--awb-padding-top:0px;--awb-padding-right:0px;--awb-padding-bottom:0px;--awb-padding-left:0px;--awb-flex-wrap:wrap;\" ><div class=\"fusion-builder-row fusion-row fusion-flex-align-items-flex-start fusion-flex-content-wrap\" style=\"width:104% !important;max-width:104% !important;margin-left: calc(-4% \/ 2 );margin-right: calc(-4% \/ 2 );\"><div class=\"fusion-layout-column fusion_builder_column fusion-builder-column-19 fusion_builder_column_3_5 3_5 fusion-flex-column\" style=\"--awb-bg-size:cover;--awb-width-large:60%;--awb-margin-top-large:0px;--awb-spacing-right-large:0%;--awb-margin-bottom-large:0px;--awb-spacing-left-large:3.2%;--awb-width-medium:100%;--awb-order-medium:0;--awb-spacing-right-medium:1.92%;--awb-spacing-left-medium:1.92%;--awb-width-small:100%;--awb-order-small:0;--awb-spacing-right-small:1.92%;--awb-spacing-left-small:1.92%;\"><div class=\"fusion-column-wrapper fusion-column-has-shadow fusion-flex-justify-content-flex-start fusion-content-layout-column\"><div class=\"fusion-form-field fusion-form-email-field fusion-form-label-above\" style=\"\" data-form-id=\"2777\"><input type=\"email\" autocomplete=\"off\" name=\"email\" id=\"email\" value=\"\"  class=\"fusion-form-input\" placeholder=\"Insert your email \" data-holds-private-data=\"false\"\/><\/div><\/div><\/div><div class=\"fusion-layout-column fusion_builder_column fusion-builder-column-20 fusion_builder_column_2_5 2_5 fusion-flex-column fusion-flex-align-self-stretch\" style=\"--awb-bg-color:var(--awb-color7);--awb-bg-color-hover:var(--awb-color7);--awb-bg-size:cover;--awb-filter:opacity(100%);--awb-filter-transition:filter 0.3s ease;--awb-filter-hover:opacity(95%);--awb-width-large:40%;--awb-margin-top-large:0px;--awb-spacing-right-large:4.8%;--awb-margin-bottom-large:0px;--awb-spacing-left-large:0%;--awb-width-medium:100%;--awb-order-medium:0;--awb-spacing-right-medium:1.92%;--awb-spacing-left-medium:1.92%;--awb-width-small:100%;--awb-order-small:0;--awb-spacing-right-small:1.92%;--awb-spacing-left-small:1.92%;\"><div class=\"fusion-column-wrapper fusion-column-has-shadow fusion-flex-justify-content-center fusion-content-layout-column\"><div class=\"fusion-form-field fusion-form-submit-field fusion-form-label-above\" style=\"\" data-form-id=\"2777\"><div ><button type=\"submit\" class=\"fusion-button button-flat fusion-button-default-size button-custom fusion-button-default button-3 fusion-button-span-yes  form-form-submit button-default\" style=\"--button_accent_color:var(--awb-color1);--button_accent_hover_color:var(--awb-color1);--button_border_hover_color:var(--awb-color1);--button_gradient_top_color:var(--awb-color7);--button_gradient_bottom_color:var(--awb-color7);--button_gradient_top_color_hover:var(--awb-color7);--button_gradient_bottom_color_hover:var(--awb-color7);\" data-form-number=\"2777\" tabindex=\"\"><span class=\"fusion-button-text awb-button__text awb-button__text--default\">Subscribe Now<\/span><\/button><\/div><\/div><\/div><\/div><div class=\"fusion-layout-column fusion_builder_column fusion-builder-column-21 fusion_builder_column_1_1 1_1 fusion-flex-column\" style=\"--awb-bg-size:cover;--awb-width-large:100%;--awb-margin-top-large:16px;--awb-spacing-right-large:1.92%;--awb-margin-bottom-large:10px;--awb-spacing-left-large:1.92%;--awb-width-medium:100%;--awb-order-medium:0;--awb-spacing-right-medium:1.92%;--awb-spacing-left-medium:1.92%;--awb-width-small:100%;--awb-order-small:0;--awb-spacing-right-small:1.92%;--awb-spacing-left-small:1.92%;\"><div class=\"fusion-column-wrapper fusion-column-has-shadow fusion-flex-justify-content-flex-start fusion-content-layout-column\"><div class=\"form-submission-notices data-notice_1\" id=\"fusion-notices-1\"><div class=\"fusion-alert alert success alert-success fusion-alert-center fusion-form-response fusion-form-response-success fusion-alert-capitalize awb-alert-native-link-color alert-dismissable awb-alert-close-boxed\" role=\"alert\"><div class=\"fusion-alert-content-wrapper\"><span class=\"alert-icon\"><i class=\"awb-icon-check-circle\" aria-hidden=\"true\"><\/i><\/span><span class=\"fusion-alert-content\">Thank you for your message. It has been sent.<\/span><\/div><button type=\"button\" class=\"close toggle-alert\" data-dismiss=\"alert\" aria-label=\"Close\">&times;<\/button><\/div><div class=\"fusion-alert alert error alert-danger fusion-alert-center fusion-form-response fusion-form-response-error fusion-alert-capitalize awb-alert-native-link-color alert-dismissable awb-alert-close-boxed\" role=\"alert\"><div class=\"fusion-alert-content-wrapper\"><span class=\"alert-icon\"><i class=\"awb-icon-exclamation-triangle\" aria-hidden=\"true\"><\/i><\/span><span class=\"fusion-alert-content\">There was an error trying to send your message. Please try again later.<\/span><\/div><button type=\"button\" class=\"close toggle-alert\" data-dismiss=\"alert\" aria-label=\"Close\">&times;<\/button><\/div><\/div><\/div><\/div><\/div><\/div><input type=\"hidden\" name=\"fusion_privacy_store_ip_ua\" value=\"false\"><input type=\"hidden\" name=\"fusion_privacy_expiration_interval\" value=\"48\"><input type=\"hidden\" name=\"privacy_expiration_action\" value=\"anonymize\"><\/form><\/div><\/div><\/div><div class=\"fusion-layout-column fusion_builder_column fusion-builder-column-22 fusion_builder_column_1_2 1_2 fusion-flex-column fusion-no-small-visibility fusion-no-medium-visibility\" style=\"--awb-bg-size:cover;--awb-width-large:50%;--awb-margin-top-large:25px;--awb-spacing-right-large:3.84%;--awb-margin-bottom-large:25px;--awb-spacing-left-large:6.72%;--awb-width-medium:100%;--awb-spacing-right-medium:1.92%;--awb-spacing-left-medium:1.92%;--awb-width-small:100%;--awb-spacing-right-small:1.92%;--awb-spacing-left-small:1.92%;\"><div class=\"fusion-column-wrapper fusion-column-has-shadow fusion-flex-justify-content-flex-start fusion-content-layout-column\"><\/div><\/div><\/div><\/div>\n<\/p>\n","protected":false},"excerpt":{"rendered":"","protected":false},"author":1,"featured_media":0,"parent":0,"menu_order":0,"comment_status":"closed","ping_status":"closed","template":"100-width.php","meta":{"_joinchat":[],"footnotes":""},"class_list":["post-5524","page","type-page","status-publish","hentry"],"_hostinger_reach_plugin_has_subscription_block":false,"_hostinger_reach_plugin_is_elementor":false,"_links":{"self":[{"href":"https:\/\/mobles-guell.com\/es\/wp-json\/wp\/v2\/pages\/5524","targetHints":{"allow":["GET"]}}],"collection":[{"href":"https:\/\/mobles-guell.com\/es\/wp-json\/wp\/v2\/pages"}],"about":[{"href":"https:\/\/mobles-guell.com\/es\/wp-json\/wp\/v2\/types\/page"}],"author":[{"embeddable":true,"href":"https:\/\/mobles-guell.com\/es\/wp-json\/wp\/v2\/users\/1"}],"replies":[{"embeddable":true,"href":"https:\/\/mobles-guell.com\/es\/wp-json\/wp\/v2\/comments?post=5524"}],"version-history":[{"count":3,"href":"https:\/\/mobles-guell.com\/es\/wp-json\/wp\/v2\/pages\/5524\/revisions"}],"predecessor-version":[{"id":5527,"href":"https:\/\/mobles-guell.com\/es\/wp-json\/wp\/v2\/pages\/5524\/revisions\/5527"}],"wp:attachment":[{"href":"https:\/\/mobles-guell.com\/es\/wp-json\/wp\/v2\/media?parent=5524"}],"curies":[{"name":"wp","href":"https:\/\/api.w.org\/{rel}","templated":true}]}}